{"version":"1.0","provider_name":"Walliser Bergf\u00fchrerverband","provider_url":"https:\/\/wbv-avgm.ch\/fr\/","author_name":"Lionel Corboz","author_url":"https:\/\/wbv-avgm.ch\/fr\/author\/secretaire\/","title":"Tarifs et conditions g\u00e9n\u00e9rales - Walliser Bergf\u00fchrerverband","type":"rich","width":600,"height":338,"html":"<blockquote class=\"wp-embedded-content\" data-secret=\"YKmMKvElYO\"><a href=\"https:\/\/wbv-avgm.ch\/fr\/tarifs-et-conditions-generales\/\">Tarifs et conditions g\u00e9n\u00e9rales<\/a><\/blockquote><iframe sandbox=\"allow-scripts\" security=\"restricted\" src=\"https:\/\/wbv-avgm.ch\/fr\/tarifs-et-conditions-generales\/embed\/#?secret=YKmMKvElYO\" width=\"600\" height=\"338\" title=\"\u00ab\u00a0Tarifs et conditions g\u00e9n\u00e9rales\u00a0\u00bb &#8212; Walliser Bergf\u00fchrerverband\" data-secret=\"YKmMKvElYO\" frameborder=\"0\" marginwidth=\"0\" marginheight=\"0\" scrolling=\"no\" class=\"wp-embedded-content\"><\/iframe><script type=\"text\/javascript\">\n\/* <![CDATA[ *\/\n\/*! This file is auto-generated *\/\n!function(d,l){\"use strict\";l.querySelector&&d.addEventListener&&\"undefined\"!=typeof URL&&(d.wp=d.wp||{},d.wp.receiveEmbedMessage||(d.wp.receiveEmbedMessage=function(e){var t=e.data;if((t||t.secret||t.message||t.value)&&!\/[^a-zA-Z0-9]\/.test(t.secret)){for(var s,r,n,a=l.querySelectorAll('iframe[data-secret=\"'+t.secret+'\"]'),o=l.querySelectorAll('blockquote[data-secret=\"'+t.secret+'\"]'),c=new RegExp(\"^https?:$\",\"i\"),i=0;i<o.length;i++)o[i].style.display=\"none\";for(i=0;i<a.length;i++)s=a[i],e.source===s.contentWindow&&(s.removeAttribute(\"style\"),\"height\"===t.message?(1e3<(r=parseInt(t.value,10))?r=1e3:~~r<200&&(r=200),s.height=r):\"link\"===t.message&&(r=new URL(s.getAttribute(\"src\")),n=new URL(t.value),c.test(n.protocol))&&n.host===r.host&&l.activeElement===s&&(d.top.location.href=t.value))}},d.addEventListener(\"message\",d.wp.receiveEmbedMessage,!1),l.addEventListener(\"DOMContentLoaded\",function(){for(var e,t,s=l.querySelectorAll(\"iframe.wp-embedded-content\"),r=0;r<s.length;r++)(t=(e=s[r]).getAttribute(\"data-secret\"))||(t=Math.random().toString(36).substring(2,12),e.src+=\"#?secret=\"+t,e.setAttribute(\"data-secret\",t)),e.contentWindow.postMessage({message:\"ready\",secret:t},\"*\")},!1)))}(window,document);\n\/\/# sourceURL=https:\/\/wbv-avgm.ch\/wp-includes\/js\/wp-embed.min.js\n\/* ]]> *\/\n<\/script>\n","description":"Le forfait journalier indicatif se situe\u00a0 entre CHF 650.00 et 850.00. Il varie en fonction de la dur\u00e9e de l\u2019engagement, de la dur\u00e9e de la course, de la difficult\u00e9, des conditions, du nombre de personnes, de la charge saisonni\u00e8re. Les frais sont g\u00e9n\u00e9ralement \u00e0 la charge du client."}