{"id":2886,"date":"2021-02-24T22:14:19","date_gmt":"2021-02-24T21:14:19","guid":{"rendered":"https:\/\/wbv-avgm.ch\/?page_id=2886"},"modified":"2023-08-14T10:22:23","modified_gmt":"2023-08-14T08:22:23","slug":"association-valaisanne-des-guide-de-montagne","status":"publish","type":"page","link":"https:\/\/wbv-avgm.ch\/fr\/","title":{"rendered":"Association valaisanne des guide de montagne"},"content":{"rendered":"<div id='grid-top'  class='av-layout-grid-container av-kjrd2jsc-a346f816738717e21b53cf2175d57d65 entry-content-wrapper main_color av-flex-cells av-break-at-tablet  avia-builder-el-0  el_before_av_section  avia-builder-el-first   container_wrap fullsize'  >\n\n<style type=\"text\/css\" data-created_by=\"avia_inline_auto\" id=\"style-css-av-1qmeu-2ab860f08a13dd1d8d9cb9efb62a7f80\">\n.flex_cell.av-1qmeu-2ab860f08a13dd1d8d9cb9efb62a7f80{\nvertical-align:middle;\n}\n.responsive #top #wrap_all .flex_cell.av-1qmeu-2ab860f08a13dd1d8d9cb9efb62a7f80{\npadding:0px 0px 0px 0px !important;\n}\n<\/style>\n<div class='flex_cell av-1qmeu-2ab860f08a13dd1d8d9cb9efb62a7f80 av-gridrow-cell av_two_third no_margin  avia-builder-el-1  el_before_av_cell_one_third  avia-builder-el-first  content-align-middle av-zero-padding'  ><div class='flex_cell_inner'><div  class='avia-slideshow av-kjrda2p8-d633c221aa84db85186f15f20eac98f8 avia-slideshow-no scaling av_slideshow avia-fade-slider  avia-builder-el-2  avia-builder-el-no-sibling  av-slideshow-ui av-control-default av-slideshow-autoplay av-loop-endless av-loop-manual-endless av-default-height-applied avia-slideshow-1' data-slideshow-options=\"{&quot;animation&quot;:&quot;fade&quot;,&quot;autoplay&quot;:true,&quot;loop_autoplay&quot;:&quot;endless&quot;,&quot;interval&quot;:5,&quot;loop_manual&quot;:&quot;manual-endless&quot;,&quot;autoplay_stopper&quot;:false,&quot;noNavigation&quot;:false,&quot;bg_slider&quot;:false,&quot;keep_padding&quot;:false,&quot;hoverpause&quot;:false,&quot;show_slide_delay&quot;:0}\"  itemprop=\"image\" itemscope=\"itemscope\" itemtype=\"https:\/\/schema.org\/ImageObject\" ><ul class='avia-slideshow-inner ' style='padding-bottom: 56.255707762557%;'><li  class='avia-slideshow-slide av-kjrda2p8-d633c221aa84db85186f15f20eac98f8__0  slide-1 slide-odd'><div data-rel='slideshow-1' class='avia-slide-wrap '   ><img decoding=\"async\" fetchpriority=\"high\" class=\"wp-image-3627 avia-img-lazy-loading-not-3627\"  src=\"https:\/\/wbv-avgm.ch\/wp-content\/uploads\/slider-bietschhorn-sylvain-mauroux.jpg\" width=\"1095\" height=\"616\" title='Bietschhorn, Valais (Photo Sylvain Mauroux, unsplash.com)' alt='Bietschhorn, Valais (Photo Sylvain Mauroux, unsplash.com)'  itemprop=\"thumbnailUrl\" srcset=\"https:\/\/wbv-avgm.ch\/wp-content\/uploads\/slider-bietschhorn-sylvain-mauroux.jpg 1095w, https:\/\/wbv-avgm.ch\/wp-content\/uploads\/slider-bietschhorn-sylvain-mauroux-300x169.jpg 300w, https:\/\/wbv-avgm.ch\/wp-content\/uploads\/slider-bietschhorn-sylvain-mauroux-1030x579.jpg 1030w, https:\/\/wbv-avgm.ch\/wp-content\/uploads\/slider-bietschhorn-sylvain-mauroux-768x432.jpg 768w, https:\/\/wbv-avgm.ch\/wp-content\/uploads\/slider-bietschhorn-sylvain-mauroux-705x397.jpg 705w\" sizes=\"(max-width: 1095px) 100vw, 1095px\" \/><\/div><\/li><li  class='avia-slideshow-slide av-kjrda2p8-d633c221aa84db85186f15f20eac98f8__1  slide-2 slide-even'><div data-rel='slideshow-1' class='avia-slide-wrap '   ><img decoding=\"async\" fetchpriority=\"high\" class=\"wp-image-3620 avia-img-lazy-loading-not-3620\"  src=\"https:\/\/wbv-avgm.ch\/wp-content\/uploads\/gregjoire_carron_guide.jpg\" width=\"1920\" height=\"1080\" title='gregjoire_carron_guide' alt=''  itemprop=\"thumbnailUrl\" srcset=\"https:\/\/wbv-avgm.ch\/wp-content\/uploads\/gregjoire_carron_guide.jpg 1920w, https:\/\/wbv-avgm.ch\/wp-content\/uploads\/gregjoire_carron_guide-300x169.jpg 300w, https:\/\/wbv-avgm.ch\/wp-content\/uploads\/gregjoire_carron_guide-1030x579.jpg 1030w, https:\/\/wbv-avgm.ch\/wp-content\/uploads\/gregjoire_carron_guide-768x432.jpg 768w, https:\/\/wbv-avgm.ch\/wp-content\/uploads\/gregjoire_carron_guide-1536x864.jpg 1536w, https:\/\/wbv-avgm.ch\/wp-content\/uploads\/gregjoire_carron_guide-1500x844.jpg 1500w, https:\/\/wbv-avgm.ch\/wp-content\/uploads\/gregjoire_carron_guide-705x397.jpg 705w\" sizes=\"(max-width: 1920px) 100vw, 1920px\" \/><\/div><\/li><li  class='avia-slideshow-slide av-kjrda2p8-d633c221aa84db85186f15f20eac98f8__2  slide-3 slide-odd'><div data-rel='slideshow-1' class='avia-slide-wrap '   ><img decoding=\"async\" fetchpriority=\"high\" class=\"wp-image-959 avia-img-lazy-loading-not-959\"  src=\"https:\/\/wbv-avgm.ch\/wp-content\/uploads\/gletscher.jpg\" width=\"1280\" height=\"720\" title='Riedgletscher  (Foto Bernhard Willisch)' alt=''  itemprop=\"thumbnailUrl\" srcset=\"https:\/\/wbv-avgm.ch\/wp-content\/uploads\/gletscher.jpg 1280w, https:\/\/wbv-avgm.ch\/wp-content\/uploads\/gletscher-300x169.jpg 300w, https:\/\/wbv-avgm.ch\/wp-content\/uploads\/gletscher-1030x579.jpg 1030w, https:\/\/wbv-avgm.ch\/wp-content\/uploads\/gletscher-768x432.jpg 768w, https:\/\/wbv-avgm.ch\/wp-content\/uploads\/gletscher-705x397.jpg 705w\" sizes=\"(max-width: 1280px) 100vw, 1280px\" \/><\/div><\/li><li  class='avia-slideshow-slide av-kjrda2p8-d633c221aa84db85186f15f20eac98f8__3  slide-4 slide-even'><div data-rel='slideshow-1' class='avia-slide-wrap '   ><img decoding=\"async\" fetchpriority=\"high\" class=\"wp-image-3607 avia-img-lazy-loading-not-3607\"  src=\"https:\/\/wbv-avgm.ch\/wp-content\/uploads\/daubensee-e1615379030893.jpg\" width=\"1920\" height=\"1080\" title='Daubensee (Photo Maria Marlene Kn\u00f6bl)' alt=''  itemprop=\"thumbnailUrl\"   \/><\/div><\/li><li  class='avia-slideshow-slide av-kjrda2p8-d633c221aa84db85186f15f20eac98f8__4  slide-5 slide-odd'><div data-rel='slideshow-1' class='avia-slide-wrap '   ><img decoding=\"async\" fetchpriority=\"high\" class=\"wp-image-3611 avia-img-lazy-loading-not-3611\"  src=\"https:\/\/wbv-avgm.ch\/wp-content\/uploads\/impression_schnee-e1615379008726.jpg\" width=\"1920\" height=\"1080\" title='Impression  (Photo Maria Marlene, Kn\u00f6bl)' alt=''  itemprop=\"thumbnailUrl\"   \/><\/div><\/li><li  class='avia-slideshow-slide av-kjrda2p8-d633c221aa84db85186f15f20eac98f8__5  slide-6 slide-even'><div data-rel='slideshow-1' class='avia-slide-wrap '   ><img decoding=\"async\" fetchpriority=\"high\" class=\"wp-image-949 avia-img-lazy-loading-not-949\"  src=\"https:\/\/wbv-avgm.ch\/wp-content\/uploads\/maintenance-matterhorn.jpg\" width=\"1920\" height=\"1080\" title='Matterhorn - Mont Cervin' alt=''  itemprop=\"thumbnailUrl\" srcset=\"https:\/\/wbv-avgm.ch\/wp-content\/uploads\/maintenance-matterhorn.jpg 1920w, https:\/\/wbv-avgm.ch\/wp-content\/uploads\/maintenance-matterhorn-300x169.jpg 300w, https:\/\/wbv-avgm.ch\/wp-content\/uploads\/maintenance-matterhorn-1030x579.jpg 1030w, https:\/\/wbv-avgm.ch\/wp-content\/uploads\/maintenance-matterhorn-768x432.jpg 768w, https:\/\/wbv-avgm.ch\/wp-content\/uploads\/maintenance-matterhorn-1536x864.jpg 1536w, https:\/\/wbv-avgm.ch\/wp-content\/uploads\/maintenance-matterhorn-1500x844.jpg 1500w, https:\/\/wbv-avgm.ch\/wp-content\/uploads\/maintenance-matterhorn-705x397.jpg 705w\" sizes=\"(max-width: 1920px) 100vw, 1920px\" \/><\/div><\/li><\/ul><div class='avia-slideshow-arrows avia-slideshow-controls' ><a href='#prev' class='prev-slide  avia-svg-icon avia-font-svg_entypo-fontello' data-av_svg_icon='left-open-big' data-av_iconset='svg_entypo-fontello' tabindex='-1' title=\"Pr\u00e9c\u00e9dent\"><svg version=\"1.1\" xmlns=\"http:\/\/www.w3.org\/2000\/svg\" width=\"15\" height=\"32\" viewBox=\"0 0 15 32\" preserveAspectRatio=\"xMidYMid meet\" aria-labelledby='av-svg-title-1' aria-describedby='av-svg-desc-1' role=\"graphics-symbol\" aria-hidden=\"true\">\n<title id='av-svg-title-1'>Pr\u00e9c\u00e9dent<\/title>\n<desc id='av-svg-desc-1'>Pr\u00e9c\u00e9dent<\/desc>\n<path d=\"M14.464 27.84q0.832 0.832 0 1.536-0.832 0.832-1.536 0l-12.544-12.608q-0.768-0.768 0-1.6l12.544-12.608q0.704-0.832 1.536 0 0.832 0.704 0 1.536l-11.456 11.904z\"><\/path>\n<\/svg><span class='avia_hidden_link_text'>Pr\u00e9c\u00e9dent<\/span><\/a><a href='#next' class='next-slide  avia-svg-icon avia-font-svg_entypo-fontello' data-av_svg_icon='right-open-big' data-av_iconset='svg_entypo-fontello' tabindex='-1' title=\"Suivant\"><svg version=\"1.1\" xmlns=\"http:\/\/www.w3.org\/2000\/svg\" width=\"15\" height=\"32\" viewBox=\"0 0 15 32\" preserveAspectRatio=\"xMidYMid meet\" aria-labelledby='av-svg-title-2' aria-describedby='av-svg-desc-2' role=\"graphics-symbol\" aria-hidden=\"true\">\n<title id='av-svg-title-2'>Suivant<\/title>\n<desc id='av-svg-desc-2'>Suivant<\/desc>\n<path d=\"M0.416 27.84l11.456-11.84-11.456-11.904q-0.832-0.832 0-1.536 0.832-0.832 1.536 0l12.544 12.608q0.768 0.832 0 1.6l-12.544 12.608q-0.704 0.832-1.536 0-0.832-0.704 0-1.536z\"><\/path>\n<\/svg><span class='avia_hidden_link_text'>Suivant<\/span><\/a><\/div><div class='avia-slideshow-dots avia-slideshow-controls'><a href='#1' class='goto-slide active' >1<\/a><a href='#2' class='goto-slide ' >2<\/a><a href='#3' class='goto-slide ' >3<\/a><a href='#4' class='goto-slide ' >4<\/a><a href='#5' class='goto-slide ' >5<\/a><a href='#6' class='goto-slide ' >6<\/a><\/div><\/div>\n<\/div><\/div>\n<style type=\"text\/css\" data-created_by=\"avia_inline_auto\" id=\"style-css-av-2l2i-8dfbfb1b7212c4259540dde9b728966e\">\n.flex_cell.av-2l2i-8dfbfb1b7212c4259540dde9b728966e{\nvertical-align:middle;\n}\n.responsive #top #wrap_all .flex_cell.av-2l2i-8dfbfb1b7212c4259540dde9b728966e{\npadding:30px 30px 30px 50px !important;\n}\n<\/style>\n<div class='flex_cell av-2l2i-8dfbfb1b7212c4259540dde9b728966e av-gridrow-cell av_one_third no_margin  avia-builder-el-3  el_after_av_cell_two_third  avia-builder-el-last  grid-top-standard content-align-middle'  ><div class='flex_cell_inner'><p>\n<style type=\"text\/css\" data-created_by=\"avia_inline_auto\" id=\"style-css-av-kk3zojqe-31913b4ec05e8b6dae522dced09d767b\">\n.avia-image-container.av-kk3zojqe-31913b4ec05e8b6dae522dced09d767b img.avia_image{\nbox-shadow:none;\n}\n.avia-image-container.av-kk3zojqe-31913b4ec05e8b6dae522dced09d767b .av-image-caption-overlay-center{\ncolor:#ffffff;\n}\n<\/style>\n<div  class='avia-image-container av-kk3zojqe-31913b4ec05e8b6dae522dced09d767b av-styling- avia-align-center  avia-builder-el-4  el_before_av_heading  avia-builder-el-first '   itemprop=\"image\" itemscope=\"itemscope\" itemtype=\"https:\/\/schema.org\/ImageObject\" ><div class=\"avia-image-container-inner\"><div class=\"avia-image-overlay-wrap\"><img decoding=\"async\" fetchpriority=\"high\" class='wp-image-977 avia-img-lazy-loading-not-977 avia_image ' src=\"https:\/\/wbv-avgm.ch\/wp-content\/uploads\/bergfuehrermedaille-wbv-avgm.png\" alt='' title='Bergf\u00fchrermedaillle WBV'  height=\"190\" width=\"158\"  itemprop=\"thumbnailUrl\"  \/><\/div><\/div><\/div><br \/>\n\n<style type=\"text\/css\" data-created_by=\"avia_inline_auto\" id=\"style-css-av-b0smu-7be3e06c05aa3466af131618c9992f7b\">\n#top .av-special-heading.av-b0smu-7be3e06c05aa3466af131618c9992f7b{\npadding-bottom:20px;\ncolor:#ffffff;\n}\nbody .av-special-heading.av-b0smu-7be3e06c05aa3466af131618c9992f7b .av-special-heading-tag .heading-char{\nfont-size:25px;\n}\n.av-special-heading.av-b0smu-7be3e06c05aa3466af131618c9992f7b .special-heading-inner-border{\nborder-color:#ffffff;\n}\n.av-special-heading.av-b0smu-7be3e06c05aa3466af131618c9992f7b .av-subheading{\nfont-size:15px;\n}\n<\/style>\n<div  class='av-special-heading av-b0smu-7be3e06c05aa3466af131618c9992f7b av-special-heading-h1 custom-color-heading blockquote modern-quote modern-centered  avia-builder-el-5  el_after_av_image  avia-builder-el-last '><h1 class='av-special-heading-tag '  itemprop=\"headline\"  >Association valaisanne<br \/>\ndes guides de montagne<\/h1><div class=\"special-heading-border\"><div class=\"special-heading-inner-border\"><\/div><\/div><\/div><\/p>\n<\/div><\/div>\n<\/div>\n<div id='av_section_1'  class='avia-section av-2dnu-828f1d4ca9522693385503e3aef24a47 main_color avia-section-default avia-no-border-styling  avia-builder-el-6  el_after_av_layout_row  el_before_av_layout_row  avia-bg-style-scroll container_wrap fullsize'  ><div class='container av-section-cont-open' ><div class='template-page content  av-content-full alpha units'><div class='post-entry post-entry-type-page post-entry-2886'><div class='entry-content-wrapper clearfix'>\n\n<style type=\"text\/css\" data-created_by=\"avia_inline_auto\" id=\"style-css-av-kly3161p-8e90a74bb58d4c83731e6a88a4992a20\">\n#top .av-special-heading.av-kly3161p-8e90a74bb58d4c83731e6a88a4992a20{\npadding-bottom:20px;\n}\nbody .av-special-heading.av-kly3161p-8e90a74bb58d4c83731e6a88a4992a20 .av-special-heading-tag .heading-char{\nfont-size:25px;\n}\n.av-special-heading.av-kly3161p-8e90a74bb58d4c83731e6a88a4992a20 .av-subheading{\nfont-size:15px;\n}\n<\/style>\n<div  class='av-special-heading av-kly3161p-8e90a74bb58d4c83731e6a88a4992a20 av-special-heading-h2 blockquote modern-quote  avia-builder-el-7  el_before_av_one_half  avia-builder-el-first '><h2 class='av-special-heading-tag '  itemprop=\"headline\"  >L\u2019AVGM repr\u00e9sente les int\u00e9r\u00eats des guides de montagne valaisans.<\/h2><div class=\"special-heading-border\"><div class=\"special-heading-inner-border\"><\/div><\/div><\/div>\n\n<style type=\"text\/css\" data-created_by=\"avia_inline_auto\" id=\"style-css-av-1nf22-43b9dcaf0c427258824be1d3fd8ca81e\">\n.flex_column.av-1nf22-43b9dcaf0c427258824be1d3fd8ca81e{\nborder-radius:0px 0px 0px 0px;\npadding:0px 0px 0px 0px;\n}\n<\/style>\n<div  class='flex_column av-1nf22-43b9dcaf0c427258824be1d3fd8ca81e av_one_half  avia-builder-el-8  el_after_av_heading  el_before_av_one_half  first flex_column_div av-zero-column-padding  '     ><section  class='av_textblock_section av-kk411m1i-137a58068b2597d041fc41229b5039f0 '   itemscope=\"itemscope\" itemtype=\"https:\/\/schema.org\/CreativeWork\" ><div class='avia_textblock'  itemprop=\"text\" ><p>En avril 1882 a eu lieu, \u00e0 Stalden, le premier cours de guide officiel du canton du Valais. En 1909, l&rsquo;association valaisanne des guides de montagne a \u00e9t\u00e9 fond\u00e9e. Aujourd&rsquo;hui, l&rsquo;association est divis\u00e9e en 8 sections et compte environ 500 membres.<\/p>\n<\/div><\/section><\/div>\n<style type=\"text\/css\" data-created_by=\"avia_inline_auto\" id=\"style-css-av-1nf22-10-e7cd23a1748afa1cedd45bcac30e0e0a\">\n.flex_column.av-1nf22-10-e7cd23a1748afa1cedd45bcac30e0e0a{\nborder-radius:0px 0px 0px 0px;\npadding:0px 0px 0px 0px;\n}\n<\/style>\n<div  class='flex_column av-1nf22-10-e7cd23a1748afa1cedd45bcac30e0e0a av_one_half  avia-builder-el-10  el_after_av_one_half  avia-builder-el-last  flex_column_div av-zero-column-padding  '     ><section  class='av_textblock_section av-kk411m1i-9-9399a18e8579093ef9745ec5b92c2634 '   itemscope=\"itemscope\" itemtype=\"https:\/\/schema.org\/CreativeWork\" ><div class='avia_textblock'  itemprop=\"text\" ><p>L&rsquo;association valaisanne des guides de montagne vous propose des sp\u00e9cialistes pour vous guider dans les montagnes de la mani\u00e8re la plus sure possible, ainsi que pour r\u00e9pondre \u00e0 vos attentes en mati\u00e8re de s\u00e9curit\u00e9 en montagne.<\/p>\n<\/div><\/section><\/div>\n\n<\/div><\/div><\/div><!-- close content main div --><\/div><\/div><div id='av-layout-grid-2'  class='av-layout-grid-container av-10j26-6e1f8ff9e6a4de7ade194df727b545c5 entry-content-wrapper main_color av-flex-cells  avia-builder-el-12  el_after_av_section  el_before_av_section  grid-frontpage-offers grid-row-not-first  container_wrap fullsize'  >\n\n<style type=\"text\/css\" data-created_by=\"avia_inline_auto\" id=\"style-css-av-kjsk89iq-fa854882bae3291c989cef6409164a67\">\n.flex_cell.av-kjsk89iq-fa854882bae3291c989cef6409164a67{\nvertical-align:top;\nheight:20px;\nmin-height:20px;\n}\n.responsive #top #wrap_all .flex_cell.av-kjsk89iq-fa854882bae3291c989cef6409164a67{\npadding:0px 0px 0px 0px !important;\n}\n<\/style>\n<div class='flex_cell av-kjsk89iq-fa854882bae3291c989cef6409164a67 av-gridrow-cell av_one_third no_margin  avia-builder-el-13  el_before_av_cell_one_third  avia-builder-el-first  content-align-top av-zero-padding'  ><div class='flex_cell_inner'><p>\n<style type=\"text\/css\" data-created_by=\"avia_inline_auto\" id=\"style-css-av-kjsk931i-d13bac3d6a8d22d8d5c654b6ebc20d6c\">\n.avia-image-container.av-kjsk931i-d13bac3d6a8d22d8d5c654b6ebc20d6c img.avia_image{\nbox-shadow:none;\n}\n.avia-image-container.av-kjsk931i-d13bac3d6a8d22d8d5c654b6ebc20d6c .av-image-caption-overlay-center{\ncolor:#ffffff;\n}\n<\/style>\n<div  class='avia-image-container av-kjsk931i-d13bac3d6a8d22d8d5c654b6ebc20d6c av-styling- av-hover-grow av-hide-overflow av-img-linked avia-align-center  avia-builder-el-14  el_before_av_button  avia-builder-el-first '   itemprop=\"image\" itemscope=\"itemscope\" itemtype=\"https:\/\/schema.org\/ImageObject\" ><div class=\"avia-image-container-inner\"><div class=\"avia-image-overlay-wrap\"><a href=\"https:\/\/wbv-avgm.ch\/bergfuehrer-bergfuehrerin-suchen\/\" class='avia_image '  aria-label='startseite-bergfuehrer-suchen-01'><img decoding=\"async\" fetchpriority=\"high\" class='wp-image-972 avia-img-lazy-loading-not-972 avia_image ' src=\"https:\/\/wbv-avgm.ch\/wp-content\/uploads\/startseite-bergfuehrer-suchen-01.jpg\" alt='' title='startseite-bergfuehrer-suchen-01'  height=\"687\" width=\"1030\"  itemprop=\"thumbnailUrl\" srcset=\"https:\/\/wbv-avgm.ch\/wp-content\/uploads\/startseite-bergfuehrer-suchen-01.jpg 1030w, https:\/\/wbv-avgm.ch\/wp-content\/uploads\/startseite-bergfuehrer-suchen-01-300x200.jpg 300w, https:\/\/wbv-avgm.ch\/wp-content\/uploads\/startseite-bergfuehrer-suchen-01-768x512.jpg 768w, https:\/\/wbv-avgm.ch\/wp-content\/uploads\/startseite-bergfuehrer-suchen-01-705x470.jpg 705w\" sizes=\"(max-width: 1030px) 100vw, 1030px\" \/><\/a><\/div><\/div><\/div><br \/>\n<div  class='avia-button-wrap av-kjwsqs5b-5df90a7b1cfceef33180ca50d737ccfe-wrap avia-button-center  avia-builder-el-15  el_after_av_image  avia-builder-el-last  btn-red-special'>\n<style type=\"text\/css\" data-created_by=\"avia_inline_auto\" id=\"style-css-av-kjwsqs5b-5df90a7b1cfceef33180ca50d737ccfe\">\n#top #wrap_all .avia-button.av-kjwsqs5b-5df90a7b1cfceef33180ca50d737ccfe{\nbackground-color:#e30613;\nborder-color:#e30613;\ncolor:#ffffff;\ntransition:all 0.4s ease-in-out;\n}\n#top #wrap_all .avia-button.av-kjwsqs5b-5df90a7b1cfceef33180ca50d737ccfe .avia-svg-icon svg:first-child{\nfill:#ffffff;\nstroke:#ffffff;\n}\n<\/style>\n<a href='https:\/\/wbv-avgm.ch\/fr\/recherche-guide-de-montagne\/'  class='avia-button av-kjwsqs5b-5df90a7b1cfceef33180ca50d737ccfe av-link-btn avia-icon_select-no avia-size-large avia-position-center'   aria-label=\"Rechercher un guide\"><span class='avia_iconbox_title' >Rechercher un guide<\/span><\/a><\/div><\/p>\n<\/div><\/div>\n<style type=\"text\/css\" data-created_by=\"avia_inline_auto\" id=\"style-css-av-kjsk89iq-7-efe8434410a277b7d0061b7271b3b7f6\">\n.flex_cell.av-kjsk89iq-7-efe8434410a277b7d0061b7271b3b7f6{\nvertical-align:top;\nheight:20px;\nmin-height:20px;\n}\n.responsive #top #wrap_all .flex_cell.av-kjsk89iq-7-efe8434410a277b7d0061b7271b3b7f6{\npadding:0px 0px 0px 0px !important;\n}\n<\/style>\n<div class='flex_cell av-kjsk89iq-7-efe8434410a277b7d0061b7271b3b7f6 av-gridrow-cell av_one_third no_margin  avia-builder-el-16  el_after_av_cell_one_third  el_before_av_cell_one_third  content-align-top av-zero-padding'  ><div class='flex_cell_inner'><p>\n<style type=\"text\/css\" data-created_by=\"avia_inline_auto\" id=\"style-css-av-kjsk931i-6-288fbd95a890ab81f414db490da92a5b\">\n.avia-image-container.av-kjsk931i-6-288fbd95a890ab81f414db490da92a5b img.avia_image{\nbox-shadow:none;\n}\n.avia-image-container.av-kjsk931i-6-288fbd95a890ab81f414db490da92a5b .av-image-caption-overlay-center{\ncolor:#ffffff;\n}\n<\/style>\n<div  class='avia-image-container av-kjsk931i-6-288fbd95a890ab81f414db490da92a5b av-styling- av-hover-grow av-hide-overflow av-img-linked avia-align-center  avia-builder-el-17  el_before_av_button  avia-builder-el-first '   itemprop=\"image\" itemscope=\"itemscope\" itemtype=\"https:\/\/schema.org\/ImageObject\" ><div class=\"avia-image-container-inner\"><div class=\"avia-image-overlay-wrap\"><a href=\"https:\/\/wbv-avgm.ch\/tarife-und-konditionen\/\" class='avia_image '  aria-label='Bietschhorn (Foto Bernhard Willisch)'><img decoding=\"async\" fetchpriority=\"high\" class='wp-image-973 avia-img-lazy-loading-not-973 avia_image ' src=\"https:\/\/wbv-avgm.ch\/wp-content\/uploads\/startseite-ueber-uns-01.jpg\" alt='' title='Bietschhorn (Foto Bernhard Willisch)'  height=\"687\" width=\"1030\"  itemprop=\"thumbnailUrl\" srcset=\"https:\/\/wbv-avgm.ch\/wp-content\/uploads\/startseite-ueber-uns-01.jpg 1030w, https:\/\/wbv-avgm.ch\/wp-content\/uploads\/startseite-ueber-uns-01-300x200.jpg 300w, https:\/\/wbv-avgm.ch\/wp-content\/uploads\/startseite-ueber-uns-01-768x512.jpg 768w, https:\/\/wbv-avgm.ch\/wp-content\/uploads\/startseite-ueber-uns-01-705x470.jpg 705w\" sizes=\"(max-width: 1030px) 100vw, 1030px\" \/><\/a><\/div><\/div><\/div><br \/>\n<div  class='avia-button-wrap av-kjwsqs5b-5-a3bfd40e2f7c14233b34abdf2c918f15-wrap avia-button-center  avia-builder-el-18  el_after_av_image  avia-builder-el-last  btn-red-special'>\n<style type=\"text\/css\" data-created_by=\"avia_inline_auto\" id=\"style-css-av-kjwsqs5b-5-a3bfd40e2f7c14233b34abdf2c918f15\">\n#top #wrap_all .avia-button.av-kjwsqs5b-5-a3bfd40e2f7c14233b34abdf2c918f15{\nbackground-color:#e30613;\nborder-color:#e30613;\ncolor:#ffffff;\ntransition:all 0.4s ease-in-out;\n}\n#top #wrap_all .avia-button.av-kjwsqs5b-5-a3bfd40e2f7c14233b34abdf2c918f15 .avia-svg-icon svg:first-child{\nfill:#ffffff;\nstroke:#ffffff;\n}\n<\/style>\n<a href='https:\/\/wbv-avgm.ch\/fr\/tarifs-et-conditions-generales\/'  class='avia-button av-kjwsqs5b-5-a3bfd40e2f7c14233b34abdf2c918f15 av-link-btn avia-icon_select-no avia-size-large avia-position-center'   aria-label=\"Tarifs des sommets\"><span class='avia_iconbox_title' >Tarifs des sommets<\/span><\/a><\/div><\/p>\n<\/div><\/div>\n<style type=\"text\/css\" data-created_by=\"avia_inline_auto\" id=\"style-css-av-kjsk89iq-4-6d3af533803ced02e760fced97da1f28\">\n.flex_cell.av-kjsk89iq-4-6d3af533803ced02e760fced97da1f28{\nvertical-align:top;\nheight:20px;\nmin-height:20px;\n}\n.responsive #top #wrap_all .flex_cell.av-kjsk89iq-4-6d3af533803ced02e760fced97da1f28{\npadding:0px 0px 0px 0px !important;\n}\n<\/style>\n<div class='flex_cell av-kjsk89iq-4-6d3af533803ced02e760fced97da1f28 av-gridrow-cell av_one_third no_margin  avia-builder-el-19  el_after_av_cell_one_third  avia-builder-el-last  content-align-top av-zero-padding'  ><div class='flex_cell_inner'><p>\n<style type=\"text\/css\" data-created_by=\"avia_inline_auto\" id=\"style-css-av-kjsk931i-3-a8cbcf84c52582c56d34323a44464ab9\">\n.avia-image-container.av-kjsk931i-3-a8cbcf84c52582c56d34323a44464ab9 img.avia_image{\nbox-shadow:none;\n}\n.avia-image-container.av-kjsk931i-3-a8cbcf84c52582c56d34323a44464ab9 .av-image-caption-overlay-center{\ncolor:#ffffff;\n}\n<\/style>\n<div  class='avia-image-container av-kjsk931i-3-a8cbcf84c52582c56d34323a44464ab9 av-styling- av-hover-grow av-hide-overflow av-img-linked avia-align-center  avia-builder-el-20  el_before_av_button  avia-builder-el-first '   itemprop=\"image\" itemscope=\"itemscope\" itemtype=\"https:\/\/schema.org\/ImageObject\" ><div class=\"avia-image-container-inner\"><div class=\"avia-image-overlay-wrap\"><a href=\"https:\/\/wbv-avgm.ch\/fr\/a-propos-de-nous\/\" class='avia_image '  aria-label='aiguille du tour (Samuel Schupbach)'><img decoding=\"async\" fetchpriority=\"high\" class='wp-image-3898 avia-img-lazy-loading-not-3898 avia_image ' src=\"https:\/\/wbv-avgm.ch\/wp-content\/uploads\/aiguille-du-tour.jpg\" alt='aiguille du tour (Samuel Schupbach)' title='aiguille du tour (Samuel Schupbach)'  height=\"686\" width=\"1030\"  itemprop=\"thumbnailUrl\" srcset=\"https:\/\/wbv-avgm.ch\/wp-content\/uploads\/aiguille-du-tour.jpg 1030w, https:\/\/wbv-avgm.ch\/wp-content\/uploads\/aiguille-du-tour-300x200.jpg 300w, https:\/\/wbv-avgm.ch\/wp-content\/uploads\/aiguille-du-tour-768x512.jpg 768w, https:\/\/wbv-avgm.ch\/wp-content\/uploads\/aiguille-du-tour-705x470.jpg 705w\" sizes=\"(max-width: 1030px) 100vw, 1030px\" \/><\/a><\/div><\/div><\/div><br \/>\n<div  class='avia-button-wrap av-kjwsqs5b-2-9cd5f5acac1f9f60723f452ee2cfd308-wrap avia-button-center  avia-builder-el-21  el_after_av_image  avia-builder-el-last  btn-red-special'>\n<style type=\"text\/css\" data-created_by=\"avia_inline_auto\" id=\"style-css-av-kjwsqs5b-2-9cd5f5acac1f9f60723f452ee2cfd308\">\n#top #wrap_all .avia-button.av-kjwsqs5b-2-9cd5f5acac1f9f60723f452ee2cfd308{\nbackground-color:#e30613;\nborder-color:#e30613;\ncolor:#ffffff;\ntransition:all 0.4s ease-in-out;\n}\n#top #wrap_all .avia-button.av-kjwsqs5b-2-9cd5f5acac1f9f60723f452ee2cfd308 .avia-svg-icon svg:first-child{\nfill:#ffffff;\nstroke:#ffffff;\n}\n<\/style>\n<a href='https:\/\/wbv-avgm.ch\/fr\/a-propos-de-nous\/'  class='avia-button av-kjwsqs5b-2-9cd5f5acac1f9f60723f452ee2cfd308 av-link-btn avia-icon_select-no avia-size-large avia-position-center'   aria-label=\"A propos de nous\"><span class='avia_iconbox_title' >A propos de nous<\/span><\/a><\/div><\/p>\n<\/div><\/div><\/div><div id='av_section_2'  class='avia-section av-klayt95o-79a3eabb9fd7e00d43910ac86b641e0b main_color avia-section-default avia-no-border-styling  avia-builder-el-22  el_after_av_layout_row  el_before_av_section  avia-bg-style-scroll container_wrap fullsize'  ><div class='container av-section-cont-open' ><div class='template-page content  av-content-full alpha units'><div class='post-entry post-entry-type-page post-entry-2886'><div class='entry-content-wrapper clearfix'>\n\n<style type=\"text\/css\" data-created_by=\"avia_inline_auto\" id=\"style-css-av-ogc6-3761df45e40b139f18536bb01f1aec6d\">\n.flex_column.av-ogc6-3761df45e40b139f18536bb01f1aec6d{\nborder-radius:0px 0px 0px 0px;\npadding:0px 0px 0px 0px;\n}\n<\/style>\n<div  class='flex_column av-ogc6-3761df45e40b139f18536bb01f1aec6d av_one_full  avia-builder-el-23  avia-builder-el-no-sibling  first flex_column_div av-zero-column-padding  '     ><section  class='av_textblock_section av-kk411m1i-8-94a32facf22f838a5dd69d928f632af3 '   itemscope=\"itemscope\" itemtype=\"https:\/\/schema.org\/CreativeWork\" ><div class='avia_textblock textblock-centered'  itemprop=\"text\" ><p>Les activit\u00e9s des guides de montagnes sont ax\u00e9es sur l&rsquo;alpinisme classique d&rsquo;\u00e9t\u00e9 et d&rsquo;hiver ainsi que sur la formation. En outre, nos membres proposent un large \u00e9ventail de sp\u00e9cialit\u00e9s : Trekking, exp\u00e9ditions, alpinisme de haute altitude, escalade sportive, canyoning, raquettes, cascade de glace, freeride, etc\u2026 L&rsquo;AVGM, en tant qu&rsquo;association r\u00e9gionale des guides de montagne valaisans, est toujours ouverte aux innovations.<\/p>\n<\/div><\/section><\/div>\n<\/p>\n<\/div><\/div><\/div><!-- close content main div --><\/div><\/div><div id='news'  class='avia-section av-1rzeq-3c887a1388b80e24bbe20ec6234b8d83 main_color avia-section-default avia-no-border-styling  avia-builder-el-25  el_after_av_section  el_before_av_hr  avia-bg-style-scroll container_wrap fullsize'  ><div class='container av-section-cont-open' ><div class='template-page content  av-content-full alpha units'><div class='post-entry post-entry-type-page post-entry-2886'><div class='entry-content-wrapper clearfix'>\n\n<style type=\"text\/css\" data-created_by=\"avia_inline_auto\" id=\"style-css-av-789ie-e908ef5357851396edc59893913e6d01\">\n#top .av-special-heading.av-789ie-e908ef5357851396edc59893913e6d01{\npadding-bottom:50px;\n}\nbody .av-special-heading.av-789ie-e908ef5357851396edc59893913e6d01 .av-special-heading-tag .heading-char{\nfont-size:25px;\n}\n.av-special-heading.av-789ie-e908ef5357851396edc59893913e6d01 .av-subheading{\nfont-size:15px;\n}\n<\/style>\n<div  class='av-special-heading av-789ie-e908ef5357851396edc59893913e6d01 av-special-heading-h2 blockquote modern-quote modern-centered  avia-builder-el-26  el_before_av_masonry_entries  avia-builder-el-no-sibling '><h2 class='av-special-heading-tag '  itemprop=\"headline\"  >News<\/h2><div class=\"special-heading-border\"><div class=\"special-heading-inner-border\"><\/div><\/div><\/div>\n<div id='av-masonry-1' class='av-masonry av-vo4y-45031f13deb352cd5a84b7b3a6ddb94e noHover av-fixed-size av-large-gap av-hover-overlay- av-masonry-animation-active av-masonry-col-3 av-caption-always av-caption-style- av-masonry-entries av-medium-columns-overwrite av-medium-columns-2 av-small-columns-overwrite av-small-columns-1 av-mini-columns-overwrite av-mini-columns-1 ' data-post_id=\"2886\"><div class=\"av-masonry-container isotope av-js-disabled\"><div class='av-masonry-entry isotope-item av-masonry-item-no-image '><\/div><a href=\"https:\/\/wbv-avgm.ch\/fr\/fete-des-guides-2026\/\"  id='av-masonry-1-item-5909' data-av-masonry-item='5909' class='av-masonry-entry isotope-item post-5909 post type-post status-publish format-standard has-post-thumbnail hentry category-news-avgm  av-masonry-item-with-image av-grid-img' title=\"Unknown\"   itemscope=\"itemscope\" itemtype=\"https:\/\/schema.org\/CreativeWork\" ><div class='av-inner-masonry-sizer'><\/div><figure class='av-inner-masonry main_color'><div class=\"av-masonry-outerimage-container\"><div class='av-masonry-image-container' style=\"background-image: url(https:\/\/wbv-avgm.ch\/wp-content\/uploads\/Unknown-501x705.png);\"  title=\"Unknown\" ><\/div><\/div><figcaption class='av-inner-masonry-content site-background'><div class='av-inner-masonry-content-pos'><div class='av-inner-masonry-content-pos-content'><div class='avia-arrow'><\/div><h3 class='av-masonry-entry-title entry-title '  itemprop=\"headline\" >Fete des guides 2026<\/h3><span class='av-masonry-date meta-color updated'>24 avril 2026<\/span><span class=\"av-masonry-text-sep text-sep-author\">\/<\/span><span class='av-masonry-author meta-color author'><span class='fn'>par Lionel Corboz<\/span><\/span><\/div><\/div><\/figcaption><\/figure><\/a><!--end av-masonry entry--><a href=\"https:\/\/wbv-avgm.ch\/fr\/fete-des-guides-2024-2\/\"  id='av-masonry-1-item-5792' data-av-masonry-item='5792' class='av-masonry-entry isotope-item post-5792 post type-post status-publish format-standard has-post-thumbnail hentry category-news-avgm  av-masonry-item-with-image av-grid-img' title=\"GUIDES_AFFICHE\"   itemscope=\"itemscope\" itemtype=\"https:\/\/schema.org\/CreativeWork\" ><div class='av-inner-masonry-sizer'><\/div><figure class='av-inner-masonry main_color'><div class=\"av-masonry-outerimage-container\"><div class='av-masonry-image-container' style=\"background-image: url(https:\/\/wbv-avgm.ch\/wp-content\/uploads\/GUIDES_AFFICHE-498x705.jpg);\"  title=\"GUIDES_AFFICHE\" ><\/div><\/div><figcaption class='av-inner-masonry-content site-background'><div class='av-inner-masonry-content-pos'><div class='av-inner-masonry-content-pos-content'><div class='avia-arrow'><\/div><h3 class='av-masonry-entry-title entry-title '  itemprop=\"headline\" >F\u00eate des guides 2025<\/h3><span class='av-masonry-date meta-color updated'>25 f\u00e9vrier 2025<\/span><span class=\"av-masonry-text-sep text-sep-author\">\/<\/span><span class='av-masonry-author meta-color author'><span class='fn'>par Lionel Corboz<\/span><\/span><\/div><\/div><\/figcaption><\/figure><\/a><!--end av-masonry entry--><a href=\"https:\/\/wbv-avgm.ch\/fr\/fete-des-guides-2024\/\"  id='av-masonry-1-item-5606' data-av-masonry-item='5606' class='av-masonry-entry isotope-item post-5606 post type-post status-publish format-standard has-post-thumbnail hentry category-news-avgm  av-masonry-item-with-image av-landscape-img' title=\"logo-bergfuehrerfest-2024\"   itemscope=\"itemscope\" itemtype=\"https:\/\/schema.org\/CreativeWork\" ><div class='av-inner-masonry-sizer'><\/div><figure class='av-inner-masonry main_color'><div class=\"av-masonry-outerimage-container\"><div class='av-masonry-image-container' style=\"background-image: url(https:\/\/wbv-avgm.ch\/wp-content\/uploads\/logo-bergfuehrerfest-2024-705x382.png);\"  title=\"logo-bergfuehrerfest-2024\" ><\/div><\/div><figcaption class='av-inner-masonry-content site-background'><div class='av-inner-masonry-content-pos'><div class='av-inner-masonry-content-pos-content'><div class='avia-arrow'><\/div><h3 class='av-masonry-entry-title entry-title '  itemprop=\"headline\" >F\u00eate des guides 2024<\/h3><span class='av-masonry-date meta-color updated'>20 mars 2024<\/span><span class=\"av-masonry-text-sep text-sep-author\">\/<\/span><span class='av-masonry-author meta-color author'><span class='fn'>par Lionel Corboz<\/span><\/span><\/div><\/div><\/figcaption><\/figure><\/a><!--end av-masonry entry--><\/div><\/div>\n\n<style type=\"text\/css\" data-created_by=\"avia_inline_auto\" id=\"style-css-av-klaz7fe2-af3bba3bb38494151aac7a74938e5f09\">\n#top .hr.hr-invisible.av-klaz7fe2-af3bba3bb38494151aac7a74938e5f09{\nheight:15px;\n}\n<\/style>\n<div  class='hr av-klaz7fe2-af3bba3bb38494151aac7a74938e5f09 hr-invisible  avia-builder-el-28  el_after_av_masonry_entries  el_before_av_button  avia-builder-el-first '><span class='hr-inner '><span class=\"hr-inner-style\"><\/span><\/span><\/div>\n<div  class='avia-button-wrap av-kjwsqs5b-1-e831dab76f08bd2b7fb27707e0e1b3fd-wrap avia-button-center  avia-builder-el-29  el_after_av_hr  avia-builder-el-last '>\n<style type=\"text\/css\" data-created_by=\"avia_inline_auto\" id=\"style-css-av-kjwsqs5b-1-e831dab76f08bd2b7fb27707e0e1b3fd\">\n#top #wrap_all .avia-button.av-kjwsqs5b-1-e831dab76f08bd2b7fb27707e0e1b3fd{\nbackground-color:#e30613;\nborder-color:#e30613;\ncolor:#ffffff;\ntransition:all 0.4s ease-in-out;\n}\n#top #wrap_all .avia-button.av-kjwsqs5b-1-e831dab76f08bd2b7fb27707e0e1b3fd .avia-svg-icon svg:first-child{\nfill:#ffffff;\nstroke:#ffffff;\n}\n<\/style>\n<a href='https:\/\/wbv-avgm.ch\/fr\/news\/'  class='avia-button av-kjwsqs5b-1-e831dab76f08bd2b7fb27707e0e1b3fd av-link-btn avia-icon_select-no avia-size-large avia-position-center'   aria-label=\"toutes les nouvelles\"><span class='avia_iconbox_title' >toutes les nouvelles<\/span><\/a><\/div>\n<\/div><\/div><\/div><!-- close content main div --><\/div><\/div><div id='after_section_3'  class='main_color av_default_container_wrap container_wrap fullsize'  ><div class='container av-section-cont-open' ><div class='template-page content  av-content-full alpha units'><div class='post-entry post-entry-type-page post-entry-2886'><div class='entry-content-wrapper clearfix'>\n\n<style type=\"text\/css\" data-created_by=\"avia_inline_auto\" id=\"style-css-av-klxnroug-43e3aa15669fca59b6966c8dfff827ba\">\n#top .hr.hr-invisible.av-klxnroug-43e3aa15669fca59b6966c8dfff827ba{\nheight:15px;\n}\n<\/style>\n<div  class='hr av-klxnroug-43e3aa15669fca59b6966c8dfff827ba hr-invisible  avia-builder-el-30  el_after_av_section  el_before_av_section  avia-builder-el-no-sibling '><span class='hr-inner '><span class=\"hr-inner-style\"><\/span><\/span><\/div>\n<\/div><\/div><\/div><!-- close content main div --><\/div><\/div><div id='av_section_4'  class='avia-section av-679tsm-1dc3c43109ec23133c47720d88fc9423 main_color avia-section-default avia-no-border-styling  avia-builder-el-31  el_after_av_hr  el_before_av_section  avia-bg-style-scroll container_wrap fullsize'  ><div class='container av-section-cont-open' ><div class='template-page content  av-content-full alpha units'><div class='post-entry post-entry-type-page post-entry-2886'><div class='entry-content-wrapper clearfix'>\n\n<style type=\"text\/css\" data-created_by=\"avia_inline_auto\" id=\"style-css-av-1wj9o6-9bea06f39e0b488757da10f92bb0ff7d\">\n#top .av-special-heading.av-1wj9o6-9bea06f39e0b488757da10f92bb0ff7d{\npadding-bottom:50px;\n}\nbody .av-special-heading.av-1wj9o6-9bea06f39e0b488757da10f92bb0ff7d .av-special-heading-tag .heading-char{\nfont-size:25px;\n}\n.av-special-heading.av-1wj9o6-9bea06f39e0b488757da10f92bb0ff7d .av-subheading{\nfont-size:15px;\n}\n<\/style>\n<div  class='av-special-heading av-1wj9o6-9bea06f39e0b488757da10f92bb0ff7d av-special-heading-h2 blockquote modern-quote modern-centered  avia-builder-el-32  el_before_av_slideshow  avia-builder-el-first '><h2 class='av-special-heading-tag '  itemprop=\"headline\"  >Groupe espoir<\/h2><div class=\"special-heading-border\"><div class=\"special-heading-inner-border\"><\/div><\/div><\/div>\n<div  class='avia-slideshow av-klxnnhwr-5bd07673f7ee48aa8a333d307039abbb avia-slideshow-no scaling av_slideshow avia-fade-slider  avia-builder-el-33  el_after_av_heading  el_before_av_three_fifth  av-slideshow-ui av-control-hidden av-no-slider-navigation av-hide-nav-arrows av-slideshow-autoplay av-loop-endless av-loop-manual-endless av-default-height-applied avia-slideshow-2' data-slideshow-options=\"{&quot;animation&quot;:&quot;fade&quot;,&quot;autoplay&quot;:true,&quot;loop_autoplay&quot;:&quot;endless&quot;,&quot;interval&quot;:6,&quot;loop_manual&quot;:&quot;manual-endless&quot;,&quot;autoplay_stopper&quot;:false,&quot;noNavigation&quot;:true,&quot;bg_slider&quot;:false,&quot;transitionSpeed&quot;:500,&quot;keep_padding&quot;:false,&quot;hoverpause&quot;:false,&quot;show_slide_delay&quot;:0}\"  itemprop=\"image\" itemscope=\"itemscope\" itemtype=\"https:\/\/schema.org\/ImageObject\" ><ul class='avia-slideshow-inner ' style='padding-bottom: 46.762589928058%;'><li  class='avia-slideshow-slide av-klxnnhwr-5bd07673f7ee48aa8a333d307039abbb__0  slide-1 slide-odd'><div data-rel='slideshow-2' class='avia-slide-wrap '   ><img decoding=\"async\" fetchpriority=\"high\" class=\"wp-image-3351 avia-img-lazy-loading-not-3351\"  src=\"https:\/\/wbv-avgm.ch\/wp-content\/uploads\/lagginhorn-silvain-mauroux.jpg\" width=\"1390\" height=\"650\" title='lagginhorn-silvain-mauroux' alt=''  itemprop=\"thumbnailUrl\" srcset=\"https:\/\/wbv-avgm.ch\/wp-content\/uploads\/lagginhorn-silvain-mauroux.jpg 1390w, https:\/\/wbv-avgm.ch\/wp-content\/uploads\/lagginhorn-silvain-mauroux-300x140.jpg 300w, https:\/\/wbv-avgm.ch\/wp-content\/uploads\/lagginhorn-silvain-mauroux-1030x482.jpg 1030w, https:\/\/wbv-avgm.ch\/wp-content\/uploads\/lagginhorn-silvain-mauroux-768x359.jpg 768w, https:\/\/wbv-avgm.ch\/wp-content\/uploads\/lagginhorn-silvain-mauroux-705x330.jpg 705w\" sizes=\"(max-width: 1390px) 100vw, 1390px\" \/><\/div><\/li><li  class='avia-slideshow-slide av-klxnnhwr-5bd07673f7ee48aa8a333d307039abbb__1  slide-2 slide-even'><div data-rel='slideshow-2' class='avia-slide-wrap '   ><img decoding=\"async\" fetchpriority=\"high\" class=\"wp-image-3357 avia-img-lazy-loading-not-3357\"  src=\"https:\/\/wbv-avgm.ch\/wp-content\/uploads\/dent-blanche-sylvain-mauroux.jpg\" width=\"1390\" height=\"650\" title='dent-blanche-sylvain-mauroux' alt=''  itemprop=\"thumbnailUrl\" srcset=\"https:\/\/wbv-avgm.ch\/wp-content\/uploads\/dent-blanche-sylvain-mauroux.jpg 1390w, https:\/\/wbv-avgm.ch\/wp-content\/uploads\/dent-blanche-sylvain-mauroux-300x140.jpg 300w, https:\/\/wbv-avgm.ch\/wp-content\/uploads\/dent-blanche-sylvain-mauroux-1030x482.jpg 1030w, https:\/\/wbv-avgm.ch\/wp-content\/uploads\/dent-blanche-sylvain-mauroux-768x359.jpg 768w, https:\/\/wbv-avgm.ch\/wp-content\/uploads\/dent-blanche-sylvain-mauroux-705x330.jpg 705w\" sizes=\"(max-width: 1390px) 100vw, 1390px\" \/><\/div><\/li><li  class='avia-slideshow-slide av-klxnnhwr-5bd07673f7ee48aa8a333d307039abbb__2  slide-3 slide-odd'><div data-rel='slideshow-2' class='avia-slide-wrap '   ><img decoding=\"async\" fetchpriority=\"high\" class=\"wp-image-3353 avia-img-lazy-loading-not-3353\"  src=\"https:\/\/wbv-avgm.ch\/wp-content\/uploads\/zinalrothorn-zermatt-silvain-mauroux-1.jpg\" width=\"1390\" height=\"650\" title='zinalrothorn-zermatt-silvain-mauroux' alt=''  itemprop=\"thumbnailUrl\" srcset=\"https:\/\/wbv-avgm.ch\/wp-content\/uploads\/zinalrothorn-zermatt-silvain-mauroux-1.jpg 1390w, https:\/\/wbv-avgm.ch\/wp-content\/uploads\/zinalrothorn-zermatt-silvain-mauroux-1-300x140.jpg 300w, https:\/\/wbv-avgm.ch\/wp-content\/uploads\/zinalrothorn-zermatt-silvain-mauroux-1-1030x482.jpg 1030w, https:\/\/wbv-avgm.ch\/wp-content\/uploads\/zinalrothorn-zermatt-silvain-mauroux-1-768x359.jpg 768w, https:\/\/wbv-avgm.ch\/wp-content\/uploads\/zinalrothorn-zermatt-silvain-mauroux-1-705x330.jpg 705w\" sizes=\"(max-width: 1390px) 100vw, 1390px\" \/><\/div><\/li><\/ul><div class='avia-slideshow-arrows avia-slideshow-controls' ><a href='#prev' class='prev-slide  avia-svg-icon avia-font-svg_entypo-fontello' data-av_svg_icon='left-open-big' data-av_iconset='svg_entypo-fontello' tabindex='-1' title=\"Pr\u00e9c\u00e9dent\"><svg version=\"1.1\" xmlns=\"http:\/\/www.w3.org\/2000\/svg\" width=\"15\" height=\"32\" viewBox=\"0 0 15 32\" preserveAspectRatio=\"xMidYMid meet\" aria-labelledby='av-svg-title-3' aria-describedby='av-svg-desc-3' role=\"graphics-symbol\" aria-hidden=\"true\">\n<title id='av-svg-title-3'>Pr\u00e9c\u00e9dent<\/title>\n<desc id='av-svg-desc-3'>Pr\u00e9c\u00e9dent<\/desc>\n<path d=\"M14.464 27.84q0.832 0.832 0 1.536-0.832 0.832-1.536 0l-12.544-12.608q-0.768-0.768 0-1.6l12.544-12.608q0.704-0.832 1.536 0 0.832 0.704 0 1.536l-11.456 11.904z\"><\/path>\n<\/svg><span class='avia_hidden_link_text'>Pr\u00e9c\u00e9dent<\/span><\/a><a href='#next' class='next-slide  avia-svg-icon avia-font-svg_entypo-fontello' data-av_svg_icon='right-open-big' data-av_iconset='svg_entypo-fontello' tabindex='-1' title=\"Suivant\"><svg version=\"1.1\" xmlns=\"http:\/\/www.w3.org\/2000\/svg\" width=\"15\" height=\"32\" viewBox=\"0 0 15 32\" preserveAspectRatio=\"xMidYMid meet\" aria-labelledby='av-svg-title-4' aria-describedby='av-svg-desc-4' role=\"graphics-symbol\" aria-hidden=\"true\">\n<title id='av-svg-title-4'>Suivant<\/title>\n<desc id='av-svg-desc-4'>Suivant<\/desc>\n<path d=\"M0.416 27.84l11.456-11.84-11.456-11.904q-0.832-0.832 0-1.536 0.832-0.832 1.536 0l12.544 12.608q0.768 0.832 0 1.6l-12.544 12.608q-0.704 0.832-1.536 0-0.832-0.704 0-1.536z\"><\/path>\n<\/svg><span class='avia_hidden_link_text'>Suivant<\/span><\/a><\/div><\/div>\n<div class='flex_column_table av-3ycdja-cd50341dd2b857196ebd459e3a53e8b1 sc-av_three_fifth av-break-at-tablet-flextable av-equal-height-column-flextable'>\n<style type=\"text\/css\" data-created_by=\"avia_inline_auto\" id=\"style-css-av-3ycdja-cd50341dd2b857196ebd459e3a53e8b1\">\n#top .flex_column_table.av-equal-height-column-flextable.av-3ycdja-cd50341dd2b857196ebd459e3a53e8b1{\nmargin-top:20px;\nmargin-bottom:0px;\n}\n.flex_column.av-3ycdja-cd50341dd2b857196ebd459e3a53e8b1{\nborder-radius:0px 0px 0px 0px;\npadding:0px 0px 0px 0px;\n}\n<\/style>\n<div  class='flex_column av-3ycdja-cd50341dd2b857196ebd459e3a53e8b1 av_three_fifth  avia-builder-el-34  el_after_av_slideshow  el_before_av_two_fifth  first av-break-at-tablet flex_column_table_cell av-equal-height-column av-align-middle av-zero-column-padding  '     ><section  class='av_textblock_section av-klxnm0z1-c76a1df20c93865a22e51c5968376480 '   itemscope=\"itemscope\" itemtype=\"https:\/\/schema.org\/CreativeWork\" ><div class='avia_textblock'  itemprop=\"text\" ><p>Le groupe des jeunes talents de l&rsquo;Association valaisanne des guides de montagne offre aux jeunes alpinistes les conditions id\u00e9ales pour se lancer dans le m\u00e9tier de guide de montagne.<\/p>\n<\/div><\/section><\/div><div class='av-flex-placeholder'><\/div>\n<style type=\"text\/css\" data-created_by=\"avia_inline_auto\" id=\"style-css-av-2xfxgm-f94abc4dc441c8ade4d0f409fbdab803\">\n#top .flex_column_table.av-equal-height-column-flextable.av-2xfxgm-f94abc4dc441c8ade4d0f409fbdab803{\nmargin-top:20px;\nmargin-bottom:0px;\n}\n.flex_column.av-2xfxgm-f94abc4dc441c8ade4d0f409fbdab803{\nborder-radius:0px 0px 0px 0px;\npadding:0px 0px 0px 0px;\n}\n<\/style>\n<div  class='flex_column av-2xfxgm-f94abc4dc441c8ade4d0f409fbdab803 av_two_fifth  avia-builder-el-36  el_after_av_three_fifth  avia-builder-el-last  av-break-at-tablet flex_column_table_cell av-equal-height-column av-align-middle av-zero-column-padding  '     ><div  class='avia-button-wrap av-klxnkj95-cee9653b3cc0c0d83ca766c63b91e269-wrap avia-button-center  avia-builder-el-37  avia-builder-el-no-sibling '>\n<style type=\"text\/css\" data-created_by=\"avia_inline_auto\" id=\"style-css-av-klxnkj95-cee9653b3cc0c0d83ca766c63b91e269\">\n#top #wrap_all .avia-button.av-klxnkj95-cee9653b3cc0c0d83ca766c63b91e269{\nbackground-color:#e30613;\nborder-color:#e30613;\ncolor:#ffffff;\ntransition:all 0.4s ease-in-out;\n}\n#top #wrap_all .avia-button.av-klxnkj95-cee9653b3cc0c0d83ca766c63b91e269 .avia-svg-icon svg:first-child{\nfill:#ffffff;\nstroke:#ffffff;\n}\n<\/style>\n<a href='https:\/\/wbv-avgm.ch\/fr\/groupe-espoir\/'  class='avia-button av-klxnkj95-cee9653b3cc0c0d83ca766c63b91e269 av-link-btn avia-icon_select-no avia-size-x-large avia-position-center'   aria-label=\"Groupe espoir\"><span class='avia_iconbox_title' >Groupe espoir<\/span><\/a><\/div><\/div><\/div><!--close column table wrapper. Autoclose: 1 -->\n\n<\/div><\/div><\/div><!-- close content main div --><\/div><\/div><div id='av_section_5'  class='avia-section av-2dnu-11-02d49ee63b77df011f785af5b5d77ea3 main_color avia-section-large avia-no-border-styling  avia-builder-el-38  el_after_av_section  avia-builder-el-last  avia-bg-style-scroll container_wrap fullsize'  ><div class='container av-section-cont-open' ><div class='template-page content  av-content-full alpha units'><div class='post-entry post-entry-type-page post-entry-2886'><div class='entry-content-wrapper clearfix'>\n\n<style type=\"text\/css\" data-created_by=\"avia_inline_auto\" id=\"style-css-av-2agt86-9f89151ba5c26bc655bc2721579da312\">\n#top .av-special-heading.av-2agt86-9f89151ba5c26bc655bc2721579da312{\npadding-bottom:50px;\n}\nbody .av-special-heading.av-2agt86-9f89151ba5c26bc655bc2721579da312 .av-special-heading-tag .heading-char{\nfont-size:25px;\n}\n.av-special-heading.av-2agt86-9f89151ba5c26bc655bc2721579da312 .av-subheading{\nfont-size:15px;\n}\n<\/style>\n<div  class='av-special-heading av-2agt86-9f89151ba5c26bc655bc2721579da312 av-special-heading-h2 blockquote modern-quote modern-centered  avia-builder-el-39  el_before_av_masonry_entries  avia-builder-el-no-sibling '><h2 class='av-special-heading-tag '  itemprop=\"headline\"  >Des hommes et des sommets<\/h2><div class=\"special-heading-border\"><div class=\"special-heading-inner-border\"><\/div><\/div><\/div>\n<div id='av-masonry-2' class='av-masonry av-klgu284r-bc03f9475f2c265b5c407dc7efca0a17 noHover av-flex-size av-large-gap av-hover-overlay- av-masonry-animation-active av-masonry-col-4 av-caption-always av-caption-style- av-masonry-entries av-medium-columns-overwrite av-medium-columns-3 av-small-columns-overwrite av-small-columns-2 av-mini-columns-overwrite av-mini-columns-1 ' data-post_id=\"2886\"><div class='av-masonry-sort main_color av-sort-yes' data-masonry-id='2' ><div class='av-sort-by-term  ' data-av-allowed-sort='[\"cabane_sort\",\"guides-de-montagne_sort\",\"musees_sort\",\"premieres-ascensions_sort\"]' ><a href=\"#\" data-filter=\"all_sort\" class=\"all_sort_button active_sort\"><span class=\"inner_sort_button\"><span>Tout<\/span><small class=\"avia-term-count\"> 5 <\/small><\/span><\/a><span class='text-sep cabane_sort_sep avia_show_sort'>\/<\/span><a href=\"#\" data-filter=\"cabane_sort\" class=\"cabane_sort_button avia_show_sort\" ><span class=\"inner_sort_button\"><span>Cabanes<\/span><small class='avia-term-count'> 2 <\/small><\/span><\/a><span class='text-sep gens-et-sommets_sort_sep avia_hide_sort'>\/<\/span><a href=\"#\" data-filter=\"gens-et-sommets_sort\" class=\"gens-et-sommets_sort_button avia_hide_sort\" ><span class=\"inner_sort_button\"><span>Gens et sommets<\/span><small class='avia-term-count'> 0 <\/small><\/span><\/a><span class='text-sep groupe-espoir_sort_sep avia_hide_sort'>\/<\/span><a href=\"#\" data-filter=\"groupe-espoir_sort\" class=\"groupe-espoir_sort_button avia_hide_sort\" ><span class=\"inner_sort_button\"><span>Groupe espoir<\/span><small class='avia-term-count'> 0 <\/small><\/span><\/a><span class='text-sep guides-de-montagne_sort_sep avia_show_sort'>\/<\/span><a href=\"#\" data-filter=\"guides-de-montagne_sort\" class=\"guides-de-montagne_sort_button avia_show_sort\" ><span class=\"inner_sort_button\"><span>Guides de montagne<\/span><small class='avia-term-count'> 1 <\/small><\/span><\/a><span class='text-sep musees_sort_sep avia_show_sort'>\/<\/span><a href=\"#\" data-filter=\"musees_sort\" class=\"musees_sort_button avia_show_sort\" ><span class=\"inner_sort_button\"><span>Mus\u00e9es<\/span><small class='avia-term-count'> 1 <\/small><\/span><\/a><span class='text-sep news-avgm_sort_sep avia_hide_sort'>\/<\/span><a href=\"#\" data-filter=\"news-avgm_sort\" class=\"news-avgm_sort_button avia_hide_sort\" ><span class=\"inner_sort_button\"><span>News AVGM<\/span><small class='avia-term-count'> 0 <\/small><\/span><\/a><span class='text-sep premieres-ascensions_sort_sep avia_show_sort'>\/<\/span><a href=\"#\" data-filter=\"premieres-ascensions_sort\" class=\"premieres-ascensions_sort_button avia_show_sort\" ><span class=\"inner_sort_button\"><span>Premi\u00e8res ascensions<\/span><small class='avia-term-count'> 1 <\/small><\/span><\/a><\/div><\/div><div class=\"av-masonry-container isotope av-js-disabled\"><div class='av-masonry-entry isotope-item av-masonry-item-no-image all_sort gens-et-sommets_sort  guides-de-montagne_sort  musees_sort  cabane_sort  premieres-ascensions_sort '><\/div><a href=\"https:\/\/fr.wikipedia.org\/wiki\/Ulrich_Inderbinen\"  id='av-masonry-2-item-3528' data-av-masonry-item='3528' class='av-masonry-entry isotope-item post-3528 post type-post status-publish format-standard has-post-thumbnail hentry category-gens-et-sommets category-guides-de-montagne all_sort gens-et-sommets_sort  guides-de-montagne_sort  av-masonry-item-with-image' title=\"6427781_XXL\"   itemscope=\"itemscope\" itemtype=\"https:\/\/schema.org\/CreativeWork\" ><div class='av-inner-masonry-sizer'><\/div><figure class='av-inner-masonry main_color'><div class=\"av-masonry-outerimage-container\"><div class='av-masonry-image-container'  ><img decoding=\"async\" width=\"397\" height=\"705\" fetchpriority=\"high\" class=\"wp-image-2304 avia-img-lazy-loading-not-2304\"  src=\"https:\/\/wbv-avgm.ch\/wp-content\/uploads\/6427781_XXL-397x705.jpg\" title=\"6427781_XXL\" alt=\"\" srcset=\"https:\/\/wbv-avgm.ch\/wp-content\/uploads\/6427781_XXL-397x705.jpg 397w, https:\/\/wbv-avgm.ch\/wp-content\/uploads\/6427781_XXL-169x300.jpg 169w, https:\/\/wbv-avgm.ch\/wp-content\/uploads\/6427781_XXL-579x1030.jpg 579w, https:\/\/wbv-avgm.ch\/wp-content\/uploads\/6427781_XXL-768x1365.jpg 768w, https:\/\/wbv-avgm.ch\/wp-content\/uploads\/6427781_XXL-864x1536.jpg 864w, https:\/\/wbv-avgm.ch\/wp-content\/uploads\/6427781_XXL-844x1500.jpg 844w, https:\/\/wbv-avgm.ch\/wp-content\/uploads\/6427781_XXL.jpg 1152w\" sizes=\"(max-width: 397px) 100vw, 397px\" \/><\/div><\/div><figcaption class='av-inner-masonry-content site-background'><div class='av-inner-masonry-content-pos'><div class='av-inner-masonry-content-pos-content'><div class='avia-arrow'><\/div><h3 class='av-masonry-entry-title entry-title '  itemprop=\"headline\" >Guide de montagne Ulrich Inderbinen 03.12.1900 &#8211; 14.06.2004<\/h3><div class='av-masonry-entry-content entry-content'  itemprop=\"text\" >Ulrich Inderbinen est un guide de montagne valaisan de Zermatt. Il a gravi 371 fois le Cervin, 84 fois le Mont Blanc et 81 fois la pointe Dufour, le point culminant de la Suisse.<\/div><span class='av-masonry-date meta-color updated'>6 mars 2021<\/span><span class=\"av-masonry-text-sep text-sep-author\">\/<\/span><span class='av-masonry-author meta-color author'><span class='fn'>par Lionel Corboz<\/span><\/span><\/div><\/div><\/figcaption><\/figure><\/a><!--end av-masonry entry--><a href=\"https:\/\/www.st-niklaus.ch\/sites\/index.php\/kultur-freizeit\/meierturm-museen\"  id='av-masonry-2-item-3533' data-av-masonry-item='3533' class='av-masonry-entry isotope-item post-3533 post type-post status-publish format-standard has-post-thumbnail hentry category-gens-et-sommets category-musees all_sort gens-et-sommets_sort  musees_sort  av-masonry-item-with-image' title=\"St._Niklaus_Meierturm_1270\"   itemscope=\"itemscope\" itemtype=\"https:\/\/schema.org\/CreativeWork\" ><div class='av-inner-masonry-sizer'><\/div><figure class='av-inner-masonry main_color'><div class=\"av-masonry-outerimage-container\"><div class='av-masonry-image-container'  ><img decoding=\"async\" width=\"529\" height=\"705\" fetchpriority=\"high\" class=\"wp-image-2269 avia-img-lazy-loading-not-2269\"  src=\"https:\/\/wbv-avgm.ch\/wp-content\/uploads\/St._Niklaus_Meierturm_1270-529x705.jpg\" title=\"St._Niklaus_Meierturm_1270\" alt=\"Bergsteigermuseum\" srcset=\"https:\/\/wbv-avgm.ch\/wp-content\/uploads\/St._Niklaus_Meierturm_1270-529x705.jpg 529w, https:\/\/wbv-avgm.ch\/wp-content\/uploads\/St._Niklaus_Meierturm_1270-225x300.jpg 225w, https:\/\/wbv-avgm.ch\/wp-content\/uploads\/St._Niklaus_Meierturm_1270-772x1030.jpg 772w, https:\/\/wbv-avgm.ch\/wp-content\/uploads\/St._Niklaus_Meierturm_1270-768x1024.jpg 768w, https:\/\/wbv-avgm.ch\/wp-content\/uploads\/St._Niklaus_Meierturm_1270.jpg 800w\" sizes=\"(max-width: 529px) 100vw, 529px\" \/><\/div><\/div><figcaption class='av-inner-masonry-content site-background'><div class='av-inner-masonry-content-pos'><div class='av-inner-masonry-content-pos-content'><div class='avia-arrow'><\/div><h3 class='av-masonry-entry-title entry-title '  itemprop=\"headline\" >Mus\u00e9e de l&rsquo;alpinisme Meierturm de St. Niklaus<\/h3><div class='av-masonry-entry-content entry-content'  itemprop=\"text\" >En 1974, la tour Meier a \u00e9t\u00e9 class\u00e9e monument historique par l\u2019\u00c9tat. Enti\u00e8rement r\u00e9nov\u00e9e entre 1986 et 1996 gr\u00e2ce \u00e0 l\u2019\u00c9tat du Valais, la municipalit\u00e9, la fondation \u201ePro Nikolai\u201c et \u201eScintilla AG\u201c, elle accueille aujourd'hui le premier mus\u00e9e des guides de montagne depuis le 10 juin 2000.<\/div><span class='av-masonry-date meta-color updated'>6 mars 2021<\/span><span class=\"av-masonry-text-sep text-sep-author\">\/<\/span><span class='av-masonry-author meta-color author'><span class='fn'>par Lionel Corboz<\/span><\/span><\/div><\/div><\/figcaption><\/figure><\/a><!--end av-masonry entry--><a href=\"https:\/\/wbv-avgm.ch\/fr\/cabanna-regina-margherita\/\"  id='av-masonry-2-item-3538' data-av-masonry-item='3538' class='av-masonry-entry isotope-item post-3538 post type-post status-publish format-standard has-post-thumbnail hentry category-cabane category-gens-et-sommets all_sort cabane_sort  gens-et-sommets_sort  av-masonry-item-with-image' title=\"Capanna_Regina_Margherita_1903\"   itemscope=\"itemscope\" itemtype=\"https:\/\/schema.org\/CreativeWork\" ><div class='av-inner-masonry-sizer'><\/div><figure class='av-inner-masonry main_color'><div class=\"av-masonry-outerimage-container\"><div class='av-masonry-image-container'  ><img decoding=\"async\" width=\"705\" height=\"295\" fetchpriority=\"high\" class=\"wp-image-2274 avia-img-lazy-loading-not-2274\"  src=\"https:\/\/wbv-avgm.ch\/wp-content\/uploads\/Capanna_Regina_Margherita_1903-705x295.jpg\" title=\"Capanna_Regina_Margherita_1903\" alt=\"Capanna Regina Margherita\" srcset=\"https:\/\/wbv-avgm.ch\/wp-content\/uploads\/Capanna_Regina_Margherita_1903-705x295.jpg 705w, https:\/\/wbv-avgm.ch\/wp-content\/uploads\/Capanna_Regina_Margherita_1903-300x126.jpg 300w, https:\/\/wbv-avgm.ch\/wp-content\/uploads\/Capanna_Regina_Margherita_1903-768x322.jpg 768w, https:\/\/wbv-avgm.ch\/wp-content\/uploads\/Capanna_Regina_Margherita_1903.jpg 878w\" sizes=\"(max-width: 705px) 100vw, 705px\" \/><\/div><\/div><figcaption class='av-inner-masonry-content site-background'><div class='av-inner-masonry-content-pos'><div class='av-inner-masonry-content-pos-content'><div class='avia-arrow'><\/div><h3 class='av-masonry-entry-title entry-title '  itemprop=\"headline\" >Cabanna Regina Margherita<\/h3><div class='av-masonry-entry-content entry-content'  itemprop=\"text\" >14 juillet 1889 D\u00e9cision de construire un abri pour les alpinistes et une station de recherche \u00e0 plus de 4500 m d'altitude. 1903 premi\u00e8re extension<\/div><span class='av-masonry-date meta-color updated'>6 mars 2021<\/span><span class=\"av-masonry-text-sep text-sep-author\">\/<\/span><span class='av-masonry-author meta-color author'><span class='fn'>par Lionel Corboz<\/span><\/span><\/div><\/div><\/figcaption><\/figure><\/a><!--end av-masonry entry--><a href=\"https:\/\/wbv-avgm.ch\/fr\/cabanna-regina-margherita-2\/\"  id='av-masonry-2-item-3552' data-av-masonry-item='3552' class='av-masonry-entry isotope-item post-3552 post type-post status-publish format-standard has-post-thumbnail hentry category-cabane category-gens-et-sommets all_sort cabane_sort  gens-et-sommets_sort  av-masonry-item-with-image' title=\"705\"   itemscope=\"itemscope\" itemtype=\"https:\/\/schema.org\/CreativeWork\" ><div class='av-inner-masonry-sizer'><\/div><figure class='av-inner-masonry main_color'><div class=\"av-masonry-outerimage-container\"><div class='av-masonry-image-container'  ><img decoding=\"async\" width=\"705\" height=\"529\" fetchpriority=\"high\" class=\"wp-image-2288 avia-img-lazy-loading-not-2288\"  src=\"https:\/\/wbv-avgm.ch\/wp-content\/uploads\/705-705x529.jpg\" title=\"705\" alt=\"Cabanna Regina Margherita\" srcset=\"https:\/\/wbv-avgm.ch\/wp-content\/uploads\/705-705x529.jpg 705w, https:\/\/wbv-avgm.ch\/wp-content\/uploads\/705-300x225.jpg 300w, https:\/\/wbv-avgm.ch\/wp-content\/uploads\/705-768x576.jpg 768w, https:\/\/wbv-avgm.ch\/wp-content\/uploads\/705.jpg 940w\" sizes=\"(max-width: 705px) 100vw, 705px\" \/><\/div><\/div><figcaption class='av-inner-masonry-content site-background'><div class='av-inner-masonry-content-pos'><div class='av-inner-masonry-content-pos-content'><div class='avia-arrow'><\/div><h3 class='av-masonry-entry-title entry-title '  itemprop=\"headline\" >Cabanna Regina Margherita<\/h3><div class='av-masonry-entry-content entry-content'  itemprop=\"text\" >Elle est situ\u00e9e \u00e0 une altitude de 4554m. , ce qui en fait le plus haut b\u00e2tiement d'Europe. La cabane Regina Margherita abrite un centre international de recherche sur la physiologie de l'altitude.<\/div><span class='av-masonry-date meta-color updated'>6 mars 2021<\/span><span class=\"av-masonry-text-sep text-sep-author\">\/<\/span><span class='av-masonry-author meta-color author'><span class='fn'>par Lionel Corboz<\/span><\/span><\/div><\/div><\/figcaption><\/figure><\/a><!--end av-masonry entry--><a href=\"https:\/\/fr.wikipedia.org\/wiki\/Premi%C3%A8re_ascension_du_Cervin\"  id='av-masonry-2-item-3542' data-av-masonry-item='3542' class='av-masonry-entry isotope-item post-3542 post type-post status-publish format-standard has-post-thumbnail hentry category-gens-et-sommets category-premieres-ascensions all_sort gens-et-sommets_sort  premieres-ascensions_sort  av-masonry-item-with-image' title=\"Jagd-aufs-Matterhorn-Bergsteiger-Truppe\"   itemscope=\"itemscope\" itemtype=\"https:\/\/schema.org\/CreativeWork\" ><div class='av-inner-masonry-sizer'><\/div><figure class='av-inner-masonry main_color'><div class=\"av-masonry-outerimage-container\"><div class='av-masonry-image-container'  ><img decoding=\"async\" width=\"562\" height=\"705\" fetchpriority=\"high\" class=\"wp-image-2265 avia-img-lazy-loading-not-2265\"  src=\"https:\/\/wbv-avgm.ch\/wp-content\/uploads\/Jagd-aufs-Matterhorn-Bergsteiger-Truppe-562x705.jpg\" title=\"Jagd-aufs-Matterhorn-Bergsteiger-Truppe\" alt=\"Erstbesteigung Matterhorn\" srcset=\"https:\/\/wbv-avgm.ch\/wp-content\/uploads\/Jagd-aufs-Matterhorn-Bergsteiger-Truppe-562x705.jpg 562w, https:\/\/wbv-avgm.ch\/wp-content\/uploads\/Jagd-aufs-Matterhorn-Bergsteiger-Truppe-239x300.jpg 239w, https:\/\/wbv-avgm.ch\/wp-content\/uploads\/Jagd-aufs-Matterhorn-Bergsteiger-Truppe-822x1030.jpg 822w, https:\/\/wbv-avgm.ch\/wp-content\/uploads\/Jagd-aufs-Matterhorn-Bergsteiger-Truppe-768x963.jpg 768w, https:\/\/wbv-avgm.ch\/wp-content\/uploads\/Jagd-aufs-Matterhorn-Bergsteiger-Truppe.jpg 1033w\" sizes=\"(max-width: 562px) 100vw, 562px\" \/><\/div><\/div><figcaption class='av-inner-masonry-content site-background'><div class='av-inner-masonry-content-pos'><div class='av-inner-masonry-content-pos-content'><div class='avia-arrow'><\/div><h3 class='av-masonry-entry-title entry-title '  itemprop=\"headline\" >Premi\u00e8re ascension du Cervin<\/h3><div class='av-masonry-entry-content entry-content'  itemprop=\"text\" >Le britannique Edward Whymper est le premier a avoir conquis le Cervin en 1865. Malheureusement ce succ\u00e8s est terni par la rupture de la corde et la chute de quatre de ses compagnons de cord\u00e9e.<\/div><span class='av-masonry-date meta-color updated'>6 mars 2021<\/span><span class=\"av-masonry-text-sep text-sep-author\">\/<\/span><span class='av-masonry-author meta-color author'><span class='fn'>par Lionel Corboz<\/span><\/span><\/div><\/div><\/figcaption><\/figure><\/a><!--end av-masonry entry--><\/div><\/div>\n\n","protected":false},"excerpt":{"rendered":"","protected":false},"author":2,"featured_media":0,"parent":0,"menu_order":3,"comment_status":"closed","ping_status":"closed","template":"","meta":{"footnotes":"","_links_to":"","_links_to_target":""},"class_list":["post-2886","page","type-page","status-publish","hentry"],"yoast_head":"<!-- This site is optimized with the Yoast SEO plugin v27.5 - https:\/\/yoast.com\/product\/yoast-seo-wordpress\/ -->\n<title>Association valaisanne des guide de montagne - Walliser Bergf\u00fchrerverband<\/title>\n<meta name=\"robots\" content=\"index, follow, max-snippet:-1, max-image-preview:large, max-video-preview:-1\" \/>\n<link rel=\"canonical\" href=\"https:\/\/wbv-avgm.ch\/fr\/\" \/>\n<meta property=\"og:locale\" content=\"fr_FR\" \/>\n<meta property=\"og:type\" content=\"article\" \/>\n<meta property=\"og:title\" content=\"Association valaisanne des guide de montagne - Walliser Bergf\u00fchrerverband\" \/>\n<meta property=\"og:url\" content=\"https:\/\/wbv-avgm.ch\/fr\/\" \/>\n<meta property=\"og:site_name\" content=\"Walliser Bergf\u00fchrerverband\" \/>\n<meta property=\"article:modified_time\" content=\"2023-08-14T08:22:23+00:00\" \/>\n<meta name=\"twitter:card\" content=\"summary_large_image\" \/>\n<meta name=\"twitter:label1\" content=\"Dur\u00e9e de lecture estim\u00e9e\" \/>\n\t<meta name=\"twitter:data1\" content=\"10 minutes\" \/>\n<script type=\"application\/ld+json\" class=\"yoast-schema-graph\">{\"@context\":\"https:\\\/\\\/schema.org\",\"@graph\":[{\"@type\":\"WebPage\",\"@id\":\"https:\\\/\\\/wbv-avgm.ch\\\/fr\\\/\",\"url\":\"https:\\\/\\\/wbv-avgm.ch\\\/fr\\\/\",\"name\":\"Association valaisanne des guide de montagne - Walliser Bergf\u00fchrerverband\",\"isPartOf\":{\"@id\":\"https:\\\/\\\/wbv-avgm.ch\\\/fr\\\/#website\"},\"datePublished\":\"2021-02-24T21:14:19+00:00\",\"dateModified\":\"2023-08-14T08:22:23+00:00\",\"breadcrumb\":{\"@id\":\"https:\\\/\\\/wbv-avgm.ch\\\/fr\\\/#breadcrumb\"},\"inLanguage\":\"fr-FR\",\"potentialAction\":[{\"@type\":\"ReadAction\",\"target\":[\"https:\\\/\\\/wbv-avgm.ch\\\/fr\\\/\"]}]},{\"@type\":\"BreadcrumbList\",\"@id\":\"https:\\\/\\\/wbv-avgm.ch\\\/fr\\\/#breadcrumb\",\"itemListElement\":[{\"@type\":\"ListItem\",\"position\":1,\"name\":\"Startseite\",\"item\":\"https:\\\/\\\/wbv-avgm.ch\\\/fr\\\/\"},{\"@type\":\"ListItem\",\"position\":2,\"name\":\"Association valaisanne des guide de montagne\"}]},{\"@type\":\"WebSite\",\"@id\":\"https:\\\/\\\/wbv-avgm.ch\\\/fr\\\/#website\",\"url\":\"https:\\\/\\\/wbv-avgm.ch\\\/fr\\\/\",\"name\":\"Walliser Bergf\u00fchrerverband\",\"description\":\"Bergf\u00fchrer Wallis Schweiz\",\"publisher\":{\"@id\":\"https:\\\/\\\/wbv-avgm.ch\\\/fr\\\/#organization\"},\"potentialAction\":[{\"@type\":\"SearchAction\",\"target\":{\"@type\":\"EntryPoint\",\"urlTemplate\":\"https:\\\/\\\/wbv-avgm.ch\\\/fr\\\/?s={search_term_string}\"},\"query-input\":{\"@type\":\"PropertyValueSpecification\",\"valueRequired\":true,\"valueName\":\"search_term_string\"}}],\"inLanguage\":\"fr-FR\"},{\"@type\":\"Organization\",\"@id\":\"https:\\\/\\\/wbv-avgm.ch\\\/fr\\\/#organization\",\"name\":\"Walliser Bergf\u00fchrerverband\",\"url\":\"https:\\\/\\\/wbv-avgm.ch\\\/fr\\\/\",\"logo\":{\"@type\":\"ImageObject\",\"inLanguage\":\"fr-FR\",\"@id\":\"https:\\\/\\\/wbv-avgm.ch\\\/fr\\\/#\\\/schema\\\/logo\\\/image\\\/\",\"url\":\"https:\\\/\\\/wbv-avgm.ch\\\/wp-content\\\/uploads\\\/logo-wbv-avgm-rot-mit-initialen.svg\",\"contentUrl\":\"https:\\\/\\\/wbv-avgm.ch\\\/wp-content\\\/uploads\\\/logo-wbv-avgm-rot-mit-initialen.svg\",\"width\":290,\"height\":289,\"caption\":\"Walliser Bergf\u00fchrerverband\"},\"image\":{\"@id\":\"https:\\\/\\\/wbv-avgm.ch\\\/fr\\\/#\\\/schema\\\/logo\\\/image\\\/\"}}]}<\/script>\n<!-- \/ Yoast SEO plugin. -->","yoast_head_json":{"title":"Association valaisanne des guide de montagne - Walliser Bergf\u00fchrerverband","robots":{"index":"index","follow":"follow","max-snippet":"max-snippet:-1","max-image-preview":"max-image-preview:large","max-video-preview":"max-video-preview:-1"},"canonical":"https:\/\/wbv-avgm.ch\/fr\/","og_locale":"fr_FR","og_type":"article","og_title":"Association valaisanne des guide de montagne - Walliser Bergf\u00fchrerverband","og_url":"https:\/\/wbv-avgm.ch\/fr\/","og_site_name":"Walliser Bergf\u00fchrerverband","article_modified_time":"2023-08-14T08:22:23+00:00","twitter_card":"summary_large_image","twitter_misc":{"Dur\u00e9e de lecture estim\u00e9e":"10 minutes"},"schema":{"@context":"https:\/\/schema.org","@graph":[{"@type":"WebPage","@id":"https:\/\/wbv-avgm.ch\/fr\/","url":"https:\/\/wbv-avgm.ch\/fr\/","name":"Association valaisanne des guide de montagne - Walliser Bergf\u00fchrerverband","isPartOf":{"@id":"https:\/\/wbv-avgm.ch\/fr\/#website"},"datePublished":"2021-02-24T21:14:19+00:00","dateModified":"2023-08-14T08:22:23+00:00","breadcrumb":{"@id":"https:\/\/wbv-avgm.ch\/fr\/#breadcrumb"},"inLanguage":"fr-FR","potentialAction":[{"@type":"ReadAction","target":["https:\/\/wbv-avgm.ch\/fr\/"]}]},{"@type":"BreadcrumbList","@id":"https:\/\/wbv-avgm.ch\/fr\/#breadcrumb","itemListElement":[{"@type":"ListItem","position":1,"name":"Startseite","item":"https:\/\/wbv-avgm.ch\/fr\/"},{"@type":"ListItem","position":2,"name":"Association valaisanne des guide de montagne"}]},{"@type":"WebSite","@id":"https:\/\/wbv-avgm.ch\/fr\/#website","url":"https:\/\/wbv-avgm.ch\/fr\/","name":"Walliser Bergf\u00fchrerverband","description":"Bergf\u00fchrer Wallis Schweiz","publisher":{"@id":"https:\/\/wbv-avgm.ch\/fr\/#organization"},"potentialAction":[{"@type":"SearchAction","target":{"@type":"EntryPoint","urlTemplate":"https:\/\/wbv-avgm.ch\/fr\/?s={search_term_string}"},"query-input":{"@type":"PropertyValueSpecification","valueRequired":true,"valueName":"search_term_string"}}],"inLanguage":"fr-FR"},{"@type":"Organization","@id":"https:\/\/wbv-avgm.ch\/fr\/#organization","name":"Walliser Bergf\u00fchrerverband","url":"https:\/\/wbv-avgm.ch\/fr\/","logo":{"@type":"ImageObject","inLanguage":"fr-FR","@id":"https:\/\/wbv-avgm.ch\/fr\/#\/schema\/logo\/image\/","url":"https:\/\/wbv-avgm.ch\/wp-content\/uploads\/logo-wbv-avgm-rot-mit-initialen.svg","contentUrl":"https:\/\/wbv-avgm.ch\/wp-content\/uploads\/logo-wbv-avgm-rot-mit-initialen.svg","width":290,"height":289,"caption":"Walliser Bergf\u00fchrerverband"},"image":{"@id":"https:\/\/wbv-avgm.ch\/fr\/#\/schema\/logo\/image\/"}}]}},"_links":{"self":[{"href":"https:\/\/wbv-avgm.ch\/fr\/wp-json\/wp\/v2\/pages\/2886","targetHints":{"allow":["GET"]}}],"collection":[{"href":"https:\/\/wbv-avgm.ch\/fr\/wp-json\/wp\/v2\/pages"}],"about":[{"href":"https:\/\/wbv-avgm.ch\/fr\/wp-json\/wp\/v2\/types\/page"}],"author":[{"embeddable":true,"href":"https:\/\/wbv-avgm.ch\/fr\/wp-json\/wp\/v2\/users\/2"}],"replies":[{"embeddable":true,"href":"https:\/\/wbv-avgm.ch\/fr\/wp-json\/wp\/v2\/comments?post=2886"}],"version-history":[{"count":46,"href":"https:\/\/wbv-avgm.ch\/fr\/wp-json\/wp\/v2\/pages\/2886\/revisions"}],"predecessor-version":[{"id":5209,"href":"https:\/\/wbv-avgm.ch\/fr\/wp-json\/wp\/v2\/pages\/2886\/revisions\/5209"}],"wp:attachment":[{"href":"https:\/\/wbv-avgm.ch\/fr\/wp-json\/wp\/v2\/media?parent=2886"}],"curies":[{"name":"wp","href":"https:\/\/api.w.org\/{rel}","templated":true}]}}