{"id":3087,"date":"2021-02-26T12:03:15","date_gmt":"2021-02-26T11:03:15","guid":{"rendered":"https:\/\/wbv-avgm.ch\/?page_id=3087"},"modified":"2025-02-25T07:59:00","modified_gmt":"2025-02-25T06:59:00","slug":"tarifs-et-conditions-generales","status":"publish","type":"page","link":"https:\/\/wbv-avgm.ch\/fr\/tarifs-et-conditions-generales\/","title":{"rendered":"Tarifs et conditions g\u00e9n\u00e9rales"},"content":{"rendered":"<div id='grid-top'  class='av-layout-grid-container av-kjrd2jsc-a346f816738717e21b53cf2175d57d65 entry-content-wrapper main_color av-flex-cells av-break-at-tablet  avia-builder-el-0  el_before_av_section  avia-builder-el-first   container_wrap fullsize'  >\n\n<style type=\"text\/css\" data-created_by=\"avia_inline_auto\" id=\"style-css-av-2l2i-fc041ea73cc4d48a891d487be89e28bb\">\n.flex_cell.av-2l2i-fc041ea73cc4d48a891d487be89e28bb{\nvertical-align:middle;\n}\n.responsive #top #wrap_all .flex_cell.av-2l2i-fc041ea73cc4d48a891d487be89e28bb{\npadding:30px 30px 10px 30px !important;\n}\n<\/style>\n<div class='flex_cell av-2l2i-fc041ea73cc4d48a891d487be89e28bb av-gridrow-cell av_one_full no_margin  avia-builder-el-1  avia-builder-el-no-sibling  grid-top-standard content-align-middle'  ><div class='flex_cell_inner'>\n<style type=\"text\/css\" data-created_by=\"avia_inline_auto\" id=\"style-css-av-1tle3j-1023a9f6089325beff4239ecf7bbe1ce\">\n#top .av-special-heading.av-1tle3j-1023a9f6089325beff4239ecf7bbe1ce{\npadding-bottom:10px;\n}\nbody .av-special-heading.av-1tle3j-1023a9f6089325beff4239ecf7bbe1ce .av-special-heading-tag .heading-char{\nfont-size:25px;\n}\n.av-special-heading.av-1tle3j-1023a9f6089325beff4239ecf7bbe1ce .av-subheading{\nfont-size:15px;\n}\n<\/style>\n<div  class='av-special-heading av-1tle3j-1023a9f6089325beff4239ecf7bbe1ce av-special-heading-h1 blockquote modern-quote  avia-builder-el-2  avia-builder-el-no-sibling '><h1 class='av-special-heading-tag '  itemprop=\"headline\"  >Tarifs et conditions gen\u00e9rales<\/h1><div class=\"special-heading-border\"><div class=\"special-heading-inner-border\"><\/div><\/div><\/div>\n<\/div><\/div>\n<\/div>\n<div id='tarifs-sommets'  class='avia-section av-83w5e-5c48426f35f1f29b14d6f6912f895cd7 main_color avia-section-default avia-no-border-styling  avia-builder-el-3  el_after_av_layout_row  avia-builder-el-last  avia-bg-style-scroll container_wrap fullsize'  ><div class='container av-section-cont-open' ><div class='template-page content  av-content-full alpha units'><div class='post-entry post-entry-type-page post-entry-3087'><div class='entry-content-wrapper clearfix'>\n\n<style type=\"text\/css\" data-created_by=\"avia_inline_auto\" id=\"style-css-av-8ekp6-774c719087b679a1693dd6a8e9f0e1ea\">\n.flex_column.av-8ekp6-774c719087b679a1693dd6a8e9f0e1ea{\nborder-radius:0px 0px 0px 0px;\npadding:0px 0px 0px 0px;\n}\n<\/style>\n<div  class='flex_column av-8ekp6-774c719087b679a1693dd6a8e9f0e1ea av_two_third  avia-builder-el-4  el_before_av_one_third  avia-builder-el-first  tf-db-search first flex_column_div av-zero-column-padding  '     ><section  class='av_textblock_section av-klqktj5a-0b9ae96aea9bdf5a5f7b70a3637c5c03 '   itemscope=\"itemscope\" itemtype=\"https:\/\/schema.org\/CreativeWork\" ><div class='avia_textblock'  itemprop=\"text\" ><p>Les conditions contractuelles g\u00e9n\u00e9rales et les prix doivent \u00eatre discut\u00e9s avec le guide de haute montagne avant de commencer une sortie.<\/p>\n<p>Le tarif journalier recommand\u00e9 commence \u00e0 CHF 700 et n&rsquo;a pas de limite sup\u00e9rieure.<\/p>\n<p>Les honoraires peuvent varier selon<\/p>\n<ul>\n<li>la dur\u00e9e du parcours,<\/li>\n<li>la difficult\u00e9<\/li>\n<li>les conditions<\/li>\n<li>le nombre de clients<\/li>\n<li>la dur\u00e9e de l&rsquo;engagement,<\/li>\n<li>l\u2019occupation saisonni\u00e8re.<\/li>\n<\/ul>\n<p>Toutes les autres frais sont g\u00e9n\u00e9ralement \u00e0 la charge du client.<\/p>\n<p>Une indemnit\u00e9 est \u00e9galement due en cas d&rsquo;annulation de la sortie pour cause de mauvais temps, de non-respect de l&rsquo;engagement du client ou le d\u00e9placement du guide de montagne.<\/p>\n<p>Il est important que ces points soient clarifi\u00e9s lors de la conclusion d&rsquo;un engagement. Une courte confirmation \u00e9crite permet d&rsquo;\u00e9viter les malentendus.<\/p>\n<p>Le guide de montagne est tenu d&rsquo;adapter le nombre de personnes qu&rsquo;il accompagne (taille du groupe) aux circonstances sp\u00e9cifiques (par exemple, les comp\u00e9tences des clients, le degr\u00e9 de difficult\u00e9 et la dur\u00e9e de la sortie, les conditions m\u00e9t\u00e9orologiques, etc.).<\/p>\n<\/div><\/section><\/div>\n<style type=\"text\/css\" data-created_by=\"avia_inline_auto\" id=\"style-css-av-36vv9r-422d535987c497f792febb471eeb513a\">\n.flex_column.av-36vv9r-422d535987c497f792febb471eeb513a{\nborder-radius:0px 0px 0px 0px;\npadding:0px 0px 0px 0px;\n}\n<\/style>\n<div  class='flex_column av-36vv9r-422d535987c497f792febb471eeb513a av_one_third  avia-builder-el-6  el_after_av_two_third  avia-builder-el-last  flex_column_div av-zero-column-padding  '     ><style type=\"text\/css\" data-created_by=\"avia_inline_auto\" id=\"style-css-av-klxrig78-5e63ff7e5a9d4eb5e091b37ead99d29d\">\n.avia-image-container.av-klxrig78-5e63ff7e5a9d4eb5e091b37ead99d29d img.avia_image{\nbox-shadow:none;\n}\n.avia-image-container.av-klxrig78-5e63ff7e5a9d4eb5e091b37ead99d29d .av-image-caption-overlay-center{\ncolor:#ffffff;\n}\n<\/style>\n<div  class='avia-image-container av-klxrig78-5e63ff7e5a9d4eb5e091b37ead99d29d av-styling- avia-align-center  avia-builder-el-7  avia-builder-el-no-sibling '   itemprop=\"image\" itemscope=\"itemscope\" itemtype=\"https:\/\/schema.org\/ImageObject\" ><div class=\"avia-image-container-inner\"><div class=\"avia-image-overlay-wrap\"><img decoding=\"async\" fetchpriority=\"high\" class='wp-image-3448 avia-img-lazy-loading-not-3448 avia_image ' src=\"https:\/\/wbv-avgm.ch\/wp-content\/uploads\/logo_rot_matterhorn-296x300.jpg\" alt='' title='logo_rot_matterhorn'  height=\"300\" width=\"296\"  itemprop=\"thumbnailUrl\" srcset=\"https:\/\/wbv-avgm.ch\/wp-content\/uploads\/logo_rot_matterhorn-296x300.jpg 296w, https:\/\/wbv-avgm.ch\/wp-content\/uploads\/logo_rot_matterhorn-80x80.jpg 80w, https:\/\/wbv-avgm.ch\/wp-content\/uploads\/logo_rot_matterhorn-36x36.jpg 36w, https:\/\/wbv-avgm.ch\/wp-content\/uploads\/logo_rot_matterhorn-697x705.jpg 697w, https:\/\/wbv-avgm.ch\/wp-content\/uploads\/logo_rot_matterhorn.jpg 745w\" sizes=\"(max-width: 296px) 100vw, 296px\" \/><\/div><\/div><\/div><\/div>\n","protected":false},"excerpt":{"rendered":"","protected":false},"author":1771,"featured_media":0,"parent":0,"menu_order":9,"comment_status":"closed","ping_status":"closed","template":"","meta":{"footnotes":"","_links_to":"","_links_to_target":""},"class_list":["post-3087","page","type-page","status-publish","hentry"],"yoast_head":"<!-- This site is optimized with the Yoast SEO plugin v27.5 - https:\/\/yoast.com\/product\/yoast-seo-wordpress\/ -->\n<title>Tarifs et conditions g\u00e9n\u00e9rales - Walliser Bergf\u00fchrerverband<\/title>\n<meta name=\"description\" content=\"Le forfait journalier indicatif se situe\u00a0 entre CHF 650.00 et 850.00. Il varie en fonction de la dur\u00e9e de l\u2019engagement, de la dur\u00e9e de la course, de la difficult\u00e9, des conditions, du nombre de personnes, de la charge saisonni\u00e8re. Les frais sont g\u00e9n\u00e9ralement \u00e0 la charge du client.\" \/>\n<meta name=\"robots\" content=\"index, follow, max-snippet:-1, max-image-preview:large, max-video-preview:-1\" \/>\n<link rel=\"canonical\" href=\"https:\/\/wbv-avgm.ch\/fr\/tarifs-et-conditions-generales\/\" \/>\n<meta property=\"og:locale\" content=\"fr_FR\" \/>\n<meta property=\"og:type\" content=\"article\" \/>\n<meta property=\"og:title\" content=\"Tarifs et conditions g\u00e9n\u00e9rales - Walliser Bergf\u00fchrerverband\" \/>\n<meta property=\"og:description\" content=\"Le forfait journalier indicatif se situe\u00a0 entre CHF 650.00 et 850.00. Il varie en fonction de la dur\u00e9e de l\u2019engagement, de la dur\u00e9e de la course, de la difficult\u00e9, des conditions, du nombre de personnes, de la charge saisonni\u00e8re. Les frais sont g\u00e9n\u00e9ralement \u00e0 la charge du client.\" \/>\n<meta property=\"og:url\" content=\"https:\/\/wbv-avgm.ch\/fr\/tarifs-et-conditions-generales\/\" \/>\n<meta property=\"og:site_name\" content=\"Walliser Bergf\u00fchrerverband\" \/>\n<meta property=\"article:modified_time\" content=\"2025-02-25T06:59:00+00:00\" \/>\n<meta name=\"twitter:card\" content=\"summary_large_image\" \/>\n<meta name=\"twitter:label1\" content=\"Dur\u00e9e de lecture estim\u00e9e\" \/>\n\t<meta name=\"twitter:data1\" content=\"2 minutes\" \/>\n<script type=\"application\/ld+json\" class=\"yoast-schema-graph\">{\"@context\":\"https:\\\/\\\/schema.org\",\"@graph\":[{\"@type\":\"WebPage\",\"@id\":\"https:\\\/\\\/wbv-avgm.ch\\\/fr\\\/tarifs-et-conditions-generales\\\/\",\"url\":\"https:\\\/\\\/wbv-avgm.ch\\\/fr\\\/tarifs-et-conditions-generales\\\/\",\"name\":\"Tarifs et conditions g\u00e9n\u00e9rales - Walliser Bergf\u00fchrerverband\",\"isPartOf\":{\"@id\":\"https:\\\/\\\/wbv-avgm.ch\\\/fr\\\/#website\"},\"datePublished\":\"2021-02-26T11:03:15+00:00\",\"dateModified\":\"2025-02-25T06:59:00+00:00\",\"description\":\"Le forfait journalier indicatif se situe\u00a0 entre CHF 650.00 et 850.00. Il varie en fonction de la dur\u00e9e de l\u2019engagement, de la dur\u00e9e de la course, de la difficult\u00e9, des conditions, du nombre de personnes, de la charge saisonni\u00e8re. Les frais sont g\u00e9n\u00e9ralement \u00e0 la charge du client.\",\"breadcrumb\":{\"@id\":\"https:\\\/\\\/wbv-avgm.ch\\\/fr\\\/tarifs-et-conditions-generales\\\/#breadcrumb\"},\"inLanguage\":\"fr-FR\",\"potentialAction\":[{\"@type\":\"ReadAction\",\"target\":[\"https:\\\/\\\/wbv-avgm.ch\\\/fr\\\/tarifs-et-conditions-generales\\\/\"]}]},{\"@type\":\"BreadcrumbList\",\"@id\":\"https:\\\/\\\/wbv-avgm.ch\\\/fr\\\/tarifs-et-conditions-generales\\\/#breadcrumb\",\"itemListElement\":[{\"@type\":\"ListItem\",\"position\":1,\"name\":\"Startseite\",\"item\":\"https:\\\/\\\/wbv-avgm.ch\\\/fr\\\/\"},{\"@type\":\"ListItem\",\"position\":2,\"name\":\"Tarifs et conditions g\u00e9n\u00e9rales\"}]},{\"@type\":\"WebSite\",\"@id\":\"https:\\\/\\\/wbv-avgm.ch\\\/fr\\\/#website\",\"url\":\"https:\\\/\\\/wbv-avgm.ch\\\/fr\\\/\",\"name\":\"Walliser Bergf\u00fchrerverband\",\"description\":\"Bergf\u00fchrer Wallis Schweiz\",\"publisher\":{\"@id\":\"https:\\\/\\\/wbv-avgm.ch\\\/fr\\\/#organization\"},\"potentialAction\":[{\"@type\":\"SearchAction\",\"target\":{\"@type\":\"EntryPoint\",\"urlTemplate\":\"https:\\\/\\\/wbv-avgm.ch\\\/fr\\\/?s={search_term_string}\"},\"query-input\":{\"@type\":\"PropertyValueSpecification\",\"valueRequired\":true,\"valueName\":\"search_term_string\"}}],\"inLanguage\":\"fr-FR\"},{\"@type\":\"Organization\",\"@id\":\"https:\\\/\\\/wbv-avgm.ch\\\/fr\\\/#organization\",\"name\":\"Walliser Bergf\u00fchrerverband\",\"url\":\"https:\\\/\\\/wbv-avgm.ch\\\/fr\\\/\",\"logo\":{\"@type\":\"ImageObject\",\"inLanguage\":\"fr-FR\",\"@id\":\"https:\\\/\\\/wbv-avgm.ch\\\/fr\\\/#\\\/schema\\\/logo\\\/image\\\/\",\"url\":\"https:\\\/\\\/wbv-avgm.ch\\\/wp-content\\\/uploads\\\/logo-wbv-avgm-rot-mit-initialen.svg\",\"contentUrl\":\"https:\\\/\\\/wbv-avgm.ch\\\/wp-content\\\/uploads\\\/logo-wbv-avgm-rot-mit-initialen.svg\",\"width\":290,\"height\":289,\"caption\":\"Walliser Bergf\u00fchrerverband\"},\"image\":{\"@id\":\"https:\\\/\\\/wbv-avgm.ch\\\/fr\\\/#\\\/schema\\\/logo\\\/image\\\/\"}}]}<\/script>\n<!-- \/ Yoast SEO plugin. -->","yoast_head_json":{"title":"Tarifs et conditions g\u00e9n\u00e9rales - Walliser Bergf\u00fchrerverband","description":"Le forfait journalier indicatif se situe\u00a0 entre CHF 650.00 et 850.00. Il varie en fonction de la dur\u00e9e de l\u2019engagement, de la dur\u00e9e de la course, de la difficult\u00e9, des conditions, du nombre de personnes, de la charge saisonni\u00e8re. Les frais sont g\u00e9n\u00e9ralement \u00e0 la charge du client.","robots":{"index":"index","follow":"follow","max-snippet":"max-snippet:-1","max-image-preview":"max-image-preview:large","max-video-preview":"max-video-preview:-1"},"canonical":"https:\/\/wbv-avgm.ch\/fr\/tarifs-et-conditions-generales\/","og_locale":"fr_FR","og_type":"article","og_title":"Tarifs et conditions g\u00e9n\u00e9rales - Walliser Bergf\u00fchrerverband","og_description":"Le forfait journalier indicatif se situe\u00a0 entre CHF 650.00 et 850.00. Il varie en fonction de la dur\u00e9e de l\u2019engagement, de la dur\u00e9e de la course, de la difficult\u00e9, des conditions, du nombre de personnes, de la charge saisonni\u00e8re. Les frais sont g\u00e9n\u00e9ralement \u00e0 la charge du client.","og_url":"https:\/\/wbv-avgm.ch\/fr\/tarifs-et-conditions-generales\/","og_site_name":"Walliser Bergf\u00fchrerverband","article_modified_time":"2025-02-25T06:59:00+00:00","twitter_card":"summary_large_image","twitter_misc":{"Dur\u00e9e de lecture estim\u00e9e":"2 minutes"},"schema":{"@context":"https:\/\/schema.org","@graph":[{"@type":"WebPage","@id":"https:\/\/wbv-avgm.ch\/fr\/tarifs-et-conditions-generales\/","url":"https:\/\/wbv-avgm.ch\/fr\/tarifs-et-conditions-generales\/","name":"Tarifs et conditions g\u00e9n\u00e9rales - Walliser Bergf\u00fchrerverband","isPartOf":{"@id":"https:\/\/wbv-avgm.ch\/fr\/#website"},"datePublished":"2021-02-26T11:03:15+00:00","dateModified":"2025-02-25T06:59:00+00:00","description":"Le forfait journalier indicatif se situe\u00a0 entre CHF 650.00 et 850.00. Il varie en fonction de la dur\u00e9e de l\u2019engagement, de la dur\u00e9e de la course, de la difficult\u00e9, des conditions, du nombre de personnes, de la charge saisonni\u00e8re. Les frais sont g\u00e9n\u00e9ralement \u00e0 la charge du client.","breadcrumb":{"@id":"https:\/\/wbv-avgm.ch\/fr\/tarifs-et-conditions-generales\/#breadcrumb"},"inLanguage":"fr-FR","potentialAction":[{"@type":"ReadAction","target":["https:\/\/wbv-avgm.ch\/fr\/tarifs-et-conditions-generales\/"]}]},{"@type":"BreadcrumbList","@id":"https:\/\/wbv-avgm.ch\/fr\/tarifs-et-conditions-generales\/#breadcrumb","itemListElement":[{"@type":"ListItem","position":1,"name":"Startseite","item":"https:\/\/wbv-avgm.ch\/fr\/"},{"@type":"ListItem","position":2,"name":"Tarifs et conditions g\u00e9n\u00e9rales"}]},{"@type":"WebSite","@id":"https:\/\/wbv-avgm.ch\/fr\/#website","url":"https:\/\/wbv-avgm.ch\/fr\/","name":"Walliser Bergf\u00fchrerverband","description":"Bergf\u00fchrer Wallis Schweiz","publisher":{"@id":"https:\/\/wbv-avgm.ch\/fr\/#organization"},"potentialAction":[{"@type":"SearchAction","target":{"@type":"EntryPoint","urlTemplate":"https:\/\/wbv-avgm.ch\/fr\/?s={search_term_string}"},"query-input":{"@type":"PropertyValueSpecification","valueRequired":true,"valueName":"search_term_string"}}],"inLanguage":"fr-FR"},{"@type":"Organization","@id":"https:\/\/wbv-avgm.ch\/fr\/#organization","name":"Walliser Bergf\u00fchrerverband","url":"https:\/\/wbv-avgm.ch\/fr\/","logo":{"@type":"ImageObject","inLanguage":"fr-FR","@id":"https:\/\/wbv-avgm.ch\/fr\/#\/schema\/logo\/image\/","url":"https:\/\/wbv-avgm.ch\/wp-content\/uploads\/logo-wbv-avgm-rot-mit-initialen.svg","contentUrl":"https:\/\/wbv-avgm.ch\/wp-content\/uploads\/logo-wbv-avgm-rot-mit-initialen.svg","width":290,"height":289,"caption":"Walliser Bergf\u00fchrerverband"},"image":{"@id":"https:\/\/wbv-avgm.ch\/fr\/#\/schema\/logo\/image\/"}}]}},"_links":{"self":[{"href":"https:\/\/wbv-avgm.ch\/fr\/wp-json\/wp\/v2\/pages\/3087","targetHints":{"allow":["GET"]}}],"collection":[{"href":"https:\/\/wbv-avgm.ch\/fr\/wp-json\/wp\/v2\/pages"}],"about":[{"href":"https:\/\/wbv-avgm.ch\/fr\/wp-json\/wp\/v2\/types\/page"}],"author":[{"embeddable":true,"href":"https:\/\/wbv-avgm.ch\/fr\/wp-json\/wp\/v2\/users\/1771"}],"replies":[{"embeddable":true,"href":"https:\/\/wbv-avgm.ch\/fr\/wp-json\/wp\/v2\/comments?post=3087"}],"version-history":[{"count":39,"href":"https:\/\/wbv-avgm.ch\/fr\/wp-json\/wp\/v2\/pages\/3087\/revisions"}],"predecessor-version":[{"id":5807,"href":"https:\/\/wbv-avgm.ch\/fr\/wp-json\/wp\/v2\/pages\/3087\/revisions\/5807"}],"wp:attachment":[{"href":"https:\/\/wbv-avgm.ch\/fr\/wp-json\/wp\/v2\/media?parent=3087"}],"curies":[{"name":"wp","href":"https:\/\/api.w.org\/{rel}","templated":true}]}}