{"id":5149,"date":"2023-08-12T01:15:47","date_gmt":"2023-08-11T23:15:47","guid":{"rendered":"https:\/\/wbv-avgm.ch\/?page_id=5149"},"modified":"2025-12-14T14:21:00","modified_gmt":"2025-12-14T13:21:00","slug":"a-propos-de-nous","status":"publish","type":"page","link":"https:\/\/wbv-avgm.ch\/fr\/a-propos-de-nous\/","title":{"rendered":"\u00c0 propos de nous"},"content":{"rendered":"<div id='grid-top'  class='av-layout-grid-container av-4qkl02-d89373ab50fcdc63cdafc9e803f5dafb entry-content-wrapper main_color av-flex-cells av-break-at-tablet  avia-builder-el-0  el_before_av_section  avia-builder-el-first   container_wrap fullsize'  >\n\n<style type=\"text\/css\" data-created_by=\"avia_inline_auto\" id=\"style-css-av-1urvea-3b90ac55248b3fe16f3a0f8f16102956\">\n.flex_cell.av-1urvea-3b90ac55248b3fe16f3a0f8f16102956{\nvertical-align:middle;\n}\n.responsive #top #wrap_all .flex_cell.av-1urvea-3b90ac55248b3fe16f3a0f8f16102956{\npadding:30px 30px 10px 30px !important;\n}\n<\/style>\n<div class='flex_cell av-1urvea-3b90ac55248b3fe16f3a0f8f16102956 av-gridrow-cell av_one_full no_margin  avia-builder-el-1  avia-builder-el-no-sibling  grid-top-standard content-align-middle'  ><div class='flex_cell_inner'><p>\n<style type=\"text\/css\" data-created_by=\"avia_inline_auto\" id=\"style-css-av-ll6mr0tt-4dbc1b87c715c0a49c8ba073f27b9a7f\">\n#top .av-special-heading.av-ll6mr0tt-4dbc1b87c715c0a49c8ba073f27b9a7f{\npadding-bottom:10px;\n}\nbody .av-special-heading.av-ll6mr0tt-4dbc1b87c715c0a49c8ba073f27b9a7f .av-special-heading-tag .heading-char{\nfont-size:25px;\n}\n.av-special-heading.av-ll6mr0tt-4dbc1b87c715c0a49c8ba073f27b9a7f .av-subheading{\nfont-size:15px;\n}\n<\/style>\n<div  class='av-special-heading av-ll6mr0tt-4dbc1b87c715c0a49c8ba073f27b9a7f av-special-heading-h1 blockquote modern-quote  avia-builder-el-2  el_before_av_textblock  avia-builder-el-first '><h1 class='av-special-heading-tag '  itemprop=\"headline\"  >Portrait WBV-AVGM<\/h1><div class=\"special-heading-border\"><div class=\"special-heading-inner-border\"><\/div><\/div><\/div><br \/>\n<section  class='av_textblock_section av-ll6mug1u-d41fa393e24dc28cd5f5af33740e4fc9 '   itemscope=\"itemscope\" itemtype=\"https:\/\/schema.org\/CreativeWork\" ><div class='avia_textblock textblock-untermenue'  itemprop=\"text\" ><ul>\n<li><a href=\"#comite\">Comit\u00e9<\/a><\/li>\n<li><a href=\"#etat-valais\">Etat du Valais<\/a><\/li>\n<li><a href=\"#ressorts\">Ressorts<\/a><\/li>\n<li><a href=\"#commissions-groupes-travail\">Commissions et groupes de travail<\/a><\/li>\n<li><a href=\"#sections-presidents\">S\u00e9ctions et pr\u00e9sidents<\/a><\/li>\n<\/ul>\n<\/div><\/section><\/p>\n<\/div><\/div>\n<\/div>\n<div id='comite'  class='avia-section av-a4ehz-c536cc8207f5671741de5132c1da613b main_color avia-section-default avia-no-border-styling  avia-builder-el-4  el_after_av_layout_row  el_before_av_section  avia-bg-style-scroll container_wrap fullsize'  ><div class='container av-section-cont-open' ><div class='template-page content  av-content-full alpha units'><div class='post-entry post-entry-type-page post-entry-5149'><div class='entry-content-wrapper clearfix'>\n\n<style type=\"text\/css\" data-created_by=\"avia_inline_auto\" id=\"style-css-av-r55wv-0acfc46e2c65731f42b61afe27e4ad8d\">\n#top .av-special-heading.av-r55wv-0acfc46e2c65731f42b61afe27e4ad8d{\npadding-bottom:10px;\n}\nbody .av-special-heading.av-r55wv-0acfc46e2c65731f42b61afe27e4ad8d .av-special-heading-tag .heading-char{\nfont-size:25px;\n}\n.av-special-heading.av-r55wv-0acfc46e2c65731f42b61afe27e4ad8d .av-subheading{\nfont-size:15px;\n}\n<\/style>\n<div  class='av-special-heading av-r55wv-0acfc46e2c65731f42b61afe27e4ad8d av-special-heading-h2 blockquote modern-quote  avia-builder-el-5  el_before_av_two_third  avia-builder-el-first '><h2 class='av-special-heading-tag '  itemprop=\"headline\"  >Comit\u00e9 AVGM<\/h2><div class=\"special-heading-border\"><div class=\"special-heading-inner-border\"><\/div><\/div><\/div>\n\n<style type=\"text\/css\" data-created_by=\"avia_inline_auto\" id=\"style-css-av-98j4f-cddd9fd0908aea2b5f8874b5c55d4e15\">\n#top .flex_column.av-98j4f-cddd9fd0908aea2b5f8874b5c55d4e15{\nmargin-top:0px;\nmargin-bottom:30px;\n}\n.flex_column.av-98j4f-cddd9fd0908aea2b5f8874b5c55d4e15{\nborder-radius:0px 0px 0px 0px;\npadding:0px 0px 0px 0px;\n}\n.responsive #top #wrap_all .flex_column.av-98j4f-cddd9fd0908aea2b5f8874b5c55d4e15{\nmargin-top:0px;\nmargin-bottom:30px;\n}\n<\/style>\n<div  class='flex_column av-98j4f-cddd9fd0908aea2b5f8874b5c55d4e15 av_two_third  avia-builder-el-6  el_after_av_heading  el_before_av_one_third  first flex_column_div av-zero-column-padding  '     ><section  class='av_textblock_section av-kke1ga6j-2596f03dd223dab0a5c13170f845e09a '   itemscope=\"itemscope\" itemtype=\"https:\/\/schema.org\/CreativeWork\" ><div class='avia_textblock'  itemprop=\"text\" ><p>Le comit\u00e9 est l&rsquo;organe central de l&rsquo;Association valaisanne des guides de montagne. Nous d\u00e9fendons les int\u00e9r\u00eats des membres de l&rsquo;AVGM et sommes les personnes de contact pour toutes les demandes correspondantes de la part des m\u00e9dias et du public.<\/p>\n<\/div><\/section><\/div>\n<style type=\"text\/css\" data-created_by=\"avia_inline_auto\" id=\"style-css-av-98j4f-26-47acb018be0f794da8e19696eb1637e9\">\n#top .flex_column.av-98j4f-26-47acb018be0f794da8e19696eb1637e9{\nmargin-top:0px;\nmargin-bottom:30px;\n}\n.flex_column.av-98j4f-26-47acb018be0f794da8e19696eb1637e9{\nborder-radius:0px 0px 0px 0px;\npadding:0px 0px 0px 0px;\n}\n.responsive #top #wrap_all .flex_column.av-98j4f-26-47acb018be0f794da8e19696eb1637e9{\nmargin-top:0px;\nmargin-bottom:30px;\n}\n<\/style>\n<div  class='flex_column av-98j4f-26-47acb018be0f794da8e19696eb1637e9 av_one_third  avia-builder-el-8  el_after_av_two_third  el_before_av_one_third  flex_column_div av-zero-column-padding  '     ><\/div>\n<style type=\"text\/css\" data-created_by=\"avia_inline_auto\" id=\"style-css-av-q9nr-25-e5a38a6ed0a6d8f8edc0718ddb6116b8\">\n.flex_column.av-q9nr-25-e5a38a6ed0a6d8f8edc0718ddb6116b8{\nborder-radius:0px 0px 0px 0px;\npadding:0px 0px 0px 0px;\n}\n<\/style>\n<div  class='flex_column av-q9nr-25-e5a38a6ed0a6d8f8edc0718ddb6116b8 av_one_third  avia-builder-el-9  el_after_av_one_third  el_before_av_one_third  first flex_column_div av-zero-column-padding  column-top-margin'     ><p>\n<style type=\"text\/css\" data-created_by=\"avia_inline_auto\" id=\"style-css-av-ll6zsr5m-2e35dfdd123515957d178ed7123787d6\">\n.avia-image-container.av-ll6zsr5m-2e35dfdd123515957d178ed7123787d6 img.avia_image{\nbox-shadow:none;\n}\n.avia-image-container.av-ll6zsr5m-2e35dfdd123515957d178ed7123787d6 .av-image-caption-overlay-center{\ncolor:#ffffff;\n}\n<\/style>\n<div  class='avia-image-container av-ll6zsr5m-2e35dfdd123515957d178ed7123787d6 av-styling- av-img-linked avia-align-center  avia-builder-el-10  el_before_av_heading  avia-builder-el-first '   itemprop=\"image\" itemscope=\"itemscope\" itemtype=\"https:\/\/schema.org\/ImageObject\" ><div class=\"avia-image-container-inner\"><div class=\"avia-image-overlay-wrap\"><a href=\"https:\/\/wbv-avgm.ch\/wp-content\/uploads\/longinus-henzen-wbv-avgm.jpg\" data-srcset=\"https:\/\/wbv-avgm.ch\/wp-content\/uploads\/longinus-henzen-wbv-avgm.jpg 1000w, https:\/\/wbv-avgm.ch\/wp-content\/uploads\/longinus-henzen-wbv-avgm-300x200.jpg 300w, https:\/\/wbv-avgm.ch\/wp-content\/uploads\/longinus-henzen-wbv-avgm-768x512.jpg 768w, https:\/\/wbv-avgm.ch\/wp-content\/uploads\/longinus-henzen-wbv-avgm-705x470.jpg 705w\" data-sizes=\"(max-width: 1000px) 100vw, 1000px\" class='avia_image '  aria-label='longinus-henzen-wbv-avgm'><img decoding=\"async\" fetchpriority=\"high\" class='wp-image-5079 avia-img-lazy-loading-not-5079 avia_image ' src=\"https:\/\/wbv-avgm.ch\/wp-content\/uploads\/longinus-henzen-wbv-avgm.jpg\" alt='Longinus Henzen, Vorstandsmitglied WBV-AVGMa' title='longinus-henzen-wbv-avgm'  height=\"667\" width=\"1000\"  itemprop=\"thumbnailUrl\" srcset=\"https:\/\/wbv-avgm.ch\/wp-content\/uploads\/longinus-henzen-wbv-avgm.jpg 1000w, https:\/\/wbv-avgm.ch\/wp-content\/uploads\/longinus-henzen-wbv-avgm-300x200.jpg 300w, https:\/\/wbv-avgm.ch\/wp-content\/uploads\/longinus-henzen-wbv-avgm-768x512.jpg 768w, https:\/\/wbv-avgm.ch\/wp-content\/uploads\/longinus-henzen-wbv-avgm-705x470.jpg 705w\" sizes=\"(max-width: 1000px) 100vw, 1000px\" \/><\/a><\/div><\/div><\/div><br \/>\n\n<style type=\"text\/css\" data-created_by=\"avia_inline_auto\" id=\"style-css-av-kz4q12l1-9738d1fcd6b13d77c469504b2725c37d\">\n#top .av-special-heading.av-kz4q12l1-9738d1fcd6b13d77c469504b2725c37d{\nmargin:-5px 0 0 0;\npadding-bottom:25px;\n}\nbody .av-special-heading.av-kz4q12l1-9738d1fcd6b13d77c469504b2725c37d .av-special-heading-tag .heading-char{\nfont-size:25px;\n}\n.av-special-heading.av-kz4q12l1-9738d1fcd6b13d77c469504b2725c37d .av-subheading{\nfont-size:15px;\n}\n<\/style>\n<div  class='av-special-heading av-kz4q12l1-9738d1fcd6b13d77c469504b2725c37d av-special-heading-h3 blockquote modern-quote modern-centered  avia-builder-el-11  el_after_av_image  el_before_av_buttonrow '><h3 class='av-special-heading-tag '  itemprop=\"headline\"  >Longinus Henzen<\/h3><div class='av-subheading av-subheading_below'><p>Pr\u00e9sident<\/p>\n<\/div><div class=\"special-heading-border\"><div class=\"special-heading-inner-border\"><\/div><\/div><\/div><br \/>\n<div  class='avia-buttonrow-wrap av-m82wv-ef6b7e1a2fa393ab3869f93688dce392 avia-buttonrow-center  avia-builder-el-12  el_after_av_heading  avia-builder-el-last '>\n\n<style type=\"text\/css\" data-created_by=\"avia_inline_auto\" id=\"style-css-av-eeuon-2fce38685b51d21a634b51a7b0f30643\">\n#top #wrap_all .avia-button.av-eeuon-2fce38685b51d21a634b51a7b0f30643{\nmargin-bottom:5px;\nmargin-right:3px;\nmargin-left:3px;\n}\n<\/style>\n<a href='mailto:longinus.henzen@wbv-avgm.ch'  class='avia-button av-eeuon-2fce38685b51d21a634b51a7b0f30643 avia-icon_select-no avia-size-medium avia-color-dark'   aria-label=\"Email\"><span class='avia_iconbox_title' >Email<\/span><\/a>\n\n<style type=\"text\/css\" data-created_by=\"avia_inline_auto\" id=\"style-css-av-6x4t3-4836dd5b40e674ea42b586b66eff6091\">\n#top #wrap_all .avia-button.av-6x4t3-4836dd5b40e674ea42b586b66eff6091{\nmargin-bottom:5px;\nmargin-right:3px;\nmargin-left:3px;\n}\n<\/style>\n<a href='tel:+41797368269'  class='avia-button av-6x4t3-4836dd5b40e674ea42b586b66eff6091 avia-icon_select-no avia-size-medium avia-color-dark'   aria-label=\"+41 79 736 82 69\"><span class='avia_iconbox_title' >+41 79 736 82 69<\/span><\/a>\n<\/div><\/p><\/div>\n<style type=\"text\/css\" data-created_by=\"avia_inline_auto\" id=\"style-css-av-akjqp9-097e20da1dc306a5c93c9b91593c4700\">\n.flex_column.av-akjqp9-097e20da1dc306a5c93c9b91593c4700{\nborder-radius:0px 0px 0px 0px;\npadding:0px 0px 0px 0px;\n}\n<\/style>\n<div  class='flex_column av-akjqp9-097e20da1dc306a5c93c9b91593c4700 av_one_third  avia-builder-el-13  el_after_av_one_third  el_before_av_one_third  flex_column_div av-zero-column-padding  column-top-margin'     ><p>\n<style type=\"text\/css\" data-created_by=\"avia_inline_auto\" id=\"style-css-av-yaw4t-63cabf09029f4b6c2a4523a19a930098\">\n.avia-image-container.av-yaw4t-63cabf09029f4b6c2a4523a19a930098 img.avia_image{\nbox-shadow:none;\n}\n.avia-image-container.av-yaw4t-63cabf09029f4b6c2a4523a19a930098 .av-image-caption-overlay-center{\ncolor:#ffffff;\n}\n<\/style>\n<div  class='avia-image-container av-yaw4t-63cabf09029f4b6c2a4523a19a930098 av-styling- av-img-linked avia-align-center  avia-builder-el-14  el_before_av_heading  avia-builder-el-first '   itemprop=\"image\" itemscope=\"itemscope\" itemtype=\"https:\/\/schema.org\/ImageObject\" ><div class=\"avia-image-container-inner\"><div class=\"avia-image-overlay-wrap\"><a href=\"https:\/\/wbv-avgm.ch\/wp-content\/uploads\/matthias-jordan.jpg\" data-srcset=\"https:\/\/wbv-avgm.ch\/wp-content\/uploads\/matthias-jordan.jpg 1000w, https:\/\/wbv-avgm.ch\/wp-content\/uploads\/matthias-jordan-300x200.jpg 300w, https:\/\/wbv-avgm.ch\/wp-content\/uploads\/matthias-jordan-768x512.jpg 768w, https:\/\/wbv-avgm.ch\/wp-content\/uploads\/matthias-jordan-705x470.jpg 705w\" data-sizes=\"(max-width: 1000px) 100vw, 1000px\" class='avia_image '  aria-label='Matthias Jordan - Membre du comit\u00e9 WBV-AVGM'><img decoding=\"async\" fetchpriority=\"high\" class='wp-image-5465 avia-img-lazy-loading-not-5465 avia_image ' src=\"https:\/\/wbv-avgm.ch\/wp-content\/uploads\/matthias-jordan.jpg\" alt='Matthias Jordan - Membre du comit\u00e9 WBV-AVGM' title='Matthias Jordan - Membre du comit\u00e9 WBV-AVGM'  height=\"667\" width=\"1000\"  itemprop=\"thumbnailUrl\" srcset=\"https:\/\/wbv-avgm.ch\/wp-content\/uploads\/matthias-jordan.jpg 1000w, https:\/\/wbv-avgm.ch\/wp-content\/uploads\/matthias-jordan-300x200.jpg 300w, https:\/\/wbv-avgm.ch\/wp-content\/uploads\/matthias-jordan-768x512.jpg 768w, https:\/\/wbv-avgm.ch\/wp-content\/uploads\/matthias-jordan-705x470.jpg 705w\" sizes=\"(max-width: 1000px) 100vw, 1000px\" \/><\/a><\/div><\/div><\/div><br \/>\n\n<style type=\"text\/css\" data-created_by=\"avia_inline_auto\" id=\"style-css-av-7alcbx-de17b79084cbd873a4188bd0ce8f0eb2\">\n#top .av-special-heading.av-7alcbx-de17b79084cbd873a4188bd0ce8f0eb2{\nmargin:-5px 0 0 0;\npadding-bottom:25px;\n}\nbody .av-special-heading.av-7alcbx-de17b79084cbd873a4188bd0ce8f0eb2 .av-special-heading-tag .heading-char{\nfont-size:25px;\n}\n.av-special-heading.av-7alcbx-de17b79084cbd873a4188bd0ce8f0eb2 .av-subheading{\nfont-size:15px;\n}\n<\/style>\n<div  class='av-special-heading av-7alcbx-de17b79084cbd873a4188bd0ce8f0eb2 av-special-heading-h3 blockquote modern-quote modern-centered  avia-builder-el-15  el_after_av_image  el_before_av_buttonrow '><h3 class='av-special-heading-tag '  itemprop=\"headline\"  >Matthias Jordan<\/h3><div class='av-subheading av-subheading_below'><p>Membre du comit\u00e9<\/p>\n<\/div><div class=\"special-heading-border\"><div class=\"special-heading-inner-border\"><\/div><\/div><\/div><br \/>\n<div  class='avia-buttonrow-wrap av-1ujy5-d06f83247c795885501876808745d24b avia-buttonrow-center  avia-builder-el-16  el_after_av_heading  avia-builder-el-last '>\n\n<style type=\"text\/css\" data-created_by=\"avia_inline_auto\" id=\"style-css-av-3zyxrh-76d10a532c34cc061c3024d0011d24e3\">\n#top #wrap_all .avia-button.av-3zyxrh-76d10a532c34cc061c3024d0011d24e3{\nmargin-bottom:5px;\nmargin-right:3px;\nmargin-left:3px;\n}\n<\/style>\n<a href='mailto:matthias.jordan@wbv-avgm.ch'  class='avia-button av-3zyxrh-76d10a532c34cc061c3024d0011d24e3 avia-icon_select-no avia-size-medium avia-color-dark'   aria-label=\"Email\"><span class='avia_iconbox_title' >Email<\/span><\/a>\n\n<style type=\"text\/css\" data-created_by=\"avia_inline_auto\" id=\"style-css-av-2cyga5-61cc1c796a1c7522da1afa2792937ed4\">\n#top #wrap_all .avia-button.av-2cyga5-61cc1c796a1c7522da1afa2792937ed4{\nmargin-bottom:5px;\nmargin-right:3px;\nmargin-left:3px;\n}\n<\/style>\n<a href='tel:+417957205915'  class='avia-button av-2cyga5-61cc1c796a1c7522da1afa2792937ed4 avia-icon_select-no avia-size-medium avia-color-dark'   aria-label=\"+41 79 5720 59 15\"><span class='avia_iconbox_title' >+41 79 5720 59 15<\/span><\/a>\n<\/div><\/p><\/div>\n<style type=\"text\/css\" data-created_by=\"avia_inline_auto\" id=\"style-css-av-bab61p-ca3325aab026ac1b93d509b0c7427c4f\">\n.flex_column.av-bab61p-ca3325aab026ac1b93d509b0c7427c4f{\nborder-radius:0px 0px 0px 0px;\npadding:0px 0px 0px 0px;\n}\n<\/style>\n<div  class='flex_column av-bab61p-ca3325aab026ac1b93d509b0c7427c4f av_one_third  avia-builder-el-17  el_after_av_one_third  el_before_av_one_third  flex_column_div av-zero-column-padding  column-top-margin'     ><p>\n<style type=\"text\/css\" data-created_by=\"avia_inline_auto\" id=\"style-css-av-9hdf3h-3d063a2938844b2b3de724b979ee9bad\">\n.avia-image-container.av-9hdf3h-3d063a2938844b2b3de724b979ee9bad img.avia_image{\nbox-shadow:none;\n}\n.avia-image-container.av-9hdf3h-3d063a2938844b2b3de724b979ee9bad .av-image-caption-overlay-center{\ncolor:#ffffff;\n}\n<\/style>\n<div  class='avia-image-container av-9hdf3h-3d063a2938844b2b3de724b979ee9bad av-styling- av-img-linked avia-align-center  avia-builder-el-18  el_before_av_heading  avia-builder-el-first '   itemprop=\"image\" itemscope=\"itemscope\" itemtype=\"https:\/\/schema.org\/ImageObject\" ><div class=\"avia-image-container-inner\"><div class=\"avia-image-overlay-wrap\"><a href=\"https:\/\/wbv-avgm.ch\/wp-content\/uploads\/pierre-darbellay-wbm-avgm.jpg\" data-srcset=\"https:\/\/wbv-avgm.ch\/wp-content\/uploads\/pierre-darbellay-wbm-avgm.jpg 1000w, https:\/\/wbv-avgm.ch\/wp-content\/uploads\/pierre-darbellay-wbm-avgm-300x200.jpg 300w, https:\/\/wbv-avgm.ch\/wp-content\/uploads\/pierre-darbellay-wbm-avgm-768x512.jpg 768w, https:\/\/wbv-avgm.ch\/wp-content\/uploads\/pierre-darbellay-wbm-avgm-705x470.jpg 705w\" data-sizes=\"(max-width: 1000px) 100vw, 1000px\" class='avia_image '  aria-label='pierre-darbellay-wbm-avgm'><img decoding=\"async\" fetchpriority=\"high\" class='wp-image-5140 avia-img-lazy-loading-not-5140 avia_image ' src=\"https:\/\/wbv-avgm.ch\/wp-content\/uploads\/pierre-darbellay-wbm-avgm.jpg\" alt='PIerre Darbellay - Vorstandsmitglied WBV-AVGM' title='pierre-darbellay-wbm-avgm'  height=\"667\" width=\"1000\"  itemprop=\"thumbnailUrl\" srcset=\"https:\/\/wbv-avgm.ch\/wp-content\/uploads\/pierre-darbellay-wbm-avgm.jpg 1000w, https:\/\/wbv-avgm.ch\/wp-content\/uploads\/pierre-darbellay-wbm-avgm-300x200.jpg 300w, https:\/\/wbv-avgm.ch\/wp-content\/uploads\/pierre-darbellay-wbm-avgm-768x512.jpg 768w, https:\/\/wbv-avgm.ch\/wp-content\/uploads\/pierre-darbellay-wbm-avgm-705x470.jpg 705w\" sizes=\"(max-width: 1000px) 100vw, 1000px\" \/><\/a><\/div><\/div><\/div><br \/>\n\n<style type=\"text\/css\" data-created_by=\"avia_inline_auto\" id=\"style-css-av-6vmpwd-7a5db29fabb0d6740d69e8c73f6f16ea\">\n#top .av-special-heading.av-6vmpwd-7a5db29fabb0d6740d69e8c73f6f16ea{\nmargin:-5px 0 0 0;\npadding-bottom:25px;\n}\nbody .av-special-heading.av-6vmpwd-7a5db29fabb0d6740d69e8c73f6f16ea .av-special-heading-tag .heading-char{\nfont-size:25px;\n}\n.av-special-heading.av-6vmpwd-7a5db29fabb0d6740d69e8c73f6f16ea .av-subheading{\nfont-size:15px;\n}\n<\/style>\n<div  class='av-special-heading av-6vmpwd-7a5db29fabb0d6740d69e8c73f6f16ea av-special-heading-h3 blockquote modern-quote modern-centered  avia-builder-el-19  el_after_av_image  el_before_av_buttonrow '><h3 class='av-special-heading-tag '  itemprop=\"headline\"  >Pierre Darbellay<\/h3><div class='av-subheading av-subheading_below'><p>Membre du comit\u00e9<\/p>\n<\/div><div class=\"special-heading-border\"><div class=\"special-heading-inner-border\"><\/div><\/div><\/div><br \/>\n<div  class='avia-buttonrow-wrap av-6hzgpp-8b1135ed1c13ed0f080e8846081505fa avia-buttonrow-center  avia-builder-el-20  el_after_av_heading  avia-builder-el-last '>\n\n<style type=\"text\/css\" data-created_by=\"avia_inline_auto\" id=\"style-css-av-3m0yrx-d9f8e97b5b0e7c1f826abfbc4540cfa3\">\n#top #wrap_all .avia-button.av-3m0yrx-d9f8e97b5b0e7c1f826abfbc4540cfa3{\nmargin-bottom:5px;\nmargin-right:3px;\nmargin-left:3px;\n}\n<\/style>\n<a href='mailto:pierre.darbellay@wbv-avgm.ch'  class='avia-button av-3m0yrx-d9f8e97b5b0e7c1f826abfbc4540cfa3 avia-icon_select-no avia-size-medium avia-color-dark'   aria-label=\"Email\"><span class='avia_iconbox_title' >Email<\/span><\/a>\n\n<style type=\"text\/css\" data-created_by=\"avia_inline_auto\" id=\"style-css-av-2en3x9-63f174b469b58309bb627b5e8613027d\">\n#top #wrap_all .avia-button.av-2en3x9-63f174b469b58309bb627b5e8613027d{\nmargin-bottom:5px;\nmargin-right:3px;\nmargin-left:3px;\n}\n<\/style>\n<a href='tel:+41795078489'  class='avia-button av-2en3x9-63f174b469b58309bb627b5e8613027d avia-icon_select-no avia-size-medium avia-color-dark'   aria-label=\"+41 79 507 84 89\"><span class='avia_iconbox_title' >+41 79 507 84 89<\/span><\/a>\n<\/div><\/p><\/div>\n<style type=\"text\/css\" data-created_by=\"avia_inline_auto\" id=\"style-css-av-9quurh-e8ec08aa681f92b285857c28f0f0bbee\">\n.flex_column.av-9quurh-e8ec08aa681f92b285857c28f0f0bbee{\nborder-radius:0px 0px 0px 0px;\npadding:0px 0px 0px 0px;\n}\n<\/style>\n<div  class='flex_column av-9quurh-e8ec08aa681f92b285857c28f0f0bbee av_one_third  avia-builder-el-21  el_after_av_one_third  avia-builder-el-last  flex_column_div av-zero-column-padding  column-top-margin'     ><p>\n<style type=\"text\/css\" data-created_by=\"avia_inline_auto\" id=\"style-css-av-7n60ml-494c9455320f48420aa92f2715f354e7\">\n.avia-image-container.av-7n60ml-494c9455320f48420aa92f2715f354e7 img.avia_image{\nbox-shadow:none;\n}\n.avia-image-container.av-7n60ml-494c9455320f48420aa92f2715f354e7 .av-image-caption-overlay-center{\ncolor:#ffffff;\n}\n<\/style>\n<div  class='avia-image-container av-7n60ml-494c9455320f48420aa92f2715f354e7 av-styling- av-img-linked avia-align-center  avia-builder-el-22  el_before_av_heading  avia-builder-el-first '   itemprop=\"image\" itemscope=\"itemscope\" itemtype=\"https:\/\/schema.org\/ImageObject\" ><div class=\"avia-image-container-inner\"><div class=\"avia-image-overlay-wrap\"><a href=\"https:\/\/wbv-avgm.ch\/wp-content\/uploads\/kilian-julen-wbv-avgm.jpg\" data-srcset=\"https:\/\/wbv-avgm.ch\/wp-content\/uploads\/kilian-julen-wbv-avgm.jpg 1000w, https:\/\/wbv-avgm.ch\/wp-content\/uploads\/kilian-julen-wbv-avgm-300x200.jpg 300w, https:\/\/wbv-avgm.ch\/wp-content\/uploads\/kilian-julen-wbv-avgm-768x512.jpg 768w, https:\/\/wbv-avgm.ch\/wp-content\/uploads\/kilian-julen-wbv-avgm-705x470.jpg 705w\" data-sizes=\"(max-width: 1000px) 100vw, 1000px\" class='avia_image '  aria-label='kilian-julen-wbv-avgm'><img decoding=\"async\" fetchpriority=\"high\" class='wp-image-5781 avia-img-lazy-loading-not-5781 avia_image ' src=\"https:\/\/wbv-avgm.ch\/wp-content\/uploads\/kilian-julen-wbv-avgm.jpg\" alt='Kilian Julen, Vorstandsmitglied WBV-AVGM' title='kilian-julen-wbv-avgm'  height=\"667\" width=\"1000\"  itemprop=\"thumbnailUrl\" srcset=\"https:\/\/wbv-avgm.ch\/wp-content\/uploads\/kilian-julen-wbv-avgm.jpg 1000w, https:\/\/wbv-avgm.ch\/wp-content\/uploads\/kilian-julen-wbv-avgm-300x200.jpg 300w, https:\/\/wbv-avgm.ch\/wp-content\/uploads\/kilian-julen-wbv-avgm-768x512.jpg 768w, https:\/\/wbv-avgm.ch\/wp-content\/uploads\/kilian-julen-wbv-avgm-705x470.jpg 705w\" sizes=\"(max-width: 1000px) 100vw, 1000px\" \/><\/a><\/div><\/div><\/div><br \/>\n\n<style type=\"text\/css\" data-created_by=\"avia_inline_auto\" id=\"style-css-av-m47ee3qe-bc66364399e96f11828b152298c83006\">\n#top .av-special-heading.av-m47ee3qe-bc66364399e96f11828b152298c83006{\nmargin:-5px 0 0 0;\npadding-bottom:25px;\n}\nbody .av-special-heading.av-m47ee3qe-bc66364399e96f11828b152298c83006 .av-special-heading-tag .heading-char{\nfont-size:25px;\n}\n.av-special-heading.av-m47ee3qe-bc66364399e96f11828b152298c83006 .av-subheading{\nfont-size:15px;\n}\n<\/style>\n<div  class='av-special-heading av-m47ee3qe-bc66364399e96f11828b152298c83006 av-special-heading-h3 blockquote modern-quote modern-centered  avia-builder-el-23  el_after_av_image  el_before_av_buttonrow '><h3 class='av-special-heading-tag '  itemprop=\"headline\"  >Kilian Julen<\/h3><div class='av-subheading av-subheading_below'><p>Membre du comit\u00e9<\/p>\n<\/div><div class=\"special-heading-border\"><div class=\"special-heading-inner-border\"><\/div><\/div><\/div><br \/>\n<div  class='avia-buttonrow-wrap av-kn7il-b3cb98df676de10ab7f513faa923ae74 avia-buttonrow-center  avia-builder-el-24  el_after_av_heading  avia-builder-el-last '>\n\n<style type=\"text\/css\" data-created_by=\"avia_inline_auto\" id=\"style-css-av-4oe4zx-67d2864c76d3097ba43f7cc32b6c1f17\">\n#top #wrap_all .avia-button.av-4oe4zx-67d2864c76d3097ba43f7cc32b6c1f17{\nmargin-bottom:5px;\nmargin-right:3px;\nmargin-left:3px;\n}\n<\/style>\n<a href='mailto:kilian.julen@wbv-avgm.ch'  class='avia-button av-4oe4zx-67d2864c76d3097ba43f7cc32b6c1f17 avia-icon_select-no avia-size-medium avia-color-dark'   aria-label=\"Email\"><span class='avia_iconbox_title' >Email<\/span><\/a>\n\n<style type=\"text\/css\" data-created_by=\"avia_inline_auto\" id=\"style-css-av-2uzvwt-dc4e1b048e71fb7b81bc1eeffbac24c6\">\n#top #wrap_all .avia-button.av-2uzvwt-dc4e1b048e71fb7b81bc1eeffbac24c6{\nmargin-bottom:5px;\nmargin-right:3px;\nmargin-left:3px;\n}\n<\/style>\n<a href='tel:+41795386564'  class='avia-button av-2uzvwt-dc4e1b048e71fb7b81bc1eeffbac24c6 avia-icon_select-no avia-size-medium avia-color-dark'   aria-label=\"+41 79 538 65 64\"><span class='avia_iconbox_title' >+41 79 538 65 64<\/span><\/a>\n<\/div><\/p><\/div><\/div><\/div><\/div><!-- close content main div --><\/div><\/div><div id='etat-valais'  class='avia-section av-a4ehz-27-1f75a1628a0307a22a14e72d07b0cecd main_color avia-section-default avia-no-border-styling  avia-builder-el-25  el_after_av_section  el_before_av_section  avia-bg-style-scroll container_wrap fullsize'  ><div class='container av-section-cont-open' ><div class='template-page content  av-content-full alpha units'><div class='post-entry post-entry-type-page post-entry-5149'><div class='entry-content-wrapper clearfix'>\n<div  class='flex_column av-245nw2-5399c3ddc70d1d27be25b59637be254e av_one_full  avia-builder-el-26  el_before_av_one_third  avia-builder-el-first  first flex_column_div  '     ><style type=\"text\/css\" data-created_by=\"avia_inline_auto\" id=\"style-css-av-p1ren-1ab705b1b855424bb72fa89941fed916\">\n#top .av-special-heading.av-p1ren-1ab705b1b855424bb72fa89941fed916{\npadding-bottom:10px;\n}\nbody .av-special-heading.av-p1ren-1ab705b1b855424bb72fa89941fed916 .av-special-heading-tag .heading-char{\nfont-size:25px;\n}\n.av-special-heading.av-p1ren-1ab705b1b855424bb72fa89941fed916 .av-subheading{\nfont-size:15px;\n}\n<\/style>\n<div  class='av-special-heading av-p1ren-1ab705b1b855424bb72fa89941fed916 av-special-heading-h2 blockquote modern-quote  avia-builder-el-27  avia-builder-el-no-sibling '><h2 class='av-special-heading-tag '  itemprop=\"headline\"  >Etat du Valais<\/h2><div class=\"special-heading-border\"><div class=\"special-heading-inner-border\"><\/div><\/div><\/div><\/div>\n<style type=\"text\/css\" data-created_by=\"avia_inline_auto\" id=\"style-css-av-4e5p1e-677d3c2b604c1a9c07212beab4f4888d\">\n.flex_column.av-4e5p1e-677d3c2b604c1a9c07212beab4f4888d{\nborder-radius:0px 0px 0px 0px;\npadding:0px 0px 0px 0px;\n}\n<\/style>\n<div  class='flex_column av-4e5p1e-677d3c2b604c1a9c07212beab4f4888d av_one_third  avia-builder-el-28  el_after_av_one_full  el_before_av_two_third  first flex_column_div av-zero-column-padding  column-top-margin'     ><style type=\"text\/css\" data-created_by=\"avia_inline_auto\" id=\"style-css-av-ll742hxw-d9d9952458ea9e2e1c55146c81b02272\">\n.avia-image-container.av-ll742hxw-d9d9952458ea9e2e1c55146c81b02272 img.avia_image{\nbox-shadow:none;\n}\n.avia-image-container.av-ll742hxw-d9d9952458ea9e2e1c55146c81b02272 .av-image-caption-overlay-center{\ncolor:#ffffff;\n}\n<\/style>\n<div  class='avia-image-container av-ll742hxw-d9d9952458ea9e2e1c55146c81b02272 av-styling- av-img-linked avia-align-center  avia-builder-el-29  avia-builder-el-no-sibling '   itemprop=\"image\" itemscope=\"itemscope\" itemtype=\"https:\/\/schema.org\/ImageObject\" ><div class=\"avia-image-container-inner\"><div class=\"avia-image-overlay-wrap\"><a href=\"https:\/\/wbv-avgm.ch\/wp-content\/uploads\/frederic-la-sala-etat-valais.jpg\" data-srcset=\"https:\/\/wbv-avgm.ch\/wp-content\/uploads\/frederic-la-sala-etat-valais.jpg 1000w, https:\/\/wbv-avgm.ch\/wp-content\/uploads\/frederic-la-sala-etat-valais-300x200.jpg 300w, https:\/\/wbv-avgm.ch\/wp-content\/uploads\/frederic-la-sala-etat-valais-768x512.jpg 768w, https:\/\/wbv-avgm.ch\/wp-content\/uploads\/frederic-la-sala-etat-valais-705x470.jpg 705w\" data-sizes=\"(max-width: 1000px) 100vw, 1000px\" class='avia_image '  aria-label='Fr\u00e9d\u00e9ric La Sala - Etat du Valais'><img decoding=\"async\" fetchpriority=\"high\" class='wp-image-5113 avia-img-lazy-loading-not-5113 avia_image ' src=\"https:\/\/wbv-avgm.ch\/wp-content\/uploads\/frederic-la-sala-etat-valais.jpg\" alt='Fr\u00e9d\u00e9ric La Sala - Etat du Valais' title='Fr\u00e9d\u00e9ric La Sala - Etat du Valais'  height=\"667\" width=\"1000\"  itemprop=\"thumbnailUrl\" srcset=\"https:\/\/wbv-avgm.ch\/wp-content\/uploads\/frederic-la-sala-etat-valais.jpg 1000w, https:\/\/wbv-avgm.ch\/wp-content\/uploads\/frederic-la-sala-etat-valais-300x200.jpg 300w, https:\/\/wbv-avgm.ch\/wp-content\/uploads\/frederic-la-sala-etat-valais-768x512.jpg 768w, https:\/\/wbv-avgm.ch\/wp-content\/uploads\/frederic-la-sala-etat-valais-705x470.jpg 705w\" sizes=\"(max-width: 1000px) 100vw, 1000px\" \/><\/a><\/div><\/div><\/div><\/div>\n<style type=\"text\/css\" data-created_by=\"avia_inline_auto\" id=\"style-css-av-q9nr-1-4466937ad4cea168e157887ca619f7ff\">\n.flex_column.av-q9nr-1-4466937ad4cea168e157887ca619f7ff{\nborder-radius:0px 0px 0px 0px;\npadding:0px 0px 0px 0px;\n}\n<\/style>\n<div  class='flex_column av-q9nr-1-4466937ad4cea168e157887ca619f7ff av_two_third  avia-builder-el-30  el_after_av_one_third  avia-builder-el-last  flex_column_div av-zero-column-padding  column-top-margin'     ><p>\n<style type=\"text\/css\" data-created_by=\"avia_inline_auto\" id=\"style-css-av-kmeold4c-2d2309d39e762637772991d23237c1b1\">\n#top .av-special-heading.av-kmeold4c-2d2309d39e762637772991d23237c1b1{\nmargin:-5px 0 0 0;\npadding-bottom:25px;\n}\nbody .av-special-heading.av-kmeold4c-2d2309d39e762637772991d23237c1b1 .av-special-heading-tag .heading-char{\nfont-size:25px;\n}\n.av-special-heading.av-kmeold4c-2d2309d39e762637772991d23237c1b1 .av-subheading{\nfont-size:15px;\n}\n<\/style>\n<div  class='av-special-heading av-kmeold4c-2d2309d39e762637772991d23237c1b1 av-special-heading-h3 blockquote modern-quote  avia-builder-el-31  el_before_av_textblock  avia-builder-el-first '><h3 class='av-special-heading-tag '  itemprop=\"headline\"  >Fr\u00e9d\u00e9ric La Sala<\/h3><div class=\"special-heading-border\"><div class=\"special-heading-inner-border\"><\/div><\/div><\/div><br \/>\n<section  class='av_textblock_section av-klxmj8k3-f96f2e90d1040eae998d6edb9686c5fa '   itemscope=\"itemscope\" itemtype=\"https:\/\/schema.org\/CreativeWork\" ><div class='avia_textblock'  itemprop=\"text\" ><p style=\"text-align: left;\">Coordinateur\u00a0de la Commission cantonale des guides de montagne et des organisateurs d\u2019autres\u00a0activit\u00e9s \u00e0 risque (CGAR)<br \/>\nD\u00e9partement\u00a0de l\u2019\u00e9conomie et de la formation (DEF)<br \/>\nService de\u00a0l\u2019\u00e9conomie, du tourisme et de l\u2019innovation (SETI)<br \/>\nPalais du\u00a0Gouvernement<br \/>\n1950 Sion<\/p>\n<\/div><\/section><br \/>\n<div  class='avia-buttonrow-wrap av-kke0rh8h-2-02e95fd1c478c866c0a98bb92190bcdf avia-buttonrow-left  avia-builder-el-33  el_after_av_textblock  avia-builder-el-last '>\n\n<style type=\"text\/css\" data-created_by=\"avia_inline_auto\" id=\"style-css-av-h0vpr-d8755ca756ccd2eb73fcf92c8118654f\">\n#top #wrap_all .avia-button.av-h0vpr-d8755ca756ccd2eb73fcf92c8118654f{\nmargin-bottom:5px;\nmargin-right:5px;\n}\n<\/style>\n<a href='mailto:frederic.la-sala@admin.vs.ch'  class='avia-button av-h0vpr-d8755ca756ccd2eb73fcf92c8118654f avia-icon_select-no avia-size-medium avia-color-dark'   aria-label=\"Email\"><span class='avia_iconbox_title' >Email<\/span><\/a>\n\n<style type=\"text\/css\" data-created_by=\"avia_inline_auto\" id=\"style-css-av-6ygnb-624e680448a1294bfdc07da5d9471b7c\">\n#top #wrap_all .avia-button.av-6ygnb-624e680448a1294bfdc07da5d9471b7c{\nmargin-bottom:5px;\nmargin-right:5px;\n}\n<\/style>\n<a href='tel:+41276067385'  class='avia-button av-6ygnb-624e680448a1294bfdc07da5d9471b7c avia-icon_select-no avia-size-medium avia-color-dark'   aria-label=\"+41 27 606 73 85\"><span class='avia_iconbox_title' >+41 27 606 73 85<\/span><\/a>\n<\/div><\/p><\/div>\n<\/p>\n<\/div><\/div><\/div><!-- close content main div --><\/div><\/div><div id='ressorts'  class='avia-section av-83ziea-75ebca239af6c7bb719e01553ad64e8b main_color avia-section-default avia-no-border-styling  avia-builder-el-34  el_after_av_section  el_before_av_section  avia-bg-style-scroll container_wrap fullsize'  ><div class='container av-section-cont-open' ><div class='template-page content  av-content-full alpha units'><div class='post-entry post-entry-type-page post-entry-5149'><div class='entry-content-wrapper clearfix'>\n<div  class='flex_column av-2npytu-2f6ccb2e8e8b4e569f4093325f7b969a av_one_full  avia-builder-el-35  el_before_av_one_third  avia-builder-el-first  first flex_column_div  '     ><style type=\"text\/css\" data-created_by=\"avia_inline_auto\" id=\"style-css-av-5riqsy-1b39968c1e9e3c384da9b6e1fbc620e1\">\n#top .av-special-heading.av-5riqsy-1b39968c1e9e3c384da9b6e1fbc620e1{\npadding-bottom:10px;\n}\nbody .av-special-heading.av-5riqsy-1b39968c1e9e3c384da9b6e1fbc620e1 .av-special-heading-tag .heading-char{\nfont-size:25px;\n}\n.av-special-heading.av-5riqsy-1b39968c1e9e3c384da9b6e1fbc620e1 .av-subheading{\nfont-size:15px;\n}\n<\/style>\n<div  class='av-special-heading av-5riqsy-1b39968c1e9e3c384da9b6e1fbc620e1 av-special-heading-h2 blockquote modern-quote  avia-builder-el-36  avia-builder-el-no-sibling '><h2 class='av-special-heading-tag '  itemprop=\"headline\"  >Ressources externes<\/h2><div class=\"special-heading-border\"><div class=\"special-heading-inner-border\"><\/div><\/div><\/div><\/div>\n<style type=\"text\/css\" data-created_by=\"avia_inline_auto\" id=\"style-css-av-q9nr-22-2d8a8c817355f19961f420191557678f\">\n.flex_column.av-q9nr-22-2d8a8c817355f19961f420191557678f{\nborder-radius:0px 0px 0px 0px;\npadding:0px 0px 0px 0px;\n}\n<\/style>\n<div  class='flex_column av-q9nr-22-2d8a8c817355f19961f420191557678f av_one_third  avia-builder-el-37  el_after_av_one_full  el_before_av_one_third  first flex_column_div av-zero-column-padding  column-top-margin'     ><p>\n<style type=\"text\/css\" data-created_by=\"avia_inline_auto\" id=\"style-css-av-ll76yqzt-92473e17bb56e6bd9bed852fa3f92885\">\n.avia-image-container.av-ll76yqzt-92473e17bb56e6bd9bed852fa3f92885 img.avia_image{\nbox-shadow:none;\n}\n.avia-image-container.av-ll76yqzt-92473e17bb56e6bd9bed852fa3f92885 .av-image-caption-overlay-center{\ncolor:#ffffff;\n}\n<\/style>\n<div  class='avia-image-container av-ll76yqzt-92473e17bb56e6bd9bed852fa3f92885 av-styling- av-img-linked avia-align-center  avia-builder-el-38  el_before_av_heading  avia-builder-el-first '   itemprop=\"image\" itemscope=\"itemscope\" itemtype=\"https:\/\/schema.org\/ImageObject\" ><div class=\"avia-image-container-inner\"><div class=\"avia-image-overlay-wrap\"><a href=\"https:\/\/wbv-avgm.ch\/wp-content\/uploads\/lionel-corboz-wbv-avgm.jpg\" data-srcset=\"https:\/\/wbv-avgm.ch\/wp-content\/uploads\/lionel-corboz-wbv-avgm.jpg 1000w, https:\/\/wbv-avgm.ch\/wp-content\/uploads\/lionel-corboz-wbv-avgm-300x200.jpg 300w, https:\/\/wbv-avgm.ch\/wp-content\/uploads\/lionel-corboz-wbv-avgm-768x512.jpg 768w, https:\/\/wbv-avgm.ch\/wp-content\/uploads\/lionel-corboz-wbv-avgm-705x470.jpg 705w\" data-sizes=\"(max-width: 1000px) 100vw, 1000px\" class='avia_image '  aria-label='lionel-corboz-wbv-avgm'><img decoding=\"async\" fetchpriority=\"high\" class='wp-image-5134 avia-img-lazy-loading-not-5134 avia_image ' src=\"https:\/\/wbv-avgm.ch\/wp-content\/uploads\/lionel-corboz-wbv-avgm.jpg\" alt='Lionel Corboz - Generalseret\u00e4r WBV-AVGM' title='lionel-corboz-wbv-avgm'  height=\"667\" width=\"1000\"  itemprop=\"thumbnailUrl\" srcset=\"https:\/\/wbv-avgm.ch\/wp-content\/uploads\/lionel-corboz-wbv-avgm.jpg 1000w, https:\/\/wbv-avgm.ch\/wp-content\/uploads\/lionel-corboz-wbv-avgm-300x200.jpg 300w, https:\/\/wbv-avgm.ch\/wp-content\/uploads\/lionel-corboz-wbv-avgm-768x512.jpg 768w, https:\/\/wbv-avgm.ch\/wp-content\/uploads\/lionel-corboz-wbv-avgm-705x470.jpg 705w\" sizes=\"(max-width: 1000px) 100vw, 1000px\" \/><\/a><\/div><\/div><\/div><br \/>\n\n<style type=\"text\/css\" data-created_by=\"avia_inline_auto\" id=\"style-css-av-koref-5ab2947870795737c60ab6f90df9ac63\">\n#top .av-special-heading.av-koref-5ab2947870795737c60ab6f90df9ac63{\nmargin:-5px 0 0 0;\npadding-bottom:25px;\n}\nbody .av-special-heading.av-koref-5ab2947870795737c60ab6f90df9ac63 .av-special-heading-tag .heading-char{\nfont-size:25px;\n}\n.av-special-heading.av-koref-5ab2947870795737c60ab6f90df9ac63 .av-subheading{\nfont-size:15px;\n}\n<\/style>\n<div  class='av-special-heading av-koref-5ab2947870795737c60ab6f90df9ac63 av-special-heading-h3 blockquote modern-quote modern-centered  avia-builder-el-39  el_after_av_image  el_before_av_buttonrow '><h3 class='av-special-heading-tag '  itemprop=\"headline\"  >Lionel Corboz<\/h3><div class='av-subheading av-subheading_below'><p>Secr\u00e9taire G\u00e9n\u00e9ral<\/p>\n<\/div><div class=\"special-heading-border\"><div class=\"special-heading-inner-border\"><\/div><\/div><\/div><br \/>\n<div  class='avia-buttonrow-wrap av-kke0rh8h-13-4e2521745248db6c832eda8f350d474d avia-buttonrow-center  avia-builder-el-40  el_after_av_heading  avia-builder-el-last '>\n\n<style type=\"text\/css\" data-created_by=\"avia_inline_auto\" id=\"style-css-av-12fclj-0730b65b1a7b6e81f6235149d6bea413\">\n#top #wrap_all .avia-button.av-12fclj-0730b65b1a7b6e81f6235149d6bea413{\nmargin-bottom:5px;\nmargin-right:3px;\nmargin-left:3px;\n}\n<\/style>\n<a href='mailto:lionel.corboz@wbv-avgm.ch'  class='avia-button av-12fclj-0730b65b1a7b6e81f6235149d6bea413 avia-icon_select-no avia-size-medium avia-color-dark'   aria-label=\"Email\"><span class='avia_iconbox_title' >Email<\/span><\/a>\n\n<style type=\"text\/css\" data-created_by=\"avia_inline_auto\" id=\"style-css-av-ze0n3-4497bd8c636de8c3ec699c684945d409\">\n#top #wrap_all .avia-button.av-ze0n3-4497bd8c636de8c3ec699c684945d409{\nmargin-bottom:5px;\nmargin-right:3px;\nmargin-left:3px;\n}\n<\/style>\n<a href='tel:+41797699311'  class='avia-button av-ze0n3-4497bd8c636de8c3ec699c684945d409 avia-icon_select-no avia-size-medium avia-color-dark'   aria-label=\"+41 79 769 93 11\"><span class='avia_iconbox_title' >+41 79 769 93 11<\/span><\/a>\n<\/div><\/p><\/div>\n<style type=\"text\/css\" data-created_by=\"avia_inline_auto\" id=\"style-css-av-q9nr-10-884506038e746a58d1f1ffba203d5f0b\">\n.flex_column.av-q9nr-10-884506038e746a58d1f1ffba203d5f0b{\nborder-radius:0px 0px 0px 0px;\npadding:0px 0px 0px 0px;\n}\n<\/style>\n<div  class='flex_column av-q9nr-10-884506038e746a58d1f1ffba203d5f0b av_one_third  avia-builder-el-41  el_after_av_one_third  el_before_av_one_third  flex_column_div av-zero-column-padding  column-top-margin'     ><p>\n<style type=\"text\/css\" data-created_by=\"avia_inline_auto\" id=\"style-css-av-ll76zoun-bb6906ad589e83214ab7a6e393077f6c\">\n.avia-image-container.av-ll76zoun-bb6906ad589e83214ab7a6e393077f6c img.avia_image{\nbox-shadow:none;\n}\n.avia-image-container.av-ll76zoun-bb6906ad589e83214ab7a6e393077f6c .av-image-caption-overlay-center{\ncolor:#ffffff;\n}\n<\/style>\n<div  class='avia-image-container av-ll76zoun-bb6906ad589e83214ab7a6e393077f6c av-styling- av-img-linked avia-align-center  avia-builder-el-42  el_before_av_heading  avia-builder-el-first '   itemprop=\"image\" itemscope=\"itemscope\" itemtype=\"https:\/\/schema.org\/ImageObject\" ><div class=\"avia-image-container-inner\"><div class=\"avia-image-overlay-wrap\"><a href=\"https:\/\/wbv-avgm.ch\/wp-content\/uploads\/Bertrand-Gavillet-wbv-avgm.jpg\" data-srcset=\"https:\/\/wbv-avgm.ch\/wp-content\/uploads\/Bertrand-Gavillet-wbv-avgm.jpg 1000w, https:\/\/wbv-avgm.ch\/wp-content\/uploads\/Bertrand-Gavillet-wbv-avgm-300x200.jpg 300w, https:\/\/wbv-avgm.ch\/wp-content\/uploads\/Bertrand-Gavillet-wbv-avgm-768x512.jpg 768w, https:\/\/wbv-avgm.ch\/wp-content\/uploads\/Bertrand-Gavillet-wbv-avgm-705x470.jpg 705w\" data-sizes=\"(max-width: 1000px) 100vw, 1000px\" class='avia_image '  aria-label='Bertrand Gavillet - Caissier WBV-AVGM'><img decoding=\"async\" fetchpriority=\"high\" class='wp-image-5132 avia-img-lazy-loading-not-5132 avia_image ' src=\"https:\/\/wbv-avgm.ch\/wp-content\/uploads\/Bertrand-Gavillet-wbv-avgm.jpg\" alt='Bertrand Gavillet - Caissier WBV-AVGM' title='Bertrand Gavillet - Caissier WBV-AVGM'  height=\"667\" width=\"1000\"  itemprop=\"thumbnailUrl\" srcset=\"https:\/\/wbv-avgm.ch\/wp-content\/uploads\/Bertrand-Gavillet-wbv-avgm.jpg 1000w, https:\/\/wbv-avgm.ch\/wp-content\/uploads\/Bertrand-Gavillet-wbv-avgm-300x200.jpg 300w, https:\/\/wbv-avgm.ch\/wp-content\/uploads\/Bertrand-Gavillet-wbv-avgm-768x512.jpg 768w, https:\/\/wbv-avgm.ch\/wp-content\/uploads\/Bertrand-Gavillet-wbv-avgm-705x470.jpg 705w\" sizes=\"(max-width: 1000px) 100vw, 1000px\" \/><\/a><\/div><\/div><\/div><br \/>\n\n<style type=\"text\/css\" data-created_by=\"avia_inline_auto\" id=\"style-css-av-ebegf-7d3c5fe227be7e895c084ee33da87cb2\">\n#top .av-special-heading.av-ebegf-7d3c5fe227be7e895c084ee33da87cb2{\nmargin:-5px 0 0 0;\npadding-bottom:25px;\n}\nbody .av-special-heading.av-ebegf-7d3c5fe227be7e895c084ee33da87cb2 .av-special-heading-tag .heading-char{\nfont-size:25px;\n}\n.av-special-heading.av-ebegf-7d3c5fe227be7e895c084ee33da87cb2 .av-subheading{\nfont-size:15px;\n}\n<\/style>\n<div  class='av-special-heading av-ebegf-7d3c5fe227be7e895c084ee33da87cb2 av-special-heading-h3 blockquote modern-quote modern-centered  avia-builder-el-43  el_after_av_image  el_before_av_buttonrow '><h3 class='av-special-heading-tag '  itemprop=\"headline\"  >Bertrand Gavillet<\/h3><div class='av-subheading av-subheading_below'><p>Caissier<\/p>\n<\/div><div class=\"special-heading-border\"><div class=\"special-heading-inner-border\"><\/div><\/div><\/div><br \/>\n<div  class='avia-buttonrow-wrap av-kke0rh8h-8-962ad8fa8655ec7265fc884878514442 avia-buttonrow-center  avia-builder-el-44  el_after_av_heading  avia-builder-el-last '>\n\n<style type=\"text\/css\" data-created_by=\"avia_inline_auto\" id=\"style-css-av-2mg4v-5965a07b1d39617fce17c124fa53a4e0\">\n#top #wrap_all .avia-button.av-2mg4v-5965a07b1d39617fce17c124fa53a4e0{\nmargin-bottom:5px;\nmargin-right:3px;\nmargin-left:3px;\n}\n<\/style>\n<a href='mailto:bertrand.gavillet@wbv-avgm.ch'  class='avia-button av-2mg4v-5965a07b1d39617fce17c124fa53a4e0 avia-icon_select-no avia-size-medium avia-color-dark'   aria-label=\"Email\"><span class='avia_iconbox_title' >Email<\/span><\/a>\n\n<style type=\"text\/css\" data-created_by=\"avia_inline_auto\" id=\"style-css-av-lq4b3-3aabf2a3b815b72a761d4374075a37ec\">\n#top #wrap_all .avia-button.av-lq4b3-3aabf2a3b815b72a761d4374075a37ec{\nmargin-bottom:5px;\nmargin-right:3px;\nmargin-left:3px;\n}\n<\/style>\n<a href='tel:+41797949860'  class='avia-button av-lq4b3-3aabf2a3b815b72a761d4374075a37ec avia-icon_select-no avia-size-medium avia-color-dark'   aria-label=\"+41 79 794 98 60\"><span class='avia_iconbox_title' >+41 79 794 98 60<\/span><\/a>\n<\/div><\/p><\/div>\n<style type=\"text\/css\" data-created_by=\"avia_inline_auto\" id=\"style-css-av-q9nr-7-d01209062d481b1c460df9332127d0d4\">\n.flex_column.av-q9nr-7-d01209062d481b1c460df9332127d0d4{\nborder-radius:0px 0px 0px 0px;\npadding:0px 0px 0px 0px;\n}\n<\/style>\n<div  class='flex_column av-q9nr-7-d01209062d481b1c460df9332127d0d4 av_one_third  avia-builder-el-45  el_after_av_one_third  avia-builder-el-last  flex_column_div av-zero-column-padding  column-top-margin'     ><p>\n<style type=\"text\/css\" data-created_by=\"avia_inline_auto\" id=\"style-css-av-ll74ws9c-cae365d8e89e85cc3d482fee0baa0c45\">\n.avia-image-container.av-ll74ws9c-cae365d8e89e85cc3d482fee0baa0c45 img.avia_image{\nbox-shadow:none;\n}\n.avia-image-container.av-ll74ws9c-cae365d8e89e85cc3d482fee0baa0c45 .av-image-caption-overlay-center{\ncolor:#ffffff;\n}\n<\/style>\n<div  class='avia-image-container av-ll74ws9c-cae365d8e89e85cc3d482fee0baa0c45 av-styling- av-img-linked avia-align-center  avia-builder-el-46  el_before_av_heading  avia-builder-el-first '   itemprop=\"image\" itemscope=\"itemscope\" itemtype=\"https:\/\/schema.org\/ImageObject\" ><div class=\"avia-image-container-inner\"><div class=\"avia-image-overlay-wrap\"><a href=\"https:\/\/wbv-avgm.ch\/wp-content\/uploads\/richard-michellod-wbv-avgm.jpg\" data-srcset=\"https:\/\/wbv-avgm.ch\/wp-content\/uploads\/richard-michellod-wbv-avgm.jpg 1000w, https:\/\/wbv-avgm.ch\/wp-content\/uploads\/richard-michellod-wbv-avgm-300x200.jpg 300w, https:\/\/wbv-avgm.ch\/wp-content\/uploads\/richard-michellod-wbv-avgm-768x512.jpg 768w, https:\/\/wbv-avgm.ch\/wp-content\/uploads\/richard-michellod-wbv-avgm-705x470.jpg 705w\" data-sizes=\"(max-width: 1000px) 100vw, 1000px\" class='avia_image '  aria-label='Richard Michellod WBV-AVGM'><img decoding=\"async\" fetchpriority=\"high\" class='wp-image-5519 avia-img-lazy-loading-not-5519 avia_image ' src=\"https:\/\/wbv-avgm.ch\/wp-content\/uploads\/richard-michellod-wbv-avgm.jpg\" alt='Richard Michellod' title='Richard Michellod WBV-AVGM'  height=\"667\" width=\"1000\"  itemprop=\"thumbnailUrl\" srcset=\"https:\/\/wbv-avgm.ch\/wp-content\/uploads\/richard-michellod-wbv-avgm.jpg 1000w, https:\/\/wbv-avgm.ch\/wp-content\/uploads\/richard-michellod-wbv-avgm-300x200.jpg 300w, https:\/\/wbv-avgm.ch\/wp-content\/uploads\/richard-michellod-wbv-avgm-768x512.jpg 768w, https:\/\/wbv-avgm.ch\/wp-content\/uploads\/richard-michellod-wbv-avgm-705x470.jpg 705w\" sizes=\"(max-width: 1000px) 100vw, 1000px\" \/><\/a><\/div><\/div><\/div><br \/>\n\n<style type=\"text\/css\" data-created_by=\"avia_inline_auto\" id=\"style-css-av-6r72n-a13d88f16be4057596c7dc04de366907\">\n#top .av-special-heading.av-6r72n-a13d88f16be4057596c7dc04de366907{\nmargin:-5px 0 0 0;\npadding-bottom:25px;\n}\nbody .av-special-heading.av-6r72n-a13d88f16be4057596c7dc04de366907 .av-special-heading-tag .heading-char{\nfont-size:25px;\n}\n.av-special-heading.av-6r72n-a13d88f16be4057596c7dc04de366907 .av-subheading{\nfont-size:15px;\n}\n<\/style>\n<div  class='av-special-heading av-6r72n-a13d88f16be4057596c7dc04de366907 av-special-heading-h3 blockquote modern-quote modern-centered  avia-builder-el-47  el_after_av_image  el_before_av_buttonrow '><h3 class='av-special-heading-tag '  itemprop=\"headline\"  >Richard Michellod<\/h3><div class='av-subheading av-subheading_below'><p>Chef technique<\/p>\n<\/div><div class=\"special-heading-border\"><div class=\"special-heading-inner-border\"><\/div><\/div><\/div><br \/>\n<div  class='avia-buttonrow-wrap av-kke0rh8h-5-541c9814dac2670216f76ca1d43fc415 avia-buttonrow-center  avia-builder-el-48  el_after_av_heading  avia-builder-el-last '>\n\n<style type=\"text\/css\" data-created_by=\"avia_inline_auto\" id=\"style-css-av-7d5yv-01ccbc49e8f9c58709bc355d3ef7e313\">\n#top #wrap_all .avia-button.av-7d5yv-01ccbc49e8f9c58709bc355d3ef7e313{\nmargin-bottom:5px;\nmargin-right:3px;\nmargin-left:3px;\n}\n<\/style>\n<a href='mailto:richardmichellod@netplus.ch'  class='avia-button av-7d5yv-01ccbc49e8f9c58709bc355d3ef7e313 avia-icon_select-no avia-size-medium avia-color-dark'   aria-label=\"Email\"><span class='avia_iconbox_title' >Email<\/span><\/a>\n\n<style type=\"text\/css\" data-created_by=\"avia_inline_auto\" id=\"style-css-av-9uud3-cbeff1fee9d8508576e5336e0d87d8b2\">\n#top #wrap_all .avia-button.av-9uud3-cbeff1fee9d8508576e5336e0d87d8b2{\nmargin-bottom:5px;\nmargin-right:3px;\nmargin-left:3px;\n}\n<\/style>\n<a href='tel:+41794311607'  class='avia-button av-9uud3-cbeff1fee9d8508576e5336e0d87d8b2 avia-icon_select-no avia-size-medium avia-color-dark'   aria-label=\"+41 79 431 16 07\"><span class='avia_iconbox_title' >+41 79 431 16 07<\/span><\/a>\n<\/div><\/p><\/div>\n\n<\/div><\/div><\/div><!-- close content main div --><\/div><\/div><div id='commissions-groupes-travail'  class='avia-section av-ll72qvbn-9f79574998cf073c19aabd4f3e5727a5 main_color avia-section-small avia-no-border-styling  avia-builder-el-49  el_after_av_section  el_before_av_section  avia-bg-style-scroll container_wrap fullsize'  ><div class='container av-section-cont-open' ><div class='template-page content  av-content-full alpha units'><div class='post-entry post-entry-type-page post-entry-5149'><div class='entry-content-wrapper clearfix'>\n\n<style type=\"text\/css\" data-created_by=\"avia_inline_auto\" id=\"style-css-av-kwhvdu-7c12bb3493307400594bcccef5f98656\">\n#top .av-special-heading.av-kwhvdu-7c12bb3493307400594bcccef5f98656{\npadding-bottom:10px;\n}\nbody .av-special-heading.av-kwhvdu-7c12bb3493307400594bcccef5f98656 .av-special-heading-tag .heading-char{\nfont-size:25px;\n}\n.av-special-heading.av-kwhvdu-7c12bb3493307400594bcccef5f98656 .av-subheading{\nfont-size:15px;\n}\n<\/style>\n<div  class='av-special-heading av-kwhvdu-7c12bb3493307400594bcccef5f98656 av-special-heading-h2 blockquote modern-quote  avia-builder-el-50  el_before_av_two_third  avia-builder-el-first '><h2 class='av-special-heading-tag '  itemprop=\"headline\"  >Commissions et groupes de travail<\/h2><div class=\"special-heading-border\"><div class=\"special-heading-inner-border\"><\/div><\/div><\/div>\n\n<style type=\"text\/css\" data-created_by=\"avia_inline_auto\" id=\"style-css-av-j3l70i-68814be3921a5170de6af4dd3e1bd2a8\">\n.flex_column.av-j3l70i-68814be3921a5170de6af4dd3e1bd2a8{\nborder-radius:0px 0px 0px 0px;\npadding:0px 0px 0px 0px;\n}\n<\/style>\n<div  class='flex_column av-j3l70i-68814be3921a5170de6af4dd3e1bd2a8 av_two_third  avia-builder-el-51  el_after_av_heading  avia-builder-el-last  first flex_column_div av-zero-column-padding  '     ><div  class='togglecontainer av-1k1fcy-b9858844c07fb63a417b9a18b85e3dc1  avia-builder-el-52  avia-builder-el-no-sibling  toogle-with-buttons' >\n<section class='av_toggle_section av-ehlbua-ee5ebb7dc12c177a92c3a5a1a6675c3e'  itemscope=\"itemscope\" itemtype=\"https:\/\/schema.org\/CreativeWork\" ><div role=\"tablist\" class=\"single_toggle\" data-tags=\"{Tout} \"  ><p id='toggle-toggle-id-1' data-fake-id='#toggle-id-1' class='toggler  av-title-above '  itemprop=\"headline\"  role='tab' tabindex='0' aria-controls='toggle-id-1' data-slide-speed=\"200\" data-title=\"Commission normes et standards AVGM\" data-title-open=\"\" data-aria_collapsed=\"Cliquez pour \u00e9tendre : Commission normes et standards AVGM\" data-aria_expanded=\"Cliquez pour r\u00e9duire : Commission normes et standards AVGM\">Commission normes et standards AVGM<span class=\"toggle_icon\"><span class=\"vert_icon\"><\/span><span class=\"hor_icon\"><\/span><\/span><\/p><div id='toggle-id-1' aria-labelledby='toggle-toggle-id-1' role='region' class='toggle_wrap  av-title-above'  ><div class='toggle_content invers-color '  itemprop=\"text\" ><p>Cette commission a \u00e9t\u00e9 officialis\u00e9e en automne 2022 \u00e0 l\u2019assembl\u00e9e des d\u00e9l\u00e9gu\u00e9s de l\u2019 AVGM . Elle est form\u00e9e de 8 guides de montagne professionnels repr\u00e9sentant les diff\u00e9rentes sections et tendances de notre milieu.<\/p>\n<p>Pour infos, remarques ou pour annoncer un \u00e9quipement ou balisage sauvage: <a href=\"mailto:normesetstandards@wbv-avgm.ch\">normesetstandards@wbv-avgm.ch<\/a><\/p>\n<p><strong>Freddy Tscherrig<br \/>\n<\/strong><a href=\"tel:+41797578081\">+41 79 757 80 81<\/a><br \/>\n<a href=\"mailto:fredy.tscherrig@bluewin.ch\">fredy.tscherrig@bluewin.ch<\/a><\/p>\n<p><strong>Simon Passaquay<br \/>\n<\/strong><a href=\"tel:+41798877495\">+41 79 887 74 95<\/a><br \/>\n<a href=\"mailto:simon.passaquay@outlook.com\">simon.passaquay@outlook.com<\/a><\/p>\n<p><strong>Samuel Anthamatten<br \/>\n<\/strong><a href=\"tel:+41792862290\">+41 79 286 22 90<\/a><br \/>\n<a href=\"mailto:samuel@anthamattens.ch\">samuel@anthamattens.ch<\/a><\/p>\n<p><strong>Claude Melly<br \/>\n<\/strong><a href=\"tel:+41794347973\">+41 79 434 79 73<\/a><br \/>\n<a href=\"mailto:mellyc-n@netplus.ch\">mellyc-n@netplus.ch<\/a><\/p>\n<p><strong>Julien Debons<br \/>\n<\/strong><a href=\"tel:+41794087872\">+41 79 408 78 72<\/a><br \/>\n<a href=\"mailto:juliendebons@hotmail.com\">juliendebons@hotmail.com<\/a><\/p>\n<p><strong>Longinus Henzen<br \/>\n<\/strong><a href=\"tel:+41797368269\">+41 79 736 82 69<\/a><br \/>\n<a href=\"mailto:longi@gmx.ch\">longi@gmx.ch<\/a><\/p>\n<p><strong>Daniel Stoffel<br \/>\n<\/strong><a href=\"tel:+41792874671\">+41 79 287 46 71<\/a><br \/>\n<a href=\"mailto:daniel.stoffel@bluemail.ch\">daniel.stoffel@bluemail.ch<\/a><\/p>\n<p><strong>Jonathan Moix<br \/>\n<\/strong><a href=\"tel:+41797368269\">+41 79 408 94 08<\/a><br \/>\n<a href=\"mailto:jonathan.moix@gmail.com\">jonathan.moix@gmail.com<\/a><\/p>\n<p>La mission que s\u2019est donn\u00e9 cette commission est de r\u00e9fl\u00e9chir \u00e0 la mani\u00e8re de g\u00e9rer l\u2019\u00e9quipement et le balisage sur les itin\u00e9raires alpins, de sensibiliser les guides \u00e0 cette th\u00e9matique et susciter une r\u00e9flexion plus g\u00e9n\u00e9rale sur les changements \u00e0 venir pour notre profession. Elle s\u2019inscrit dans une tendance globale au niveau suisse. L\u2019id\u00e9e principale est que toutes ces actions devraient \u00eatre r\u00e9alis\u00e9es apr\u00e8s r\u00e9flexion et concertation des diff\u00e9rents acteurs et que les initiatives individuelles devraient \u00eatre bannies.<\/p>\n<\/div><\/div><\/div><\/section>\n<section class='av_toggle_section av-ehlbua-1-4fe8205bb050d52172794763ed70cadd'  itemscope=\"itemscope\" itemtype=\"https:\/\/schema.org\/CreativeWork\" ><div role=\"tablist\" class=\"single_toggle\" data-tags=\"{Tout} \"  ><p id='toggle-toggle-id-2' data-fake-id='#toggle-id-2' class='toggler  av-title-above '  itemprop=\"headline\"  role='tab' tabindex='0' aria-controls='toggle-id-2' data-slide-speed=\"200\" data-title=\"Groupe de travail pour le r\u00e9\u00e9quipement AVGM\" data-title-open=\"\" data-aria_collapsed=\"Cliquez pour \u00e9tendre : Groupe de travail pour le r\u00e9\u00e9quipement AVGM\" data-aria_expanded=\"Cliquez pour r\u00e9duire : Groupe de travail pour le r\u00e9\u00e9quipement AVGM\">Groupe de travail pour le r\u00e9\u00e9quipement AVGM<span class=\"toggle_icon\"><span class=\"vert_icon\"><\/span><span class=\"hor_icon\"><\/span><\/span><\/p><div id='toggle-id-2' aria-labelledby='toggle-toggle-id-2' role='region' class='toggle_wrap  av-title-above'  ><div class='toggle_content invers-color '  itemprop=\"text\" ><p>Le groupe de travail est form\u00e9 de 3 guides de montagne actifs dans le milieu de l\u2019escalade et de l\u2019\u00e9quipement. Il s\u2019agit actuellement de David Wicky (pr\u00e9sident) pour le valais central, Michael Kimber pour le bas valais et Eric Pointner pour le Haut Valais.<\/p>\n<p>Pour vos observations, remarques, demandes: <a href=\"mailto:sanierung@wbv-avgm.ch\">sanierung@wbv-avgm.ch<\/a><\/p>\n<p><strong>David Wicky<\/strong><br \/>\n<a href=\"tel:+41795758056\">+41 79 575 80 56<\/a><br \/>\n<a href=\"mailto:david@kayou.ch\">david@kayou.ch<\/a><\/p>\n<p><strong>Michael Kimber<\/strong><br \/>\n<a href=\"tel:+41795811661\">+41 79 581 16 61<\/a><br \/>\n<a href=\"mailto:michael.kimber@hotmail.com\">michael.kimber@hotmail.com<\/a><\/p>\n<p><strong>Eric Pointner<\/strong><br \/>\n<a href=\"tel:+41787482255\">+41 78 748 22 55<\/a><br \/>\n<a href=\"mailto:eric.pointner@sunrise.ch\">eric.pointner@sunrise.ch<\/a><\/p>\n<p>Le but de ce groupe de travail est, en collaboration avec les sections locales, la gestion du r\u00e9\u00e9quipement des voies d\u2019escalade de une ou plusieurs longueurs dans des niveaux modestes et l\u2019\u00e9quipement de secteurs offrant aux guides des nouveaux outils de travail. Le rapprochement r\u00e9cent avec l\u2019association <em>Plan Vertical<\/em> simplifie cette mission. Michael Kimber faisant partie des 2 comit\u00e9s, les synergies sont facilit\u00e9es. Dans le Haut-Valais, le groupe de travail collabore avec l\u2019association <em>ReBolting<\/em>.<\/p>\n<\/div><\/div><\/div><\/section>\n<\/div><\/div>\n\n<\/div><\/div><\/div><!-- close content main div --><\/div><\/div><div id='sektionen-praesidentinnen'  class='avia-section av-knrnnm-2b4bdf6a69ccc43b096489183f78792e main_color avia-section-small avia-no-border-styling  avia-builder-el-53  el_after_av_section  avia-builder-el-last  avia-bg-style-scroll container_wrap fullsize'  ><div class='container av-section-cont-open' ><div class='template-page content  av-content-full alpha units'><div class='post-entry post-entry-type-page post-entry-5149'><div class='entry-content-wrapper clearfix'>\n\n<style type=\"text\/css\" data-created_by=\"avia_inline_auto\" id=\"style-css-av-ll6mye2m-bef13ab0c95e7d6804e166acb4c90913\">\n#top .av-special-heading.av-ll6mye2m-bef13ab0c95e7d6804e166acb4c90913{\npadding-bottom:10px;\n}\nbody .av-special-heading.av-ll6mye2m-bef13ab0c95e7d6804e166acb4c90913 .av-special-heading-tag .heading-char{\nfont-size:25px;\n}\n.av-special-heading.av-ll6mye2m-bef13ab0c95e7d6804e166acb4c90913 .av-subheading{\nfont-size:15px;\n}\n<\/style>\n<div  id=\"sections-presidents\"  class='av-special-heading av-ll6mye2m-bef13ab0c95e7d6804e166acb4c90913 av-special-heading-h2 blockquote modern-quote  avia-builder-el-54  el_before_av_two_third  avia-builder-el-first '><h2 class='av-special-heading-tag '  itemprop=\"headline\"  >Sections et pr\u00e9sidents<\/h2><div class=\"special-heading-border\"><div class=\"special-heading-inner-border\"><\/div><\/div><\/div>\n\n<style type=\"text\/css\" data-created_by=\"avia_inline_auto\" id=\"style-css-av-jkw1uq-fe9d88e3a6bb3bb89ffb498f73b73535\">\n.flex_column.av-jkw1uq-fe9d88e3a6bb3bb89ffb498f73b73535{\nborder-radius:0px 0px 0px 0px;\npadding:0px 0px 0px 0px;\n}\n<\/style>\n<div  class='flex_column av-jkw1uq-fe9d88e3a6bb3bb89ffb498f73b73535 av_two_third  avia-builder-el-55  el_after_av_heading  avia-builder-el-last  first flex_column_div av-zero-column-padding  '     ><p><section  class='av_textblock_section av-hfk236-42a42dd6104f044c89fe941fb4820633 '   itemscope=\"itemscope\" itemtype=\"https:\/\/schema.org\/CreativeWork\" ><div class='avia_textblock'  itemprop=\"text\" ><p>Sur les quelques 550 membres de l\u2019Association valaisane des guides de montagne , 450 sont actuellement actifs. Ces guides de montagne sont r\u00e9partis en huit sections : les quatre sections du Bas-Valais : Anniviers, Bas-Valais, H\u00e9rens, Valais-Central et les quatre sections du Haut-Valais : Aletsch-Bietschhorn, Zermatt, Saastal et Rhonetal.<\/p>\n<\/div><\/section><br \/>\n<div  class='togglecontainer av-g4bb8i-e377ef685cd62816eb2996e5632e8464  avia-builder-el-57  el_after_av_textblock  avia-builder-el-last  toogle-with-buttons' >\n<section class='av_toggle_section av-1h6jnm-f76a75ffd83a513478cf04caa4a269f7'  itemscope=\"itemscope\" itemtype=\"https:\/\/schema.org\/CreativeWork\" ><div role=\"tablist\" class=\"single_toggle\" data-tags=\"{Tout} \"  ><p id='toggle-toggle-id-3' data-fake-id='#toggle-id-3' class='toggler  av-title-above '  itemprop=\"headline\"  role='tab' tabindex='0' aria-controls='toggle-id-3' data-slide-speed=\"200\" data-title=\"Section Aletsch-Bietschhorn\" data-title-open=\"\" data-aria_collapsed=\"Cliquez pour \u00e9tendre : Section Aletsch-Bietschhorn\" data-aria_expanded=\"Cliquez pour r\u00e9duire : Section Aletsch-Bietschhorn\">Section Aletsch-Bietschhorn<span class=\"toggle_icon\"><span class=\"vert_icon\"><\/span><span class=\"hor_icon\"><\/span><\/span><\/p><div id='toggle-id-3' aria-labelledby='toggle-toggle-id-3' role='region' class='toggle_wrap  av-title-above'  ><div class='toggle_content invers-color '  itemprop=\"text\" ><p><strong>Hans Bortis,<\/strong> <strong>Fiesch<br \/>\n<\/strong><a href=\"tel:+41794747423\">+41 79 474 74 23<\/a><br \/>\n<a href=\"mailto:hans.bortis@ewcom.ch\">hans.bortis@ewcom.ch<\/a><\/p>\n<\/div><\/div><\/div><\/section>\n<section class='av_toggle_section av-coqsmq-d003c4f2311fce0c9dfdd4deea1bed31'  itemscope=\"itemscope\" itemtype=\"https:\/\/schema.org\/CreativeWork\" ><div role=\"tablist\" class=\"single_toggle\" data-tags=\"{Tout} \"  ><p id='toggle-toggle-id-4' data-fake-id='#toggle-id-4' class='toggler  av-title-above '  itemprop=\"headline\"  role='tab' tabindex='0' aria-controls='toggle-id-4' data-slide-speed=\"200\" data-title=\"Section Anniviers\" data-title-open=\"\" data-aria_collapsed=\"Cliquez pour \u00e9tendre : Section Anniviers\" data-aria_expanded=\"Cliquez pour r\u00e9duire : Section Anniviers\">Section Anniviers<span class=\"toggle_icon\"><span class=\"vert_icon\"><\/span><span class=\"hor_icon\"><\/span><\/span><\/p><div id='toggle-id-4' aria-labelledby='toggle-toggle-id-4' role='region' class='toggle_wrap  av-title-above'  ><div class='toggle_content invers-color '  itemprop=\"text\" ><p><strong>David Wicki, Les Ziettes<\/strong><strong><br \/>\n<\/strong><a href=\"tel:+41795758056\">+41795758056<\/a><br \/>\n<a href=\"mailto:david.wicki@wbv-avgm.ch\">david.wicki@wbv-avgm.ch<\/a><\/p>\n<\/div><\/div><\/div><\/section>\n<section class='av_toggle_section av-azvv6a-2138dbe13e8d7f841ca2513988b7d5c6'  itemscope=\"itemscope\" itemtype=\"https:\/\/schema.org\/CreativeWork\" ><div role=\"tablist\" class=\"single_toggle\" data-tags=\"{Tout} \"  ><p id='toggle-toggle-id-5' data-fake-id='#toggle-id-5' class='toggler  av-title-above '  itemprop=\"headline\"  role='tab' tabindex='0' aria-controls='toggle-id-5' data-slide-speed=\"200\" data-title=\"Section Bas-Valais\" data-title-open=\"\" data-aria_collapsed=\"Cliquez pour \u00e9tendre : Section Bas-Valais\" data-aria_expanded=\"Cliquez pour r\u00e9duire : Section Bas-Valais\">Section Bas-Valais<span class=\"toggle_icon\"><span class=\"vert_icon\"><\/span><span class=\"hor_icon\"><\/span><\/span><\/p><div id='toggle-id-5' aria-labelledby='toggle-toggle-id-5' role='region' class='toggle_wrap  av-title-above'  ><div class='toggle_content invers-color '  itemprop=\"text\" ><p><strong>Antoine Darbellay, Sarrayer<\/strong><br \/>\n<a href=\"tel:+41794396201\">+41 79 701 20 67<\/a><br \/>\n<a href=\"mailto:comiteagmbv@gmail.com\">comiteagmbv@gmail.com<\/a><\/p>\n<\/div><\/div><\/div><\/section>\n<section class='av_toggle_section av-9ih2hu-c2a82aaf8a68f34e8f39793ce561a38e'  itemscope=\"itemscope\" itemtype=\"https:\/\/schema.org\/CreativeWork\" ><div role=\"tablist\" class=\"single_toggle\" data-tags=\"{Tout} \"  ><p id='toggle-toggle-id-6' data-fake-id='#toggle-id-6' class='toggler  av-title-above '  itemprop=\"headline\"  role='tab' tabindex='0' aria-controls='toggle-id-6' data-slide-speed=\"200\" data-title=\"Section H\u00e9rens\" data-title-open=\"\" data-aria_collapsed=\"Cliquez pour \u00e9tendre : Section H\u00e9rens\" data-aria_expanded=\"Cliquez pour r\u00e9duire : Section H\u00e9rens\">Section H\u00e9rens<span class=\"toggle_icon\"><span class=\"vert_icon\"><\/span><span class=\"hor_icon\"><\/span><\/span><\/p><div id='toggle-id-6' aria-labelledby='toggle-toggle-id-6' role='region' class='toggle_wrap  av-title-above'  ><div class='toggle_content invers-color '  itemprop=\"text\" ><p><strong>Antoine Brenzikofer,<\/strong> <strong>Les Haud\u00e8res<br \/>\n<\/strong><a href=\"tel:+41794296189\">+41 79 429 61 89<\/a><br \/>\n<a href=\"mailto:brenzik@gmail.com\">brenzik@gmail.com<\/a><\/p>\n<\/div><\/div><\/div><\/section>\n<section class='av_toggle_section av-767l8y-617f1712b063593dd4e1482934cb284a'  itemscope=\"itemscope\" itemtype=\"https:\/\/schema.org\/CreativeWork\" ><div role=\"tablist\" class=\"single_toggle\" data-tags=\"{Tout} \"  ><p id='toggle-toggle-id-7' data-fake-id='#toggle-id-7' class='toggler  av-title-above '  itemprop=\"headline\"  role='tab' tabindex='0' aria-controls='toggle-id-7' data-slide-speed=\"200\" data-title=\"Section Rhonetal\" data-title-open=\"\" data-aria_collapsed=\"Cliquez pour \u00e9tendre : Section Rhonetal\" data-aria_expanded=\"Cliquez pour r\u00e9duire : Section Rhonetal\">Section Rhonetal<span class=\"toggle_icon\"><span class=\"vert_icon\"><\/span><span class=\"hor_icon\"><\/span><\/span><\/p><div id='toggle-id-7' aria-labelledby='toggle-toggle-id-7' role='region' class='toggle_wrap  av-title-above'  ><div class='toggle_content invers-color '  itemprop=\"text\" ><p><strong>Johannes Andenmatten,<\/strong> <strong>Visp<br \/>\n<\/strong><a href=\"tel:+41796400821\">+41 79 640 08 21<\/a><br \/>\n<a href=\"mailto:guide@johannesandenmatten.ch\">guide@johannesandenmatten.ch<\/a><\/p>\n<\/div><\/div><\/div><\/section>\n<section class='av_toggle_section av-560cpu-e314c273bf536efe6cdc2cf6c702da0a'  itemscope=\"itemscope\" itemtype=\"https:\/\/schema.org\/CreativeWork\" ><div role=\"tablist\" class=\"single_toggle\" data-tags=\"{Tout} \"  ><p id='toggle-toggle-id-8' data-fake-id='#toggle-id-8' class='toggler  av-title-above '  itemprop=\"headline\"  role='tab' tabindex='0' aria-controls='toggle-id-8' data-slide-speed=\"200\" data-title=\"Section Saastal\" data-title-open=\"\" data-aria_collapsed=\"Cliquez pour \u00e9tendre : Section Saastal\" data-aria_expanded=\"Cliquez pour r\u00e9duire : Section Saastal\">Section Saastal<span class=\"toggle_icon\"><span class=\"vert_icon\"><\/span><span class=\"hor_icon\"><\/span><\/span><\/p><div id='toggle-id-8' aria-labelledby='toggle-toggle-id-8' role='region' class='toggle_wrap  av-title-above'  ><div class='toggle_content invers-color '  itemprop=\"text\" ><p><strong>Samuel Zurbriggen,<\/strong> <strong>Naters<br \/>\n<\/strong><a href=\"tel:+41795811633\">+41 79 581 16 33<\/a><br \/>\n<a href=\"mailto:saemi_z@hotmail.com\">saemi_z@hotmail.com<\/a><\/p>\n<\/div><\/div><\/div><\/section>\n<section class='av_toggle_section av-4mreqa-8486147fdcdba5c4a92d57c2600d3f27'  itemscope=\"itemscope\" itemtype=\"https:\/\/schema.org\/CreativeWork\" ><div role=\"tablist\" class=\"single_toggle\" data-tags=\"{Tout} \"  ><p id='toggle-toggle-id-9' data-fake-id='#toggle-id-9' class='toggler  av-title-above '  itemprop=\"headline\"  role='tab' tabindex='0' aria-controls='toggle-id-9' data-slide-speed=\"200\" data-title=\"Section Valais-Central\" data-title-open=\"\" data-aria_collapsed=\"Cliquez pour \u00e9tendre : Section Valais-Central\" data-aria_expanded=\"Cliquez pour r\u00e9duire : Section Valais-Central\">Section Valais-Central<span class=\"toggle_icon\"><span class=\"vert_icon\"><\/span><span class=\"hor_icon\"><\/span><\/span><\/p><div id='toggle-id-9' aria-labelledby='toggle-toggle-id-9' role='region' class='toggle_wrap  av-title-above'  ><div class='toggle_content invers-color '  itemprop=\"text\" ><p><strong>Romain Wuilloud, Arabz<br \/>\n<\/strong><a href=\"tel:+41796354474\">+41 79 635 44 74<\/a><br \/>\n<a href=\"mailto:romain.wuilloud@hotmail.ch\">romain.wuilloud@hotmail.ch<\/a><\/p>\n<\/div><\/div><\/div><\/section>\n<section class='av_toggle_section av-23e88i-18199dd2038ec5632c32f80e916f87f9'  itemscope=\"itemscope\" itemtype=\"https:\/\/schema.org\/CreativeWork\" ><div role=\"tablist\" class=\"single_toggle\" data-tags=\"{Tout} \"  ><p id='toggle-toggle-id-10' data-fake-id='#toggle-id-10' class='toggler  av-title-above '  itemprop=\"headline\"  role='tab' tabindex='0' aria-controls='toggle-id-10' data-slide-speed=\"200\" data-title=\"Section Zermatt\" data-title-open=\"\" data-aria_collapsed=\"Cliquez pour \u00e9tendre : Section Zermatt\" data-aria_expanded=\"Cliquez pour r\u00e9duire : Section Zermatt\">Section Zermatt<span class=\"toggle_icon\"><span class=\"vert_icon\"><\/span><span class=\"hor_icon\"><\/span><\/span><\/p><div id='toggle-id-10' aria-labelledby='toggle-toggle-id-10' role='region' class='toggle_wrap  av-title-above'  ><div class='toggle_content invers-color '  itemprop=\"text\" ><p><strong>Denis Gruber,<\/strong> <strong>Zermatt<br \/>\n<\/strong><a href=\"tel:+41764993132\">+41 76 499 31 32<\/a><br \/>\n<a href=\"mailto:denis.gruber@gmx.ch\">denis.gruber@gmx.ch<\/a><\/p>\n<\/div><\/div><\/div><\/section>\n<\/div><\/p><\/div>\n\n","protected":false},"excerpt":{"rendered":"","protected":false},"author":2,"featured_media":0,"parent":0,"menu_order":14,"comment_status":"closed","ping_status":"closed","template":"","meta":{"footnotes":"","_links_to":"","_links_to_target":""},"class_list":["post-5149","page","type-page","status-publish","hentry"],"yoast_head":"<!-- This site is optimized with the Yoast SEO plugin v27.5 - https:\/\/yoast.com\/product\/yoast-seo-wordpress\/ -->\n<title>\u00c0 propos de nous - Walliser Bergf\u00fchrerverband<\/title>\n<meta name=\"robots\" content=\"index, follow, max-snippet:-1, max-image-preview:large, max-video-preview:-1\" \/>\n<link rel=\"canonical\" href=\"https:\/\/wbv-avgm.ch\/fr\/a-propos-de-nous\/\" \/>\n<meta property=\"og:locale\" content=\"fr_FR\" \/>\n<meta property=\"og:type\" content=\"article\" \/>\n<meta property=\"og:title\" content=\"\u00c0 propos de nous - Walliser Bergf\u00fchrerverband\" \/>\n<meta property=\"og:url\" content=\"https:\/\/wbv-avgm.ch\/fr\/a-propos-de-nous\/\" \/>\n<meta property=\"og:site_name\" content=\"Walliser Bergf\u00fchrerverband\" \/>\n<meta property=\"article:modified_time\" content=\"2025-12-14T13:21:00+00:00\" \/>\n<meta name=\"twitter:card\" content=\"summary_large_image\" \/>\n<meta name=\"twitter:label1\" content=\"Dur\u00e9e de lecture estim\u00e9e\" \/>\n\t<meta name=\"twitter:data1\" content=\"6 minutes\" \/>\n<script type=\"application\/ld+json\" class=\"yoast-schema-graph\">{\"@context\":\"https:\\\/\\\/schema.org\",\"@graph\":[{\"@type\":\"WebPage\",\"@id\":\"https:\\\/\\\/wbv-avgm.ch\\\/fr\\\/a-propos-de-nous\\\/\",\"url\":\"https:\\\/\\\/wbv-avgm.ch\\\/fr\\\/a-propos-de-nous\\\/\",\"name\":\"\u00c0 propos de nous - Walliser Bergf\u00fchrerverband\",\"isPartOf\":{\"@id\":\"https:\\\/\\\/wbv-avgm.ch\\\/fr\\\/#website\"},\"datePublished\":\"2023-08-11T23:15:47+00:00\",\"dateModified\":\"2025-12-14T13:21:00+00:00\",\"breadcrumb\":{\"@id\":\"https:\\\/\\\/wbv-avgm.ch\\\/fr\\\/a-propos-de-nous\\\/#breadcrumb\"},\"inLanguage\":\"fr-FR\",\"potentialAction\":[{\"@type\":\"ReadAction\",\"target\":[\"https:\\\/\\\/wbv-avgm.ch\\\/fr\\\/a-propos-de-nous\\\/\"]}]},{\"@type\":\"BreadcrumbList\",\"@id\":\"https:\\\/\\\/wbv-avgm.ch\\\/fr\\\/a-propos-de-nous\\\/#breadcrumb\",\"itemListElement\":[{\"@type\":\"ListItem\",\"position\":1,\"name\":\"Startseite\",\"item\":\"https:\\\/\\\/wbv-avgm.ch\\\/fr\\\/\"},{\"@type\":\"ListItem\",\"position\":2,\"name\":\"\u00c0 propos de nous\"}]},{\"@type\":\"WebSite\",\"@id\":\"https:\\\/\\\/wbv-avgm.ch\\\/fr\\\/#website\",\"url\":\"https:\\\/\\\/wbv-avgm.ch\\\/fr\\\/\",\"name\":\"Walliser Bergf\u00fchrerverband\",\"description\":\"Bergf\u00fchrer Wallis Schweiz\",\"publisher\":{\"@id\":\"https:\\\/\\\/wbv-avgm.ch\\\/fr\\\/#organization\"},\"potentialAction\":[{\"@type\":\"SearchAction\",\"target\":{\"@type\":\"EntryPoint\",\"urlTemplate\":\"https:\\\/\\\/wbv-avgm.ch\\\/fr\\\/?s={search_term_string}\"},\"query-input\":{\"@type\":\"PropertyValueSpecification\",\"valueRequired\":true,\"valueName\":\"search_term_string\"}}],\"inLanguage\":\"fr-FR\"},{\"@type\":\"Organization\",\"@id\":\"https:\\\/\\\/wbv-avgm.ch\\\/fr\\\/#organization\",\"name\":\"Walliser Bergf\u00fchrerverband\",\"url\":\"https:\\\/\\\/wbv-avgm.ch\\\/fr\\\/\",\"logo\":{\"@type\":\"ImageObject\",\"inLanguage\":\"fr-FR\",\"@id\":\"https:\\\/\\\/wbv-avgm.ch\\\/fr\\\/#\\\/schema\\\/logo\\\/image\\\/\",\"url\":\"https:\\\/\\\/wbv-avgm.ch\\\/wp-content\\\/uploads\\\/logo-wbv-avgm-rot-mit-initialen.svg\",\"contentUrl\":\"https:\\\/\\\/wbv-avgm.ch\\\/wp-content\\\/uploads\\\/logo-wbv-avgm-rot-mit-initialen.svg\",\"width\":290,\"height\":289,\"caption\":\"Walliser Bergf\u00fchrerverband\"},\"image\":{\"@id\":\"https:\\\/\\\/wbv-avgm.ch\\\/fr\\\/#\\\/schema\\\/logo\\\/image\\\/\"}}]}<\/script>\n<!-- \/ Yoast SEO plugin. -->","yoast_head_json":{"title":"\u00c0 propos de nous - Walliser Bergf\u00fchrerverband","robots":{"index":"index","follow":"follow","max-snippet":"max-snippet:-1","max-image-preview":"max-image-preview:large","max-video-preview":"max-video-preview:-1"},"canonical":"https:\/\/wbv-avgm.ch\/fr\/a-propos-de-nous\/","og_locale":"fr_FR","og_type":"article","og_title":"\u00c0 propos de nous - Walliser Bergf\u00fchrerverband","og_url":"https:\/\/wbv-avgm.ch\/fr\/a-propos-de-nous\/","og_site_name":"Walliser Bergf\u00fchrerverband","article_modified_time":"2025-12-14T13:21:00+00:00","twitter_card":"summary_large_image","twitter_misc":{"Dur\u00e9e de lecture estim\u00e9e":"6 minutes"},"schema":{"@context":"https:\/\/schema.org","@graph":[{"@type":"WebPage","@id":"https:\/\/wbv-avgm.ch\/fr\/a-propos-de-nous\/","url":"https:\/\/wbv-avgm.ch\/fr\/a-propos-de-nous\/","name":"\u00c0 propos de nous - Walliser Bergf\u00fchrerverband","isPartOf":{"@id":"https:\/\/wbv-avgm.ch\/fr\/#website"},"datePublished":"2023-08-11T23:15:47+00:00","dateModified":"2025-12-14T13:21:00+00:00","breadcrumb":{"@id":"https:\/\/wbv-avgm.ch\/fr\/a-propos-de-nous\/#breadcrumb"},"inLanguage":"fr-FR","potentialAction":[{"@type":"ReadAction","target":["https:\/\/wbv-avgm.ch\/fr\/a-propos-de-nous\/"]}]},{"@type":"BreadcrumbList","@id":"https:\/\/wbv-avgm.ch\/fr\/a-propos-de-nous\/#breadcrumb","itemListElement":[{"@type":"ListItem","position":1,"name":"Startseite","item":"https:\/\/wbv-avgm.ch\/fr\/"},{"@type":"ListItem","position":2,"name":"\u00c0 propos de nous"}]},{"@type":"WebSite","@id":"https:\/\/wbv-avgm.ch\/fr\/#website","url":"https:\/\/wbv-avgm.ch\/fr\/","name":"Walliser Bergf\u00fchrerverband","description":"Bergf\u00fchrer Wallis Schweiz","publisher":{"@id":"https:\/\/wbv-avgm.ch\/fr\/#organization"},"potentialAction":[{"@type":"SearchAction","target":{"@type":"EntryPoint","urlTemplate":"https:\/\/wbv-avgm.ch\/fr\/?s={search_term_string}"},"query-input":{"@type":"PropertyValueSpecification","valueRequired":true,"valueName":"search_term_string"}}],"inLanguage":"fr-FR"},{"@type":"Organization","@id":"https:\/\/wbv-avgm.ch\/fr\/#organization","name":"Walliser Bergf\u00fchrerverband","url":"https:\/\/wbv-avgm.ch\/fr\/","logo":{"@type":"ImageObject","inLanguage":"fr-FR","@id":"https:\/\/wbv-avgm.ch\/fr\/#\/schema\/logo\/image\/","url":"https:\/\/wbv-avgm.ch\/wp-content\/uploads\/logo-wbv-avgm-rot-mit-initialen.svg","contentUrl":"https:\/\/wbv-avgm.ch\/wp-content\/uploads\/logo-wbv-avgm-rot-mit-initialen.svg","width":290,"height":289,"caption":"Walliser Bergf\u00fchrerverband"},"image":{"@id":"https:\/\/wbv-avgm.ch\/fr\/#\/schema\/logo\/image\/"}}]}},"_links":{"self":[{"href":"https:\/\/wbv-avgm.ch\/fr\/wp-json\/wp\/v2\/pages\/5149","targetHints":{"allow":["GET"]}}],"collection":[{"href":"https:\/\/wbv-avgm.ch\/fr\/wp-json\/wp\/v2\/pages"}],"about":[{"href":"https:\/\/wbv-avgm.ch\/fr\/wp-json\/wp\/v2\/types\/page"}],"author":[{"embeddable":true,"href":"https:\/\/wbv-avgm.ch\/fr\/wp-json\/wp\/v2\/users\/2"}],"replies":[{"embeddable":true,"href":"https:\/\/wbv-avgm.ch\/fr\/wp-json\/wp\/v2\/comments?post=5149"}],"version-history":[{"count":39,"href":"https:\/\/wbv-avgm.ch\/fr\/wp-json\/wp\/v2\/pages\/5149\/revisions"}],"predecessor-version":[{"id":5896,"href":"https:\/\/wbv-avgm.ch\/fr\/wp-json\/wp\/v2\/pages\/5149\/revisions\/5896"}],"wp:attachment":[{"href":"https:\/\/wbv-avgm.ch\/fr\/wp-json\/wp\/v2\/media?parent=5149"}],"curies":[{"name":"wp","href":"https:\/\/api.w.org\/{rel}","templated":true}]}}